{"id":975,"date":"2022-07-09T17:41:39","date_gmt":"2022-07-09T15:41:39","guid":{"rendered":"http:\/\/changementsocialbenin.com\/?page_id=975"},"modified":"2022-12-19T08:54:15","modified_gmt":"2022-12-19T07:54:15","slug":"justice-penale-promotion-des-mesures-alternatives-a-la-detention-en-republique-du-benin","status":"publish","type":"page","link":"https:\/\/changementsocialbenin.org\/index.php\/justice-penale-promotion-des-mesures-alternatives-a-la-detention-en-republique-du-benin\/","title":{"rendered":"Justice p\u00e9nale : Promotion des mesures alternatives \u00e0 la d\u00e9tention en R\u00e9publique du B\u00e9nin"},"content":{"rendered":"\t\t<div data-elementor-type=\"wp-page\" data-elementor-id=\"975\" class=\"elementor elementor-975\" data-elementor-settings=\"{&quot;ha_cmc_init_switcher&quot;:&quot;no&quot;}\" data-elementor-post-type=\"page\">\n\t\t\t\t\t\t<section class=\"elementor-section elementor-top-section elementor-element elementor-element-74901cfe elementor-section-full_width elementor-section-height-default elementor-section-height-default wpr-particle-no wpr-jarallax-no wpr-parallax-no wpr-sticky-section-no\" data-id=\"74901cfe\" data-element_type=\"section\" data-settings=\"{&quot;background_background&quot;:&quot;classic&quot;,&quot;background_motion_fx_motion_fx_scrolling&quot;:&quot;yes&quot;,&quot;background_motion_fx_translateY_effect&quot;:&quot;yes&quot;,&quot;background_motion_fx_translateY_speed&quot;:{&quot;unit&quot;:&quot;px&quot;,&quot;size&quot;:3.8999999999999999,&quot;sizes&quot;:[]},&quot;background_motion_fx_translateY_affectedRange&quot;:{&quot;unit&quot;:&quot;%&quot;,&quot;size&quot;:&quot;&quot;,&quot;sizes&quot;:{&quot;start&quot;:0,&quot;end&quot;:100}},&quot;background_motion_fx_devices&quot;:[&quot;desktop&quot;,&quot;tablet&quot;,&quot;mobile&quot;],&quot;_ha_eqh_enable&quot;:false}\">\n\t\t\t\t\t\t<div class=\"elementor-container elementor-column-gap-default\">\n\t\t\t\t\t<div class=\"elementor-column elementor-col-100 elementor-top-column elementor-element elementor-element-36c66f94\" data-id=\"36c66f94\" data-element_type=\"column\">\n\t\t\t<div class=\"elementor-widget-wrap elementor-element-populated\">\n\t\t\t\t\t\t<div class=\"elementor-element elementor-element-5b4b0cbe elementor-widget elementor-widget-heading\" data-id=\"5b4b0cbe\" data-element_type=\"widget\" data-widget_type=\"heading.default\">\n\t\t\t\t<div class=\"elementor-widget-container\">\n\t\t\t\t\t<h2 class=\"elementor-heading-title elementor-size-default\">Justice p\u00e9nale : Promotion des mesures alternatives \u00e0 la d\u00e9tention en R\u00e9publique du B\u00e9nin<\/h2>\t\t\t\t<\/div>\n\t\t\t\t<\/div>\n\t\t\t\t\t<\/div>\n\t\t<\/div>\n\t\t\t\t\t<\/div>\n\t\t<\/section>\n\t\t\t\t<section class=\"elementor-section elementor-top-section elementor-element elementor-element-2651bb0c elementor-section-boxed elementor-section-height-default elementor-section-height-default wpr-particle-no wpr-jarallax-no wpr-parallax-no wpr-sticky-section-no\" data-id=\"2651bb0c\" data-element_type=\"section\" data-settings=\"{&quot;_ha_eqh_enable&quot;:false}\">\n\t\t\t\t\t\t<div class=\"elementor-container elementor-column-gap-default\">\n\t\t\t\t\t<div class=\"elementor-column elementor-col-100 elementor-top-column elementor-element elementor-element-45e6931a\" data-id=\"45e6931a\" data-element_type=\"column\">\n\t\t\t<div class=\"elementor-widget-wrap elementor-element-populated\">\n\t\t\t\t\t\t<section class=\"elementor-section elementor-inner-section elementor-element elementor-element-1b64b99d elementor-section-boxed elementor-section-height-default elementor-section-height-default wpr-particle-no wpr-jarallax-no wpr-parallax-no wpr-sticky-section-no\" data-id=\"1b64b99d\" data-element_type=\"section\" data-settings=\"{&quot;background_background&quot;:&quot;classic&quot;,&quot;_ha_eqh_enable&quot;:false}\">\n\t\t\t\t\t\t<div class=\"elementor-container elementor-column-gap-default\">\n\t\t\t\t\t<div class=\"elementor-column elementor-col-50 elementor-inner-column elementor-element elementor-element-51ee14fb\" data-id=\"51ee14fb\" data-element_type=\"column\">\n\t\t\t<div class=\"elementor-widget-wrap elementor-element-populated\">\n\t\t\t\t\t\t<div class=\"elementor-element elementor-element-97c90e3 elementor-widget elementor-widget-image\" data-id=\"97c90e3\" data-element_type=\"widget\" data-widget_type=\"image.default\">\n\t\t\t\t<div class=\"elementor-widget-container\">\n\t\t\t\t\t\t\t\t\t\t\t\t\t\t\t<img fetchpriority=\"high\" decoding=\"async\" width=\"756\" height=\"756\" src=\"https:\/\/changementsocialbenin.org\/wp-content\/uploads\/2022\/07\/cropped-WhatsApp-Image-2021-09-24-at-20.02.15-1.jpeg\" class=\"attachment-large size-large wp-image-989\" alt=\"\" srcset=\"https:\/\/changementsocialbenin.org\/wp-content\/uploads\/2022\/07\/cropped-WhatsApp-Image-2021-09-24-at-20.02.15-1.jpeg 756w, https:\/\/changementsocialbenin.org\/wp-content\/uploads\/2022\/07\/cropped-WhatsApp-Image-2021-09-24-at-20.02.15-1-300x300.jpeg 300w, https:\/\/changementsocialbenin.org\/wp-content\/uploads\/2022\/07\/cropped-WhatsApp-Image-2021-09-24-at-20.02.15-1-150x150.jpeg 150w\" sizes=\"(max-width: 756px) 100vw, 756px\" \/>\t\t\t\t\t\t\t\t\t\t\t\t\t\t\t<\/div>\n\t\t\t\t<\/div>\n\t\t\t\t\t<\/div>\n\t\t<\/div>\n\t\t\t\t<div class=\"elementor-column elementor-col-50 elementor-inner-column elementor-element elementor-element-47d09770\" data-id=\"47d09770\" data-element_type=\"column\">\n\t\t\t<div class=\"elementor-widget-wrap elementor-element-populated\">\n\t\t\t\t\t\t<div class=\"elementor-element elementor-element-2c67d24 elementor-widget elementor-widget-heading\" data-id=\"2c67d24\" data-element_type=\"widget\" data-widget_type=\"heading.default\">\n\t\t\t\t<div class=\"elementor-widget-container\">\n\t\t\t\t\t<h2 class=\"elementor-heading-title elementor-size-default\">Justice p\u00e9nale : Promotion des mesures alternatives \u00e0 la d\u00e9tention en R\u00e9publique du B\u00e9nin<\/h2>\t\t\t\t<\/div>\n\t\t\t\t<\/div>\n\t\t\t\t<div class=\"elementor-element elementor-element-667afa1f elementor-widget elementor-widget-text-editor\" data-id=\"667afa1f\" data-element_type=\"widget\" data-widget_type=\"text-editor.default\">\n\t\t\t\t<div class=\"elementor-widget-container\">\n\t\t\t\t\t\t\t\t\t<p>En vue de comprendre au mieux le ph\u00e9nom\u00e8ne de la surpopulation carc\u00e9rale, dans le cadre du projet\u00a0<strong>\u00ab\u00a0Plaidoyer pour une application effective des peines alternatives \u00e0 l\u2019emprisonnement pour infractions mineures en R\u00e9publique du B\u00e9nin\u00a0\u00bb,<\/strong>\u00a0l\u2019ONG Changement Social B\u00e9nin (CSB) a men\u00e9 en 2019, une \u00e9tude sur le r\u00e9gime de sanctions p\u00e9nales appliqu\u00e9 aux infractions mineures en R\u00e9publique du B\u00e9nin. \u00c0 la lumi\u00e8re de cette \u00e9tude, il est ressorti que le recours syst\u00e9matique aux peines d\u2019emprisonnement pour infractions dites mineures contribue consid\u00e9rablement \u00e0 la surpopulation carc\u00e9rale.\u00a0<em>Ab initio<\/em>, Changement Social B\u00e9nin avait identifi\u00e9 les peines alternatives \u00e0 l\u2019emprisonnement comme le moyen le plus \u00e0 m\u00eame de r\u00e9duire la surpopulation carc\u00e9rale.<\/p><p>\u00a0<\/p>\t\t\t\t\t\t\t\t<\/div>\n\t\t\t\t<\/div>\n\t\t\t\t\t<\/div>\n\t\t<\/div>\n\t\t\t\t\t<\/div>\n\t\t<\/section>\n\t\t\t\t<section class=\"elementor-section elementor-inner-section elementor-element elementor-element-603d4e0 elementor-section-boxed elementor-section-height-default elementor-section-height-default wpr-particle-no wpr-jarallax-no wpr-parallax-no wpr-sticky-section-no\" data-id=\"603d4e0\" data-element_type=\"section\" data-settings=\"{&quot;background_background&quot;:&quot;classic&quot;,&quot;_ha_eqh_enable&quot;:false}\">\n\t\t\t\t\t\t<div class=\"elementor-container elementor-column-gap-default\">\n\t\t\t\t\t<div class=\"elementor-column elementor-col-100 elementor-inner-column elementor-element elementor-element-1c70823\" data-id=\"1c70823\" data-element_type=\"column\">\n\t\t\t<div class=\"elementor-widget-wrap elementor-element-populated\">\n\t\t\t\t\t\t<div class=\"elementor-element elementor-element-948f95e elementor-widget elementor-widget-text-editor\" data-id=\"948f95e\" data-element_type=\"widget\" data-widget_type=\"text-editor.default\">\n\t\t\t\t<div class=\"elementor-widget-container\">\n\t\t\t\t\t\t\t\t\t<p>Mais \u00e0 l\u2019arriv\u00e9e, l\u2019on remarquera que cette action s\u2019est beaucoup plus focalis\u00e9e sur la phase du prononc\u00e9 du jugement notamment des peines alors que bien avant cette phase, il y a en amont, plusieurs autres phases au niveau desquelles il est possible d\u2019agir pour palier la surpopulation carc\u00e9rale.<\/p><p>Il s\u2019agit de toutes les phases de la proc\u00e9dure p\u00e9nale avant le jugement notamment \u00e0 l\u2019occasion de la recherche, la constatation et la poursuite des infractions pour l\u2019\u00e9tablissement des preuves\u00a0; toutes \u00e9tapes renvoyant \u00e0 l\u2019instruction pr\u00e9paratoire. Bien vrai que les peines alternatives \u00e0 l\u2019emprisonnement peuvent favoriser le d\u00e9sengorgement du milieu carc\u00e9ral, mais il existe aussi d\u2019autres options opportunes \u00e0 exploiter dans le contexte b\u00e9ninois avant m\u00eame la phase du jugement dans la proc\u00e9dure p\u00e9nale.<\/p><p>C\u2019est consid\u00e9rant tout ce qui pr\u00e9c\u00e8de que l\u2019ONG Changement Social B\u00e9nin (CSB) a initi\u00e9 le projet\u00a0<strong>\u00ab\u00a0Justice p\u00e9nale\u00a0: promotion des mesures alternatives \u00e0 la d\u00e9tention en R\u00e9publique du B\u00e9nin\u00a0\u00bb avec l\u2019appui financier de OSIWA\u00a0<\/strong>en compl\u00e9ment au projet<strong>\u00a0\u00ab\u00a0Plaidoyer pour une application effective des peines alternatives \u00e0 l\u2019emprisonnement pour infraction mineure en R\u00e9publique du B\u00e9nin\u00a0\u00bb<\/strong>. \u00c0 travers cette initiative, Changement Social B\u00e9nin entend \u0153uvrer pour que les mesures alternatives \u00e0 la privation de libert\u00e9 durant la phase de l\u2019instruction pr\u00e9paratoire.<\/p>\t\t\t\t\t\t\t\t<\/div>\n\t\t\t\t<\/div>\n\t\t\t\t\t<\/div>\n\t\t<\/div>\n\t\t\t\t\t<\/div>\n\t\t<\/section>\n\t\t\t\t<section class=\"elementor-section elementor-inner-section elementor-element elementor-element-20cb5a85 elementor-section-boxed elementor-section-height-default elementor-section-height-default wpr-particle-no wpr-jarallax-no wpr-parallax-no wpr-sticky-section-no\" data-id=\"20cb5a85\" data-element_type=\"section\" data-settings=\"{&quot;_ha_eqh_enable&quot;:false}\">\n\t\t\t\t\t\t<div class=\"elementor-container elementor-column-gap-default\">\n\t\t\t\t\t<div class=\"elementor-column elementor-col-50 elementor-inner-column elementor-element elementor-element-347b66a3\" data-id=\"347b66a3\" data-element_type=\"column\">\n\t\t\t<div class=\"elementor-widget-wrap elementor-element-populated\">\n\t\t\t\t\t\t<div class=\"elementor-element elementor-element-73eaabfe elementor-widget elementor-widget-spacer\" data-id=\"73eaabfe\" data-element_type=\"widget\" data-widget_type=\"spacer.default\">\n\t\t\t\t<div class=\"elementor-widget-container\">\n\t\t\t\t\t\t\t<div class=\"elementor-spacer\">\n\t\t\t<div class=\"elementor-spacer-inner\"><\/div>\n\t\t<\/div>\n\t\t\t\t\t\t<\/div>\n\t\t\t\t<\/div>\n\t\t\t\t<div class=\"elementor-element elementor-element-571872e elementor-widget elementor-widget-heading\" data-id=\"571872e\" data-element_type=\"widget\" data-widget_type=\"heading.default\">\n\t\t\t\t<div class=\"elementor-widget-container\">\n\t\t\t\t\t<h2 class=\"elementor-heading-title elementor-size-default\">Rendus du projet<\/h2>\t\t\t\t<\/div>\n\t\t\t\t<\/div>\n\t\t\t\t<div class=\"elementor-element elementor-element-41c21a71 elementor-widget-divider--view-line elementor-widget elementor-widget-divider\" data-id=\"41c21a71\" data-element_type=\"widget\" data-widget_type=\"divider.default\">\n\t\t\t\t<div class=\"elementor-widget-container\">\n\t\t\t\t\t\t\t<div class=\"elementor-divider\">\n\t\t\t<span class=\"elementor-divider-separator\">\n\t\t\t\t\t\t<\/span>\n\t\t<\/div>\n\t\t\t\t\t\t<\/div>\n\t\t\t\t<\/div>\n\t\t\t\t\t<\/div>\n\t\t<\/div>\n\t\t\t\t<div class=\"elementor-column elementor-col-50 elementor-inner-column elementor-element elementor-element-18ed3c9a\" data-id=\"18ed3c9a\" data-element_type=\"column\">\n\t\t\t<div class=\"elementor-widget-wrap\">\n\t\t\t\t\t\t\t<\/div>\n\t\t<\/div>\n\t\t\t\t\t<\/div>\n\t\t<\/section>\n\t\t\t\t<section class=\"elementor-section elementor-inner-section elementor-element elementor-element-6cb99da6 elementor-section-boxed elementor-section-height-default elementor-section-height-default wpr-particle-no wpr-jarallax-no wpr-parallax-no wpr-sticky-section-no\" data-id=\"6cb99da6\" data-element_type=\"section\" data-settings=\"{&quot;_ha_eqh_enable&quot;:false}\">\n\t\t\t\t\t\t<div class=\"elementor-container elementor-column-gap-default\">\n\t\t\t\t\t<div class=\"elementor-column elementor-col-100 elementor-inner-column elementor-element elementor-element-647a0595\" data-id=\"647a0595\" data-element_type=\"column\">\n\t\t\t<div class=\"elementor-widget-wrap elementor-element-populated\">\n\t\t\t\t\t\t<div class=\"elementor-element elementor-element-8fdcf6b elementor-grid-eael-col-4 elementor-grid-tablet-eael-col-2 elementor-grid-mobile-eael-col-1 elementor-widget elementor-widget-eael-post-grid\" data-id=\"8fdcf6b\" data-element_type=\"widget\" data-settings=\"{&quot;eael_post_grid_columns&quot;:&quot;eael-col-4&quot;,&quot;eael_post_grid_columns_tablet&quot;:&quot;eael-col-2&quot;,&quot;eael_post_grid_columns_mobile&quot;:&quot;eael-col-1&quot;}\" data-widget_type=\"eael-post-grid.default\">\n\t\t\t\t<div class=\"elementor-widget-container\">\n\t\t\t\t\t<div id=\"eael-post-grid-8fdcf6b\" class=\"eael-post-grid-container\">\n            <div class=\"eael-post-grid eael-post-appender eael-post-appender-8fdcf6b eael-post-grid-style-one\" data-layout-mode=\"masonry\"><article class=\"eael-grid-post eael-post-grid-column\" data-id=\"2821\">\n        <div class=\"eael-grid-post-holder\">\n            <div class=\"eael-grid-post-holder-inner\"><div class=\"eael-entry-media\"><div class=\"eael-entry-overlay fade-in\"><i class=\"fas fa-long-arrow-alt-right\" aria-hidden=\"true\"><\/i><a href=\"https:\/\/changementsocialbenin.org\/index.php\/2023\/03\/17\/rapport-specifique-de-monitoring-des-droits-humains-2021_etablissement-penitentiaire-de-abomey\/\"><\/a><\/div><div class=\"eael-entry-thumbnail \">\n                <img decoding=\"async\" width=\"300\" height=\"225\" src=\"https:\/\/changementsocialbenin.org\/wp-content\/uploads\/2022\/11\/WhatsApp-Image-2021-09-24-at-19.58.53-1-300x225.jpeg\" class=\"attachment-medium size-medium wp-image-2412\" alt=\"\" srcset=\"https:\/\/changementsocialbenin.org\/wp-content\/uploads\/2022\/11\/WhatsApp-Image-2021-09-24-at-19.58.53-1-300x225.jpeg 300w, https:\/\/changementsocialbenin.org\/wp-content\/uploads\/2022\/11\/WhatsApp-Image-2021-09-24-at-19.58.53-1-768x576.jpeg 768w, https:\/\/changementsocialbenin.org\/wp-content\/uploads\/2022\/11\/WhatsApp-Image-2021-09-24-at-19.58.53-1-200x150.jpeg 200w, https:\/\/changementsocialbenin.org\/wp-content\/uploads\/2022\/11\/WhatsApp-Image-2021-09-24-at-19.58.53-1.jpeg 1008w\" sizes=\"(max-width: 300px) 100vw, 300px\" \/>\n            <\/div>\n        <\/div><div class=\"eael-entry-wrapper\"><header class=\"eael-entry-header\"><h2 class=\"eael-entry-title\"><a class=\"eael-grid-post-link\" href=\"https:\/\/changementsocialbenin.org\/index.php\/2023\/03\/17\/rapport-specifique-de-monitoring-des-droits-humains-2021_etablissement-penitentiaire-de-abomey\/\" title=\"Rapport sp\u00e9cifique de monitoring des droits humains 2021_\u00e9tablissement p\u00e9nitentiaire de Abomey\">Rapport sp\u00e9cifique de monitoring des droits humains 2021_\u00e9tablissement p\u00e9nitentiaire de Abomey<\/a><\/h2><\/header><div class=\"eael-entry-content\">\n                        <div class=\"eael-grid-post-excerpt\"><p>Rapport-specifique-de-monitoring-des-droits-humains-en-2021-dans-EP-AbomeyT\u00e9l\u00e9charger<\/p><a href=\"https:\/\/changementsocialbenin.org\/index.php\/2023\/03\/17\/rapport-specifique-de-monitoring-des-droits-humains-2021_etablissement-penitentiaire-de-abomey\/\" class=\"eael-post-elements-readmore-btn\">Lire plus<\/a><\/div>\n                    <\/div><div class=\"eael-entry-footer\"><div class=\"eael-entry-meta\"><span class=\"eael-posted-on\"><time datetime=\"17 mars 2023\">17 mars 2023<\/time><\/span><\/div><\/div><\/div><\/div>\n        <\/div>\n    <\/article><article class=\"eael-grid-post eael-post-grid-column\" data-id=\"2818\">\n        <div class=\"eael-grid-post-holder\">\n            <div class=\"eael-grid-post-holder-inner\"><div class=\"eael-entry-media\"><div class=\"eael-entry-overlay fade-in\"><i class=\"fas fa-long-arrow-alt-right\" aria-hidden=\"true\"><\/i><a href=\"https:\/\/changementsocialbenin.org\/index.php\/2023\/03\/17\/rapport-specifique-de-monitoring-des-droits-humains-2021_etablissement-penitentiaire-de-parakou\/\"><\/a><\/div><div class=\"eael-entry-thumbnail \">\n                <img decoding=\"async\" width=\"243\" height=\"300\" src=\"https:\/\/changementsocialbenin.org\/wp-content\/uploads\/2023\/03\/CSB-repris-243x300.png\" class=\"attachment-medium size-medium wp-image-2813\" alt=\"\" srcset=\"https:\/\/changementsocialbenin.org\/wp-content\/uploads\/2023\/03\/CSB-repris-243x300.png 243w, https:\/\/changementsocialbenin.org\/wp-content\/uploads\/2023\/03\/CSB-repris-831x1024.png 831w, https:\/\/changementsocialbenin.org\/wp-content\/uploads\/2023\/03\/CSB-repris-768x946.png 768w, https:\/\/changementsocialbenin.org\/wp-content\/uploads\/2023\/03\/CSB-repris-1247x1536.png 1247w, https:\/\/changementsocialbenin.org\/wp-content\/uploads\/2023\/03\/CSB-repris-1662x2048.png 1662w, https:\/\/changementsocialbenin.org\/wp-content\/uploads\/2023\/03\/CSB-repris.png 1956w\" sizes=\"(max-width: 243px) 100vw, 243px\" \/>\n            <\/div>\n        <\/div><div class=\"eael-entry-wrapper\"><header class=\"eael-entry-header\"><h2 class=\"eael-entry-title\"><a class=\"eael-grid-post-link\" href=\"https:\/\/changementsocialbenin.org\/index.php\/2023\/03\/17\/rapport-specifique-de-monitoring-des-droits-humains-2021_etablissement-penitentiaire-de-parakou\/\" title=\"Rapport sp\u00e9cifique de monitoring des droits humains 2021_\u00e9tablissement p\u00e9nitentiaire de Parakou\">Rapport sp\u00e9cifique de monitoring des droits humains 2021_\u00e9tablissement p\u00e9nitentiaire de Parakou<\/a><\/h2><\/header><div class=\"eael-entry-content\">\n                        <div class=\"eael-grid-post-excerpt\"><p>Rapport-specifique-de-monitoring-des-droits-humains-en-2021-dans-EP-ParakouT\u00e9l\u00e9charger<\/p><a href=\"https:\/\/changementsocialbenin.org\/index.php\/2023\/03\/17\/rapport-specifique-de-monitoring-des-droits-humains-2021_etablissement-penitentiaire-de-parakou\/\" class=\"eael-post-elements-readmore-btn\">Lire plus<\/a><\/div>\n                    <\/div><div class=\"eael-entry-footer\"><div class=\"eael-entry-meta\"><span class=\"eael-posted-on\"><time datetime=\"17 mars 2023\">17 mars 2023<\/time><\/span><\/div><\/div><\/div><\/div>\n        <\/div>\n    <\/article><article class=\"eael-grid-post eael-post-grid-column\" data-id=\"2815\">\n        <div class=\"eael-grid-post-holder\">\n            <div class=\"eael-grid-post-holder-inner\"><div class=\"eael-entry-media\"><div class=\"eael-entry-overlay fade-in\"><i class=\"fas fa-long-arrow-alt-right\" aria-hidden=\"true\"><\/i><a href=\"https:\/\/changementsocialbenin.org\/index.php\/2023\/03\/17\/rapport-specifique-de-monitoring-des-droits-humains-2021_etablissement-penitentiaire-de-cotonou\/\"><\/a><\/div><div class=\"eael-entry-thumbnail \">\n                <img decoding=\"async\" width=\"243\" height=\"300\" src=\"https:\/\/changementsocialbenin.org\/wp-content\/uploads\/2023\/03\/CSB-repris-243x300.png\" class=\"attachment-medium size-medium wp-image-2813\" alt=\"\" srcset=\"https:\/\/changementsocialbenin.org\/wp-content\/uploads\/2023\/03\/CSB-repris-243x300.png 243w, https:\/\/changementsocialbenin.org\/wp-content\/uploads\/2023\/03\/CSB-repris-831x1024.png 831w, https:\/\/changementsocialbenin.org\/wp-content\/uploads\/2023\/03\/CSB-repris-768x946.png 768w, https:\/\/changementsocialbenin.org\/wp-content\/uploads\/2023\/03\/CSB-repris-1247x1536.png 1247w, https:\/\/changementsocialbenin.org\/wp-content\/uploads\/2023\/03\/CSB-repris-1662x2048.png 1662w, https:\/\/changementsocialbenin.org\/wp-content\/uploads\/2023\/03\/CSB-repris.png 1956w\" sizes=\"(max-width: 243px) 100vw, 243px\" \/>\n            <\/div>\n        <\/div><div class=\"eael-entry-wrapper\"><header class=\"eael-entry-header\"><h2 class=\"eael-entry-title\"><a class=\"eael-grid-post-link\" href=\"https:\/\/changementsocialbenin.org\/index.php\/2023\/03\/17\/rapport-specifique-de-monitoring-des-droits-humains-2021_etablissement-penitentiaire-de-cotonou\/\" title=\"Rapport sp\u00e9cifique de monitoring des droits humains 2021_\u00e9tablissement p\u00e9nitentiaire de Cotonou\">Rapport sp\u00e9cifique de monitoring des droits humains 2021_\u00e9tablissement p\u00e9nitentiaire de Cotonou<\/a><\/h2><\/header><div class=\"eael-entry-content\">\n                        <div class=\"eael-grid-post-excerpt\"><p>Rapport-specifique-de-monitoring-des-droits-humains-en-2021-dans-EP-CotonouT\u00e9l\u00e9charger<\/p><a href=\"https:\/\/changementsocialbenin.org\/index.php\/2023\/03\/17\/rapport-specifique-de-monitoring-des-droits-humains-2021_etablissement-penitentiaire-de-cotonou\/\" class=\"eael-post-elements-readmore-btn\">Lire plus<\/a><\/div>\n                    <\/div><div class=\"eael-entry-footer\"><div class=\"eael-entry-meta\"><span class=\"eael-posted-on\"><time datetime=\"17 mars 2023\">17 mars 2023<\/time><\/span><\/div><\/div><\/div><\/div>\n        <\/div>\n    <\/article><article class=\"eael-grid-post eael-post-grid-column\" data-id=\"2811\">\n        <div class=\"eael-grid-post-holder\">\n            <div class=\"eael-grid-post-holder-inner\"><div class=\"eael-entry-media\"><div class=\"eael-entry-overlay fade-in\"><i class=\"fas fa-long-arrow-alt-right\" aria-hidden=\"true\"><\/i><a href=\"https:\/\/changementsocialbenin.org\/index.php\/2023\/03\/17\/rapport-specifique-de-monitoring-des-droits-humains-2021_etablissement-penitentiaire-de-kandi\/\"><\/a><\/div><div class=\"eael-entry-thumbnail \">\n                <img decoding=\"async\" width=\"243\" height=\"300\" src=\"https:\/\/changementsocialbenin.org\/wp-content\/uploads\/2023\/03\/CSB-repris-243x300.png\" class=\"attachment-medium size-medium wp-image-2813\" alt=\"\" srcset=\"https:\/\/changementsocialbenin.org\/wp-content\/uploads\/2023\/03\/CSB-repris-243x300.png 243w, https:\/\/changementsocialbenin.org\/wp-content\/uploads\/2023\/03\/CSB-repris-831x1024.png 831w, https:\/\/changementsocialbenin.org\/wp-content\/uploads\/2023\/03\/CSB-repris-768x946.png 768w, https:\/\/changementsocialbenin.org\/wp-content\/uploads\/2023\/03\/CSB-repris-1247x1536.png 1247w, https:\/\/changementsocialbenin.org\/wp-content\/uploads\/2023\/03\/CSB-repris-1662x2048.png 1662w, https:\/\/changementsocialbenin.org\/wp-content\/uploads\/2023\/03\/CSB-repris.png 1956w\" sizes=\"(max-width: 243px) 100vw, 243px\" \/>\n            <\/div>\n        <\/div><div class=\"eael-entry-wrapper\"><header class=\"eael-entry-header\"><h2 class=\"eael-entry-title\"><a class=\"eael-grid-post-link\" href=\"https:\/\/changementsocialbenin.org\/index.php\/2023\/03\/17\/rapport-specifique-de-monitoring-des-droits-humains-2021_etablissement-penitentiaire-de-kandi\/\" title=\"Rapport sp\u00e9cifique de monitoring des droits humains 2021_\u00e9tablissement p\u00e9nitentiaire de Kandi\">Rapport sp\u00e9cifique de monitoring des droits humains 2021_\u00e9tablissement p\u00e9nitentiaire de Kandi<\/a><\/h2><\/header><div class=\"eael-entry-content\">\n                        <div class=\"eael-grid-post-excerpt\"><p>Rapport-specifique-de-monitoring-des-droits-humains-en-2021-dans-EP-KandiT\u00e9l\u00e9charger<\/p><a href=\"https:\/\/changementsocialbenin.org\/index.php\/2023\/03\/17\/rapport-specifique-de-monitoring-des-droits-humains-2021_etablissement-penitentiaire-de-kandi\/\" class=\"eael-post-elements-readmore-btn\">Lire plus<\/a><\/div>\n                    <\/div><div class=\"eael-entry-footer\"><div class=\"eael-entry-meta\"><span class=\"eael-posted-on\"><time datetime=\"17 mars 2023\">17 mars 2023<\/time><\/span><\/div><\/div><\/div><\/div>\n        <\/div>\n    <\/article><\/div>\n            <div class=\"clearfix\"><\/div>\n        <\/div>            <div class=\"eael-load-more-button-wrap eael-force-hide\">\n                <button class=\"eael-load-more-button\" id=\"eael-load-more-btn-8fdcf6b\" data-widget-id=\"8fdcf6b\" data-widget=\"8fdcf6b\" data-page-id=\"975\" data-template=\"{&quot;dir&quot;:&quot;lite&quot;,&quot;file_name&quot;:&quot;one.php&quot;,&quot;name&quot;:&quot;Post-Grid&quot;}\" data-class=\"Essential_Addons_Elementor\\Elements\\Post_Grid\" data-layout=\"masonry\" data-page=\"1\" data-args=\"orderby=date&amp;order=desc&amp;ignore_sticky_posts=1&amp;post_status=publish&amp;posts_per_page=4&amp;offset=0&amp;post_type=post&amp;tax_query%5B0%5D%5Btaxonomy%5D=category&amp;tax_query%5B0%5D%5Bfield%5D=term_id&amp;tax_query%5B0%5D%5Bterms%5D%5B0%5D=18&amp;tax_query%5Brelation%5D=AND\" data-max-page=\"2\">\n                    <span class=\"eael-btn-loader button__loader\"><\/span>\n                    <span class=\"eael_load_more_text\">Load More<\/span>\n                <\/button>\n            <\/div>\n            \t\t\t\t<\/div>\n\t\t\t\t<\/div>\n\t\t\t\t\t<\/div>\n\t\t<\/div>\n\t\t\t\t\t<\/div>\n\t\t<\/section>\n\t\t\t\t<section class=\"elementor-section elementor-inner-section elementor-element elementor-element-1604f557 elementor-section-boxed elementor-section-height-default elementor-section-height-default wpr-particle-no wpr-jarallax-no wpr-parallax-no wpr-sticky-section-no\" data-id=\"1604f557\" data-element_type=\"section\" data-settings=\"{&quot;_ha_eqh_enable&quot;:false}\">\n\t\t\t\t\t\t<div class=\"elementor-container elementor-column-gap-default\">\n\t\t\t\t\t<div class=\"elementor-column elementor-col-50 elementor-inner-column elementor-element elementor-element-5351aa86\" data-id=\"5351aa86\" data-element_type=\"column\">\n\t\t\t<div class=\"elementor-widget-wrap elementor-element-populated\">\n\t\t\t\t\t\t<div class=\"elementor-element elementor-element-38bf7644 elementor-widget elementor-widget-spacer\" data-id=\"38bf7644\" data-element_type=\"widget\" data-widget_type=\"spacer.default\">\n\t\t\t\t<div class=\"elementor-widget-container\">\n\t\t\t\t\t\t\t<div class=\"elementor-spacer\">\n\t\t\t<div class=\"elementor-spacer-inner\"><\/div>\n\t\t<\/div>\n\t\t\t\t\t\t<\/div>\n\t\t\t\t<\/div>\n\t\t\t\t<div class=\"elementor-element elementor-element-7d6e5bc8 elementor-widget elementor-widget-heading\" data-id=\"7d6e5bc8\" data-element_type=\"widget\" data-widget_type=\"heading.default\">\n\t\t\t\t<div class=\"elementor-widget-container\">\n\t\t\t\t\t<h2 class=\"elementor-heading-title elementor-size-default\">Galerie du projet<\/h2>\t\t\t\t<\/div>\n\t\t\t\t<\/div>\n\t\t\t\t<div class=\"elementor-element elementor-element-4cbc5b93 elementor-widget-divider--view-line elementor-widget elementor-widget-divider\" data-id=\"4cbc5b93\" data-element_type=\"widget\" data-widget_type=\"divider.default\">\n\t\t\t\t<div class=\"elementor-widget-container\">\n\t\t\t\t\t\t\t<div class=\"elementor-divider\">\n\t\t\t<span class=\"elementor-divider-separator\">\n\t\t\t\t\t\t<\/span>\n\t\t<\/div>\n\t\t\t\t\t\t<\/div>\n\t\t\t\t<\/div>\n\t\t\t\t\t<\/div>\n\t\t<\/div>\n\t\t\t\t<div class=\"elementor-column elementor-col-50 elementor-inner-column elementor-element elementor-element-1c5aa15e\" data-id=\"1c5aa15e\" data-element_type=\"column\">\n\t\t\t<div class=\"elementor-widget-wrap\">\n\t\t\t\t\t\t\t<\/div>\n\t\t<\/div>\n\t\t\t\t\t<\/div>\n\t\t<\/section>\n\t\t\t\t<section class=\"elementor-section elementor-inner-section elementor-element elementor-element-3f5eb88f elementor-section-boxed elementor-section-height-default elementor-section-height-default wpr-particle-no wpr-jarallax-no wpr-parallax-no wpr-sticky-section-no\" data-id=\"3f5eb88f\" data-element_type=\"section\" data-settings=\"{&quot;_ha_eqh_enable&quot;:false}\">\n\t\t\t\t\t\t<div class=\"elementor-container elementor-column-gap-default\">\n\t\t\t\t\t<div class=\"elementor-column elementor-col-100 elementor-inner-column elementor-element elementor-element-1613ff18\" data-id=\"1613ff18\" data-element_type=\"column\">\n\t\t\t<div class=\"elementor-widget-wrap elementor-element-populated\">\n\t\t\t\t\t\t<div class=\"elementor-element elementor-element-5a80629 gallery-spacing-custom elementor-widget elementor-widget-image-gallery\" data-id=\"5a80629\" data-element_type=\"widget\" data-widget_type=\"image-gallery.default\">\n\t\t\t\t<div class=\"elementor-widget-container\">\n\t\t\t\t\t\t\t<div class=\"elementor-image-gallery\">\n\t\t\t<div id='gallery-1' class='gallery galleryid-975 gallery-columns-3 gallery-size-true-news-medium'><figure class='gallery-item'>\n\t\t\t<div class='gallery-icon landscape'>\n\t\t\t\t<a data-elementor-open-lightbox=\"yes\" data-elementor-lightbox-slideshow=\"5a80629\" data-elementor-lightbox-title=\"_DSC0197\" data-e-action-hash=\"#elementor-action%3Aaction%3Dlightbox%26settings%3DeyJpZCI6MTgyNCwidXJsIjoiaHR0cHM6XC9cL2NoYW5nZW1lbnRzb2NpYWxiZW5pbi5vcmdcL3dwLWNvbnRlbnRcL3VwbG9hZHNcLzIwMjJcLzExXC9EU0MwMTk3LXNjYWxlZC5qcGciLCJzbGlkZXNob3ciOiI1YTgwNjI5In0%3D\" href='https:\/\/changementsocialbenin.org\/wp-content\/uploads\/2022\/11\/DSC0197-scaled.jpg'><img loading=\"lazy\" decoding=\"async\" width=\"480\" height=\"298\" src=\"https:\/\/changementsocialbenin.org\/wp-content\/uploads\/2022\/11\/DSC0197-480x298.jpg\" class=\"attachment-true-news-medium size-true-news-medium\" alt=\"\" \/><\/a>\n\t\t\t<\/div><\/figure><figure class='gallery-item'>\n\t\t\t<div class='gallery-icon landscape'>\n\t\t\t\t<a data-elementor-open-lightbox=\"yes\" data-elementor-lightbox-slideshow=\"5a80629\" data-elementor-lightbox-title=\"_DSC0313\" data-e-action-hash=\"#elementor-action%3Aaction%3Dlightbox%26settings%3DeyJpZCI6MTgyNSwidXJsIjoiaHR0cHM6XC9cL2NoYW5nZW1lbnRzb2NpYWxiZW5pbi5vcmdcL3dwLWNvbnRlbnRcL3VwbG9hZHNcLzIwMjJcLzExXC9EU0MwMzEzLXNjYWxlZC5qcGciLCJzbGlkZXNob3ciOiI1YTgwNjI5In0%3D\" href='https:\/\/changementsocialbenin.org\/wp-content\/uploads\/2022\/11\/DSC0313-scaled.jpg'><img loading=\"lazy\" decoding=\"async\" width=\"480\" height=\"298\" src=\"https:\/\/changementsocialbenin.org\/wp-content\/uploads\/2022\/11\/DSC0313-480x298.jpg\" class=\"attachment-true-news-medium size-true-news-medium\" alt=\"\" \/><\/a>\n\t\t\t<\/div><\/figure><figure class='gallery-item'>\n\t\t\t<div class='gallery-icon landscape'>\n\t\t\t\t<a data-elementor-open-lightbox=\"yes\" data-elementor-lightbox-slideshow=\"5a80629\" data-elementor-lightbox-title=\"_DSC0320\" data-e-action-hash=\"#elementor-action%3Aaction%3Dlightbox%26settings%3DeyJpZCI6MTgyNiwidXJsIjoiaHR0cHM6XC9cL2NoYW5nZW1lbnRzb2NpYWxiZW5pbi5vcmdcL3dwLWNvbnRlbnRcL3VwbG9hZHNcLzIwMjJcLzExXC9EU0MwMzIwLXNjYWxlZC5qcGciLCJzbGlkZXNob3ciOiI1YTgwNjI5In0%3D\" href='https:\/\/changementsocialbenin.org\/wp-content\/uploads\/2022\/11\/DSC0320-scaled.jpg'><img loading=\"lazy\" decoding=\"async\" width=\"480\" height=\"298\" src=\"https:\/\/changementsocialbenin.org\/wp-content\/uploads\/2022\/11\/DSC0320-480x298.jpg\" class=\"attachment-true-news-medium size-true-news-medium\" alt=\"\" \/><\/a>\n\t\t\t<\/div><\/figure><figure class='gallery-item'>\n\t\t\t<div class='gallery-icon landscape'>\n\t\t\t\t<a data-elementor-open-lightbox=\"yes\" data-elementor-lightbox-slideshow=\"5a80629\" data-elementor-lightbox-title=\"P1120104\" data-e-action-hash=\"#elementor-action%3Aaction%3Dlightbox%26settings%3DeyJpZCI6MTgyNywidXJsIjoiaHR0cHM6XC9cL2NoYW5nZW1lbnRzb2NpYWxiZW5pbi5vcmdcL3dwLWNvbnRlbnRcL3VwbG9hZHNcLzIwMjJcLzExXC9QMTEyMDEwNC1zY2FsZWQuanBnIiwic2xpZGVzaG93IjoiNWE4MDYyOSJ9\" href='https:\/\/changementsocialbenin.org\/wp-content\/uploads\/2022\/11\/P1120104-scaled.jpg'><img loading=\"lazy\" decoding=\"async\" width=\"480\" height=\"298\" src=\"https:\/\/changementsocialbenin.org\/wp-content\/uploads\/2022\/11\/P1120104-480x298.jpg\" class=\"attachment-true-news-medium size-true-news-medium\" alt=\"\" \/><\/a>\n\t\t\t<\/div><\/figure><figure class='gallery-item'>\n\t\t\t<div class='gallery-icon landscape'>\n\t\t\t\t<a data-elementor-open-lightbox=\"yes\" data-elementor-lightbox-slideshow=\"5a80629\" data-elementor-lightbox-title=\"P1120105\" data-e-action-hash=\"#elementor-action%3Aaction%3Dlightbox%26settings%3DeyJpZCI6MTgyOCwidXJsIjoiaHR0cHM6XC9cL2NoYW5nZW1lbnRzb2NpYWxiZW5pbi5vcmdcL3dwLWNvbnRlbnRcL3VwbG9hZHNcLzIwMjJcLzExXC9QMTEyMDEwNS0xLXNjYWxlZC5qcGciLCJzbGlkZXNob3ciOiI1YTgwNjI5In0%3D\" href='https:\/\/changementsocialbenin.org\/wp-content\/uploads\/2022\/11\/P1120105-1-scaled.jpg'><img loading=\"lazy\" decoding=\"async\" width=\"480\" height=\"298\" src=\"https:\/\/changementsocialbenin.org\/wp-content\/uploads\/2022\/11\/P1120105-1-480x298.jpg\" class=\"attachment-true-news-medium size-true-news-medium\" alt=\"\" \/><\/a>\n\t\t\t<\/div><\/figure><figure class='gallery-item'>\n\t\t\t<div class='gallery-icon landscape'>\n\t\t\t\t<a data-elementor-open-lightbox=\"yes\" data-elementor-lightbox-slideshow=\"5a80629\" data-elementor-lightbox-title=\"P1120168\" data-e-action-hash=\"#elementor-action%3Aaction%3Dlightbox%26settings%3DeyJpZCI6MTgzMCwidXJsIjoiaHR0cHM6XC9cL2NoYW5nZW1lbnRzb2NpYWxiZW5pbi5vcmdcL3dwLWNvbnRlbnRcL3VwbG9hZHNcLzIwMjJcLzExXC9QMTEyMDE2OC1zY2FsZWQuanBnIiwic2xpZGVzaG93IjoiNWE4MDYyOSJ9\" href='https:\/\/changementsocialbenin.org\/wp-content\/uploads\/2022\/11\/P1120168-scaled.jpg'><img loading=\"lazy\" decoding=\"async\" width=\"480\" height=\"298\" src=\"https:\/\/changementsocialbenin.org\/wp-content\/uploads\/2022\/11\/P1120168-480x298.jpg\" class=\"attachment-true-news-medium size-true-news-medium\" alt=\"\" \/><\/a>\n\t\t\t<\/div><\/figure><figure class='gallery-item'>\n\t\t\t<div class='gallery-icon landscape'>\n\t\t\t\t<a data-elementor-open-lightbox=\"yes\" data-elementor-lightbox-slideshow=\"5a80629\" data-elementor-lightbox-title=\"P1120170\" data-e-action-hash=\"#elementor-action%3Aaction%3Dlightbox%26settings%3DeyJpZCI6MTgzMSwidXJsIjoiaHR0cHM6XC9cL2NoYW5nZW1lbnRzb2NpYWxiZW5pbi5vcmdcL3dwLWNvbnRlbnRcL3VwbG9hZHNcLzIwMjJcLzExXC9QMTEyMDE3MC1zY2FsZWQuanBnIiwic2xpZGVzaG93IjoiNWE4MDYyOSJ9\" href='https:\/\/changementsocialbenin.org\/wp-content\/uploads\/2022\/11\/P1120170-scaled.jpg'><img loading=\"lazy\" decoding=\"async\" width=\"480\" height=\"298\" src=\"https:\/\/changementsocialbenin.org\/wp-content\/uploads\/2022\/11\/P1120170-480x298.jpg\" class=\"attachment-true-news-medium size-true-news-medium\" alt=\"\" \/><\/a>\n\t\t\t<\/div><\/figure><figure class='gallery-item'>\n\t\t\t<div class='gallery-icon landscape'>\n\t\t\t\t<a data-elementor-open-lightbox=\"yes\" data-elementor-lightbox-slideshow=\"5a80629\" data-elementor-lightbox-title=\"P1120178\" data-e-action-hash=\"#elementor-action%3Aaction%3Dlightbox%26settings%3DeyJpZCI6MTgzMiwidXJsIjoiaHR0cHM6XC9cL2NoYW5nZW1lbnRzb2NpYWxiZW5pbi5vcmdcL3dwLWNvbnRlbnRcL3VwbG9hZHNcLzIwMjJcLzExXC9QMTEyMDE3OC1zY2FsZWQuanBnIiwic2xpZGVzaG93IjoiNWE4MDYyOSJ9\" href='https:\/\/changementsocialbenin.org\/wp-content\/uploads\/2022\/11\/P1120178-scaled.jpg'><img loading=\"lazy\" decoding=\"async\" width=\"480\" height=\"298\" src=\"https:\/\/changementsocialbenin.org\/wp-content\/uploads\/2022\/11\/P1120178-480x298.jpg\" class=\"attachment-true-news-medium size-true-news-medium\" alt=\"\" \/><\/a>\n\t\t\t<\/div><\/figure><figure class='gallery-item'>\n\t\t\t<div class='gallery-icon landscape'>\n\t\t\t\t<a data-elementor-open-lightbox=\"yes\" data-elementor-lightbox-slideshow=\"5a80629\" data-elementor-lightbox-title=\"P1120182\" data-e-action-hash=\"#elementor-action%3Aaction%3Dlightbox%26settings%3DeyJpZCI6MTgzMywidXJsIjoiaHR0cHM6XC9cL2NoYW5nZW1lbnRzb2NpYWxiZW5pbi5vcmdcL3dwLWNvbnRlbnRcL3VwbG9hZHNcLzIwMjJcLzExXC9QMTEyMDE4Mi1zY2FsZWQuanBnIiwic2xpZGVzaG93IjoiNWE4MDYyOSJ9\" href='https:\/\/changementsocialbenin.org\/wp-content\/uploads\/2022\/11\/P1120182-scaled.jpg'><img loading=\"lazy\" decoding=\"async\" width=\"480\" height=\"298\" src=\"https:\/\/changementsocialbenin.org\/wp-content\/uploads\/2022\/11\/P1120182-480x298.jpg\" class=\"attachment-true-news-medium size-true-news-medium\" alt=\"\" \/><\/a>\n\t\t\t<\/div><\/figure><figure class='gallery-item'>\n\t\t\t<div class='gallery-icon landscape'>\n\t\t\t\t<a data-elementor-open-lightbox=\"yes\" data-elementor-lightbox-slideshow=\"5a80629\" data-elementor-lightbox-title=\"P1120192\" data-e-action-hash=\"#elementor-action%3Aaction%3Dlightbox%26settings%3DeyJpZCI6MTgzNCwidXJsIjoiaHR0cHM6XC9cL2NoYW5nZW1lbnRzb2NpYWxiZW5pbi5vcmdcL3dwLWNvbnRlbnRcL3VwbG9hZHNcLzIwMjJcLzExXC9QMTEyMDE5Mi1zY2FsZWQuanBnIiwic2xpZGVzaG93IjoiNWE4MDYyOSJ9\" href='https:\/\/changementsocialbenin.org\/wp-content\/uploads\/2022\/11\/P1120192-scaled.jpg'><img loading=\"lazy\" decoding=\"async\" width=\"480\" height=\"298\" src=\"https:\/\/changementsocialbenin.org\/wp-content\/uploads\/2022\/11\/P1120192-480x298.jpg\" class=\"attachment-true-news-medium size-true-news-medium\" alt=\"\" \/><\/a>\n\t\t\t<\/div><\/figure><figure class='gallery-item'>\n\t\t\t<div class='gallery-icon landscape'>\n\t\t\t\t<a data-elementor-open-lightbox=\"yes\" data-elementor-lightbox-slideshow=\"5a80629\" data-elementor-lightbox-title=\"P1120196\" data-e-action-hash=\"#elementor-action%3Aaction%3Dlightbox%26settings%3DeyJpZCI6MTgzNSwidXJsIjoiaHR0cHM6XC9cL2NoYW5nZW1lbnRzb2NpYWxiZW5pbi5vcmdcL3dwLWNvbnRlbnRcL3VwbG9hZHNcLzIwMjJcLzExXC9QMTEyMDE5Ni1zY2FsZWQuanBnIiwic2xpZGVzaG93IjoiNWE4MDYyOSJ9\" href='https:\/\/changementsocialbenin.org\/wp-content\/uploads\/2022\/11\/P1120196-scaled.jpg'><img loading=\"lazy\" decoding=\"async\" width=\"480\" height=\"298\" src=\"https:\/\/changementsocialbenin.org\/wp-content\/uploads\/2022\/11\/P1120196-480x298.jpg\" class=\"attachment-true-news-medium size-true-news-medium\" alt=\"\" \/><\/a>\n\t\t\t<\/div><\/figure><figure class='gallery-item'>\n\t\t\t<div class='gallery-icon landscape'>\n\t\t\t\t<a data-elementor-open-lightbox=\"yes\" data-elementor-lightbox-slideshow=\"5a80629\" data-elementor-lightbox-title=\"P1120210\" data-e-action-hash=\"#elementor-action%3Aaction%3Dlightbox%26settings%3DeyJpZCI6MTgzNiwidXJsIjoiaHR0cHM6XC9cL2NoYW5nZW1lbnRzb2NpYWxiZW5pbi5vcmdcL3dwLWNvbnRlbnRcL3VwbG9hZHNcLzIwMjJcLzExXC9QMTEyMDIxMC1zY2FsZWQuanBnIiwic2xpZGVzaG93IjoiNWE4MDYyOSJ9\" href='https:\/\/changementsocialbenin.org\/wp-content\/uploads\/2022\/11\/P1120210-scaled.jpg'><img loading=\"lazy\" decoding=\"async\" width=\"480\" height=\"298\" src=\"https:\/\/changementsocialbenin.org\/wp-content\/uploads\/2022\/11\/P1120210-480x298.jpg\" class=\"attachment-true-news-medium size-true-news-medium\" alt=\"\" \/><\/a>\n\t\t\t<\/div><\/figure><figure class='gallery-item'>\n\t\t\t<div class='gallery-icon landscape'>\n\t\t\t\t<a data-elementor-open-lightbox=\"yes\" data-elementor-lightbox-slideshow=\"5a80629\" data-elementor-lightbox-title=\"WhatsApp Image 2021-09-24 at 19.58.40 (1)\" data-e-action-hash=\"#elementor-action%3Aaction%3Dlightbox%26settings%3DeyJpZCI6MTgzNywidXJsIjoiaHR0cHM6XC9cL2NoYW5nZW1lbnRzb2NpYWxiZW5pbi5vcmdcL3dwLWNvbnRlbnRcL3VwbG9hZHNcLzIwMjJcLzExXC9XaGF0c0FwcC1JbWFnZS0yMDIxLTA5LTI0LWF0LTE5LjU4LjQwLTEuanBlZyIsInNsaWRlc2hvdyI6IjVhODA2MjkifQ%3D%3D\" href='https:\/\/changementsocialbenin.org\/wp-content\/uploads\/2022\/11\/WhatsApp-Image-2021-09-24-at-19.58.40-1.jpeg'><img loading=\"lazy\" decoding=\"async\" width=\"480\" height=\"298\" src=\"https:\/\/changementsocialbenin.org\/wp-content\/uploads\/2022\/11\/WhatsApp-Image-2021-09-24-at-19.58.40-1-480x298.jpeg\" class=\"attachment-true-news-medium size-true-news-medium\" alt=\"\" \/><\/a>\n\t\t\t<\/div><\/figure><figure class='gallery-item'>\n\t\t\t<div class='gallery-icon landscape'>\n\t\t\t\t<a data-elementor-open-lightbox=\"yes\" data-elementor-lightbox-slideshow=\"5a80629\" data-elementor-lightbox-title=\"Image de pr\u00e9sence \u00e0 la maison d&#039;arr\u00eat de Natitingou\" data-e-action-hash=\"#elementor-action%3Aaction%3Dlightbox%26settings%3DeyJpZCI6MTgzOCwidXJsIjoiaHR0cHM6XC9cL2NoYW5nZW1lbnRzb2NpYWxiZW5pbi5vcmdcL3dwLWNvbnRlbnRcL3VwbG9hZHNcLzIwMjJcLzExXC9XaGF0c0FwcC1JbWFnZS0yMDIxLTA5LTI0LWF0LTE5LjU4LjUyLTEuanBlZyIsInNsaWRlc2hvdyI6IjVhODA2MjkifQ%3D%3D\" href='https:\/\/changementsocialbenin.org\/wp-content\/uploads\/2022\/11\/WhatsApp-Image-2021-09-24-at-19.58.52-1.jpeg'><img loading=\"lazy\" decoding=\"async\" width=\"480\" height=\"298\" src=\"https:\/\/changementsocialbenin.org\/wp-content\/uploads\/2022\/11\/WhatsApp-Image-2021-09-24-at-19.58.52-1-480x298.jpeg\" class=\"attachment-true-news-medium size-true-news-medium\" alt=\"\" \/><\/a>\n\t\t\t<\/div><\/figure><figure class='gallery-item'>\n\t\t\t<div class='gallery-icon landscape'>\n\t\t\t\t<a data-elementor-open-lightbox=\"yes\" data-elementor-lightbox-slideshow=\"5a80629\" data-elementor-lightbox-title=\"WhatsApp Image 2021-09-24 at 19.58.53\" data-e-action-hash=\"#elementor-action%3Aaction%3Dlightbox%26settings%3DeyJpZCI6MTgzOSwidXJsIjoiaHR0cHM6XC9cL2NoYW5nZW1lbnRzb2NpYWxiZW5pbi5vcmdcL3dwLWNvbnRlbnRcL3VwbG9hZHNcLzIwMjJcLzExXC9XaGF0c0FwcC1JbWFnZS0yMDIxLTA5LTI0LWF0LTE5LjU4LjUzLmpwZWciLCJzbGlkZXNob3ciOiI1YTgwNjI5In0%3D\" href='https:\/\/changementsocialbenin.org\/wp-content\/uploads\/2022\/11\/WhatsApp-Image-2021-09-24-at-19.58.53.jpeg'><img loading=\"lazy\" decoding=\"async\" width=\"480\" height=\"298\" src=\"https:\/\/changementsocialbenin.org\/wp-content\/uploads\/2022\/11\/WhatsApp-Image-2021-09-24-at-19.58.53-480x298.jpeg\" class=\"attachment-true-news-medium size-true-news-medium\" alt=\"\" \/><\/a>\n\t\t\t<\/div><\/figure><figure class='gallery-item'>\n\t\t\t<div class='gallery-icon landscape'>\n\t\t\t\t<a data-elementor-open-lightbox=\"yes\" data-elementor-lightbox-slideshow=\"5a80629\" data-elementor-lightbox-title=\"WhatsApp Image 2021-09-24 at 20.01.54\" data-e-action-hash=\"#elementor-action%3Aaction%3Dlightbox%26settings%3DeyJpZCI6MTg0MCwidXJsIjoiaHR0cHM6XC9cL2NoYW5nZW1lbnRzb2NpYWxiZW5pbi5vcmdcL3dwLWNvbnRlbnRcL3VwbG9hZHNcLzIwMjJcLzExXC9XaGF0c0FwcC1JbWFnZS0yMDIxLTA5LTI0LWF0LTIwLjAxLjU0LmpwZWciLCJzbGlkZXNob3ciOiI1YTgwNjI5In0%3D\" href='https:\/\/changementsocialbenin.org\/wp-content\/uploads\/2022\/11\/WhatsApp-Image-2021-09-24-at-20.01.54.jpeg'><img loading=\"lazy\" decoding=\"async\" width=\"480\" height=\"298\" src=\"https:\/\/changementsocialbenin.org\/wp-content\/uploads\/2022\/11\/WhatsApp-Image-2021-09-24-at-20.01.54-480x298.jpeg\" class=\"attachment-true-news-medium size-true-news-medium\" alt=\"\" \/><\/a>\n\t\t\t<\/div><\/figure><figure class='gallery-item'>\n\t\t\t<div class='gallery-icon landscape'>\n\t\t\t\t<a data-elementor-open-lightbox=\"yes\" data-elementor-lightbox-slideshow=\"5a80629\" data-elementor-lightbox-title=\"WhatsApp Image 2021-09-24 at 20.02.15\" data-e-action-hash=\"#elementor-action%3Aaction%3Dlightbox%26settings%3DeyJpZCI6MTg0MSwidXJsIjoiaHR0cHM6XC9cL2NoYW5nZW1lbnRzb2NpYWxiZW5pbi5vcmdcL3dwLWNvbnRlbnRcL3VwbG9hZHNcLzIwMjJcLzExXC9XaGF0c0FwcC1JbWFnZS0yMDIxLTA5LTI0LWF0LTIwLjAyLjE1LmpwZWciLCJzbGlkZXNob3ciOiI1YTgwNjI5In0%3D\" href='https:\/\/changementsocialbenin.org\/wp-content\/uploads\/2022\/11\/WhatsApp-Image-2021-09-24-at-20.02.15.jpeg'><img loading=\"lazy\" decoding=\"async\" width=\"480\" height=\"298\" src=\"https:\/\/changementsocialbenin.org\/wp-content\/uploads\/2022\/11\/WhatsApp-Image-2021-09-24-at-20.02.15-480x298.jpeg\" class=\"attachment-true-news-medium size-true-news-medium\" alt=\"\" \/><\/a>\n\t\t\t<\/div><\/figure><figure class='gallery-item'>\n\t\t\t<div class='gallery-icon landscape'>\n\t\t\t\t<a data-elementor-open-lightbox=\"yes\" data-elementor-lightbox-slideshow=\"5a80629\" data-elementor-lightbox-title=\"WhatsApp Image 2021-09-24 at 20.30.23\" data-e-action-hash=\"#elementor-action%3Aaction%3Dlightbox%26settings%3DeyJpZCI6MTg0MiwidXJsIjoiaHR0cHM6XC9cL2NoYW5nZW1lbnRzb2NpYWxiZW5pbi5vcmdcL3dwLWNvbnRlbnRcL3VwbG9hZHNcLzIwMjJcLzExXC9XaGF0c0FwcC1JbWFnZS0yMDIxLTA5LTI0LWF0LTIwLjMwLjIzLmpwZWciLCJzbGlkZXNob3ciOiI1YTgwNjI5In0%3D\" href='https:\/\/changementsocialbenin.org\/wp-content\/uploads\/2022\/11\/WhatsApp-Image-2021-09-24-at-20.30.23.jpeg'><img loading=\"lazy\" decoding=\"async\" width=\"480\" height=\"298\" src=\"https:\/\/changementsocialbenin.org\/wp-content\/uploads\/2022\/11\/WhatsApp-Image-2021-09-24-at-20.30.23-480x298.jpeg\" class=\"attachment-true-news-medium size-true-news-medium\" alt=\"\" \/><\/a>\n\t\t\t<\/div><\/figure>\n\t\t<\/div>\n\t\t<\/div>\n\t\t\t\t\t\t<\/div>\n\t\t\t\t<\/div>\n\t\t\t\t\t<\/div>\n\t\t<\/div>\n\t\t\t\t\t<\/div>\n\t\t<\/section>\n\t\t\t\t\t<\/div>\n\t\t<\/div>\n\t\t\t\t\t<\/div>\n\t\t<\/section>\n\t\t\t\t<\/div>\n\t\t","protected":false},"excerpt":{"rendered":"<p>En vue de comprendre au mieux le ph\u00e9nom\u00e8ne de la surpopulation carc\u00e9rale, dans le cadre du projet\u00a0\u00ab\u00a0Plaidoyer pour une application effective des peines alternatives \u00e0 l\u2019emprisonnement pour infractions mineures en R\u00e9publique du B\u00e9nin\u00a0\u00bb,\u00a0l\u2019ONG Changement Social B\u00e9nin (CSB) a men\u00e9 en 2019, une \u00e9tude sur le r\u00e9gime de sanctions p\u00e9nales appliqu\u00e9 aux infractions mineures en R\u00e9publique du B\u00e9nin. \u00c0 la lumi\u00e8re de cette \u00e9tude, il est ressorti que le recours syst\u00e9matique aux peines d\u2019emprisonnement pour infractions dites mineures contribue consid\u00e9rablement \u00e0 la surpopulation carc\u00e9rale.\u00a0Ab initio, Changement Social B\u00e9nin avait identifi\u00e9 les peines alternatives \u00e0 l\u2019emprisonnement comme le moyen le plus \u00e0 m\u00eame de r\u00e9duire la surpopulation carc\u00e9rale. \u00a0 Mais \u00e0 l\u2019arriv\u00e9e, l\u2019on remarquera que cette action s\u2019est beaucoup plus focalis\u00e9e sur la phase du prononc\u00e9 du jugement notamment des peines alors que bien avant cette phase, il y a en amont, plusieurs autres phases au niveau desquelles il est possible d\u2019agir pour palier la surpopulation carc\u00e9rale. Il s\u2019agit de toutes les phases de la proc\u00e9dure p\u00e9nale avant le jugement notamment \u00e0 l\u2019occasion de la recherche, la constatation et la poursuite des infractions pour l\u2019\u00e9tablissement des preuves\u00a0; toutes \u00e9tapes renvoyant \u00e0 l\u2019instruction pr\u00e9paratoire. Bien vrai que les peines alternatives \u00e0 l\u2019emprisonnement peuvent favoriser le d\u00e9sengorgement du milieu carc\u00e9ral, mais il existe aussi d\u2019autres options opportunes \u00e0 exploiter dans le contexte b\u00e9ninois avant m\u00eame la phase du jugement dans la proc\u00e9dure p\u00e9nale. C\u2019est consid\u00e9rant tout ce qui pr\u00e9c\u00e8de que l\u2019ONG Changement Social B\u00e9nin (CSB) a initi\u00e9 le projet\u00a0\u00ab\u00a0Justice p\u00e9nale\u00a0: promotion des mesures alternatives \u00e0 la d\u00e9tention en R\u00e9publique du B\u00e9nin\u00a0\u00bb avec l\u2019appui financier de OSIWA\u00a0en compl\u00e9ment au projet\u00a0\u00ab\u00a0Plaidoyer pour une application effective des peines alternatives \u00e0 l\u2019emprisonnement pour infraction mineure en R\u00e9publique du B\u00e9nin\u00a0\u00bb. \u00c0 travers cette initiative, Changement Social B\u00e9nin entend \u0153uvrer pour que les mesures alternatives \u00e0 la privation de libert\u00e9 durant la phase de l\u2019instruction pr\u00e9paratoire. Rendus du projet Rapport sp\u00e9cifique de monitoring des droits humains en 2021 dans EP Lokossa Lire plus 25 novembre 2022 Rapport sp\u00e9cifique de monitoring des droits humains en 2021 dans EP Akpro-Miss\u00e9ret\u00e9 Situation del\u2019\u00e9tablissementp\u00e9nitentiaire d\u2019Abomey Lire plus 25 novembre 2022 Rapport sp\u00e9cifique de monitoring des droits humains en 2021 dans EP Savalou Rapport sp\u00e9cifique de monitoring des droits humains en 2021 dans&#8230; Lire plus 25 novembre 2022 Rapport sp\u00e9cifique de monitoring des droits humains en 2021 dans EP Porto-novo Rapport sp\u00e9cifique de monitoring des droits humains en 2021 dans&#8230; Lire plus 25 novembre 2022 Load More Galerie du projet<\/p>\n","protected":false},"author":1,"featured_media":0,"parent":0,"menu_order":0,"comment_status":"closed","ping_status":"closed","template":"elementor_header_footer","meta":{"footnotes":""},"class_list":["post-975","page","type-page","status-publish","hentry"],"yoast_head":"<!-- This site is optimized with the Yoast SEO Premium plugin v22.8 (Yoast SEO v24.8.1) - https:\/\/yoast.com\/wordpress\/plugins\/seo\/ -->\n<title>Justice p\u00e9nale : Promotion des mesures alternatives \u00e0 la d\u00e9tention en R\u00e9publique du B\u00e9nin - Changement social Benin<\/title>\n<meta name=\"robots\" content=\"index, follow, max-snippet:-1, max-image-preview:large, max-video-preview:-1\" \/>\n<link rel=\"canonical\" href=\"https:\/\/changementsocialbenin.org\/index.php\/justice-penale-promotion-des-mesures-alternatives-a-la-detention-en-republique-du-benin\/\" \/>\n<meta property=\"og:locale\" content=\"fr_FR\" \/>\n<meta property=\"og:type\" content=\"article\" \/>\n<meta property=\"og:title\" content=\"Justice p\u00e9nale : Promotion des mesures alternatives \u00e0 la d\u00e9tention en R\u00e9publique du B\u00e9nin\" \/>\n<meta property=\"og:description\" content=\"En vue de comprendre au mieux le ph\u00e9nom\u00e8ne de la surpopulation carc\u00e9rale, dans le cadre du projet\u00a0\u00ab\u00a0Plaidoyer pour une application effective des peines alternatives \u00e0 l\u2019emprisonnement pour infractions mineures en R\u00e9publique du B\u00e9nin\u00a0\u00bb,\u00a0l\u2019ONG Changement Social B\u00e9nin (CSB) a men\u00e9 en 2019, une \u00e9tude sur le r\u00e9gime de sanctions p\u00e9nales appliqu\u00e9 aux infractions mineures en R\u00e9publique du B\u00e9nin. \u00c0 la lumi\u00e8re de cette \u00e9tude, il est ressorti que le recours syst\u00e9matique aux peines d\u2019emprisonnement pour infractions dites mineures contribue consid\u00e9rablement \u00e0 la surpopulation carc\u00e9rale.\u00a0Ab initio, Changement Social B\u00e9nin avait identifi\u00e9 les peines alternatives \u00e0 l\u2019emprisonnement comme le moyen le plus \u00e0 m\u00eame de r\u00e9duire la surpopulation carc\u00e9rale. \u00a0 Mais \u00e0 l\u2019arriv\u00e9e, l\u2019on remarquera que cette action s\u2019est beaucoup plus focalis\u00e9e sur la phase du prononc\u00e9 du jugement notamment des peines alors que bien avant cette phase, il y a en amont, plusieurs autres phases au niveau desquelles il est possible d\u2019agir pour palier la surpopulation carc\u00e9rale. Il s\u2019agit de toutes les phases de la proc\u00e9dure p\u00e9nale avant le jugement notamment \u00e0 l\u2019occasion de la recherche, la constatation et la poursuite des infractions pour l\u2019\u00e9tablissement des preuves\u00a0; toutes \u00e9tapes renvoyant \u00e0 l\u2019instruction pr\u00e9paratoire. Bien vrai que les peines alternatives \u00e0 l\u2019emprisonnement peuvent favoriser le d\u00e9sengorgement du milieu carc\u00e9ral, mais il existe aussi d\u2019autres options opportunes \u00e0 exploiter dans le contexte b\u00e9ninois avant m\u00eame la phase du jugement dans la proc\u00e9dure p\u00e9nale. C\u2019est consid\u00e9rant tout ce qui pr\u00e9c\u00e8de que l\u2019ONG Changement Social B\u00e9nin (CSB) a initi\u00e9 le projet\u00a0\u00ab\u00a0Justice p\u00e9nale\u00a0: promotion des mesures alternatives \u00e0 la d\u00e9tention en R\u00e9publique du B\u00e9nin\u00a0\u00bb avec l\u2019appui financier de OSIWA\u00a0en compl\u00e9ment au projet\u00a0\u00ab\u00a0Plaidoyer pour une application effective des peines alternatives \u00e0 l\u2019emprisonnement pour infraction mineure en R\u00e9publique du B\u00e9nin\u00a0\u00bb. \u00c0 travers cette initiative, Changement Social B\u00e9nin entend \u0153uvrer pour que les mesures alternatives \u00e0 la privation de libert\u00e9 durant la phase de l\u2019instruction pr\u00e9paratoire. Rendus du projet Rapport sp\u00e9cifique de monitoring des droits humains en 2021 dans EP Lokossa Lire plus 25 novembre 2022 Rapport sp\u00e9cifique de monitoring des droits humains en 2021 dans EP Akpro-Miss\u00e9ret\u00e9 Situation del\u2019\u00e9tablissementp\u00e9nitentiaire d\u2019Abomey Lire plus 25 novembre 2022 Rapport sp\u00e9cifique de monitoring des droits humains en 2021 dans EP Savalou Rapport sp\u00e9cifique de monitoring des droits humains en 2021 dans&#8230; Lire plus 25 novembre 2022 Rapport sp\u00e9cifique de monitoring des droits humains en 2021 dans EP Porto-novo Rapport sp\u00e9cifique de monitoring des droits humains en 2021 dans&#8230; Lire plus 25 novembre 2022 Load More Galerie du projet\" \/>\n<meta property=\"og:url\" content=\"https:\/\/changementsocialbenin.org\/index.php\/justice-penale-promotion-des-mesures-alternatives-a-la-detention-en-republique-du-benin\/\" \/>\n<meta property=\"og:site_name\" content=\"Changement social Benin\" \/>\n<meta property=\"article:modified_time\" content=\"2022-12-19T07:54:15+00:00\" \/>\n<meta property=\"og:image\" content=\"https:\/\/changementsocialbenin.org\/wp-content\/uploads\/2022\/07\/cropped-WhatsApp-Image-2021-09-24-at-20.02.15-1.jpeg\" \/>\n\t<meta property=\"og:image:width\" content=\"756\" \/>\n\t<meta property=\"og:image:height\" content=\"756\" \/>\n\t<meta property=\"og:image:type\" content=\"image\/jpeg\" \/>\n<meta name=\"twitter:card\" content=\"summary_large_image\" \/>\n<meta name=\"twitter:label1\" content=\"Dur\u00e9e de lecture estim\u00e9e\" \/>\n\t<meta name=\"twitter:data1\" content=\"2 minutes\" \/>\n<script type=\"application\/ld+json\" class=\"yoast-schema-graph\">{\"@context\":\"https:\/\/schema.org\",\"@graph\":[{\"@type\":\"WebPage\",\"@id\":\"https:\/\/changementsocialbenin.org\/index.php\/justice-penale-promotion-des-mesures-alternatives-a-la-detention-en-republique-du-benin\/\",\"url\":\"https:\/\/changementsocialbenin.org\/index.php\/justice-penale-promotion-des-mesures-alternatives-a-la-detention-en-republique-du-benin\/\",\"name\":\"Justice p\u00e9nale : Promotion des mesures alternatives \u00e0 la d\u00e9tention en R\u00e9publique du B\u00e9nin - Changement social Benin\",\"isPartOf\":{\"@id\":\"https:\/\/changementsocialbenin.org\/#website\"},\"primaryImageOfPage\":{\"@id\":\"https:\/\/changementsocialbenin.org\/index.php\/justice-penale-promotion-des-mesures-alternatives-a-la-detention-en-republique-du-benin\/#primaryimage\"},\"image\":{\"@id\":\"https:\/\/changementsocialbenin.org\/index.php\/justice-penale-promotion-des-mesures-alternatives-a-la-detention-en-republique-du-benin\/#primaryimage\"},\"thumbnailUrl\":\"https:\/\/changementsocialbenin.org\/wp-content\/uploads\/2022\/07\/cropped-WhatsApp-Image-2021-09-24-at-20.02.15-1.jpeg\",\"datePublished\":\"2022-07-09T15:41:39+00:00\",\"dateModified\":\"2022-12-19T07:54:15+00:00\",\"breadcrumb\":{\"@id\":\"https:\/\/changementsocialbenin.org\/index.php\/justice-penale-promotion-des-mesures-alternatives-a-la-detention-en-republique-du-benin\/#breadcrumb\"},\"inLanguage\":\"fr-FR\",\"potentialAction\":[{\"@type\":\"ReadAction\",\"target\":[\"https:\/\/changementsocialbenin.org\/index.php\/justice-penale-promotion-des-mesures-alternatives-a-la-detention-en-republique-du-benin\/\"]}]},{\"@type\":\"ImageObject\",\"inLanguage\":\"fr-FR\",\"@id\":\"https:\/\/changementsocialbenin.org\/index.php\/justice-penale-promotion-des-mesures-alternatives-a-la-detention-en-republique-du-benin\/#primaryimage\",\"url\":\"https:\/\/changementsocialbenin.org\/wp-content\/uploads\/2022\/07\/cropped-WhatsApp-Image-2021-09-24-at-20.02.15-1.jpeg\",\"contentUrl\":\"https:\/\/changementsocialbenin.org\/wp-content\/uploads\/2022\/07\/cropped-WhatsApp-Image-2021-09-24-at-20.02.15-1.jpeg\",\"width\":756,\"height\":756},{\"@type\":\"BreadcrumbList\",\"@id\":\"https:\/\/changementsocialbenin.org\/index.php\/justice-penale-promotion-des-mesures-alternatives-a-la-detention-en-republique-du-benin\/#breadcrumb\",\"itemListElement\":[{\"@type\":\"ListItem\",\"position\":1,\"name\":\"Accueil\",\"item\":\"https:\/\/changementsocialbenin.org\/\"},{\"@type\":\"ListItem\",\"position\":2,\"name\":\"Justice p\u00e9nale : Promotion des mesures alternatives \u00e0 la d\u00e9tention en R\u00e9publique du B\u00e9nin\"}]},{\"@type\":\"WebSite\",\"@id\":\"https:\/\/changementsocialbenin.org\/#website\",\"url\":\"https:\/\/changementsocialbenin.org\/\",\"name\":\"Changement social Benin\",\"description\":\"\",\"potentialAction\":[{\"@type\":\"SearchAction\",\"target\":{\"@type\":\"EntryPoint\",\"urlTemplate\":\"https:\/\/changementsocialbenin.org\/?s={search_term_string}\"},\"query-input\":{\"@type\":\"PropertyValueSpecification\",\"valueRequired\":true,\"valueName\":\"search_term_string\"}}],\"inLanguage\":\"fr-FR\"}]}<\/script>\n<!-- \/ Yoast SEO Premium plugin. -->","yoast_head_json":{"title":"Justice p\u00e9nale : Promotion des mesures alternatives \u00e0 la d\u00e9tention en R\u00e9publique du B\u00e9nin - Changement social Benin","robots":{"index":"index","follow":"follow","max-snippet":"max-snippet:-1","max-image-preview":"max-image-preview:large","max-video-preview":"max-video-preview:-1"},"canonical":"https:\/\/changementsocialbenin.org\/index.php\/justice-penale-promotion-des-mesures-alternatives-a-la-detention-en-republique-du-benin\/","og_locale":"fr_FR","og_type":"article","og_title":"Justice p\u00e9nale : Promotion des mesures alternatives \u00e0 la d\u00e9tention en R\u00e9publique du B\u00e9nin","og_description":"En vue de comprendre au mieux le ph\u00e9nom\u00e8ne de la surpopulation carc\u00e9rale, dans le cadre du projet\u00a0\u00ab\u00a0Plaidoyer pour une application effective des peines alternatives \u00e0 l\u2019emprisonnement pour infractions mineures en R\u00e9publique du B\u00e9nin\u00a0\u00bb,\u00a0l\u2019ONG Changement Social B\u00e9nin (CSB) a men\u00e9 en 2019, une \u00e9tude sur le r\u00e9gime de sanctions p\u00e9nales appliqu\u00e9 aux infractions mineures en R\u00e9publique du B\u00e9nin. \u00c0 la lumi\u00e8re de cette \u00e9tude, il est ressorti que le recours syst\u00e9matique aux peines d\u2019emprisonnement pour infractions dites mineures contribue consid\u00e9rablement \u00e0 la surpopulation carc\u00e9rale.\u00a0Ab initio, Changement Social B\u00e9nin avait identifi\u00e9 les peines alternatives \u00e0 l\u2019emprisonnement comme le moyen le plus \u00e0 m\u00eame de r\u00e9duire la surpopulation carc\u00e9rale. \u00a0 Mais \u00e0 l\u2019arriv\u00e9e, l\u2019on remarquera que cette action s\u2019est beaucoup plus focalis\u00e9e sur la phase du prononc\u00e9 du jugement notamment des peines alors que bien avant cette phase, il y a en amont, plusieurs autres phases au niveau desquelles il est possible d\u2019agir pour palier la surpopulation carc\u00e9rale. Il s\u2019agit de toutes les phases de la proc\u00e9dure p\u00e9nale avant le jugement notamment \u00e0 l\u2019occasion de la recherche, la constatation et la poursuite des infractions pour l\u2019\u00e9tablissement des preuves\u00a0; toutes \u00e9tapes renvoyant \u00e0 l\u2019instruction pr\u00e9paratoire. Bien vrai que les peines alternatives \u00e0 l\u2019emprisonnement peuvent favoriser le d\u00e9sengorgement du milieu carc\u00e9ral, mais il existe aussi d\u2019autres options opportunes \u00e0 exploiter dans le contexte b\u00e9ninois avant m\u00eame la phase du jugement dans la proc\u00e9dure p\u00e9nale. C\u2019est consid\u00e9rant tout ce qui pr\u00e9c\u00e8de que l\u2019ONG Changement Social B\u00e9nin (CSB) a initi\u00e9 le projet\u00a0\u00ab\u00a0Justice p\u00e9nale\u00a0: promotion des mesures alternatives \u00e0 la d\u00e9tention en R\u00e9publique du B\u00e9nin\u00a0\u00bb avec l\u2019appui financier de OSIWA\u00a0en compl\u00e9ment au projet\u00a0\u00ab\u00a0Plaidoyer pour une application effective des peines alternatives \u00e0 l\u2019emprisonnement pour infraction mineure en R\u00e9publique du B\u00e9nin\u00a0\u00bb. \u00c0 travers cette initiative, Changement Social B\u00e9nin entend \u0153uvrer pour que les mesures alternatives \u00e0 la privation de libert\u00e9 durant la phase de l\u2019instruction pr\u00e9paratoire. Rendus du projet Rapport sp\u00e9cifique de monitoring des droits humains en 2021 dans EP Lokossa Lire plus 25 novembre 2022 Rapport sp\u00e9cifique de monitoring des droits humains en 2021 dans EP Akpro-Miss\u00e9ret\u00e9 Situation del\u2019\u00e9tablissementp\u00e9nitentiaire d\u2019Abomey Lire plus 25 novembre 2022 Rapport sp\u00e9cifique de monitoring des droits humains en 2021 dans EP Savalou Rapport sp\u00e9cifique de monitoring des droits humains en 2021 dans&#8230; Lire plus 25 novembre 2022 Rapport sp\u00e9cifique de monitoring des droits humains en 2021 dans EP Porto-novo Rapport sp\u00e9cifique de monitoring des droits humains en 2021 dans&#8230; Lire plus 25 novembre 2022 Load More Galerie du projet","og_url":"https:\/\/changementsocialbenin.org\/index.php\/justice-penale-promotion-des-mesures-alternatives-a-la-detention-en-republique-du-benin\/","og_site_name":"Changement social Benin","article_modified_time":"2022-12-19T07:54:15+00:00","og_image":[{"width":756,"height":756,"url":"https:\/\/changementsocialbenin.org\/wp-content\/uploads\/2022\/07\/cropped-WhatsApp-Image-2021-09-24-at-20.02.15-1.jpeg","type":"image\/jpeg"}],"twitter_card":"summary_large_image","twitter_misc":{"Dur\u00e9e de lecture estim\u00e9e":"2 minutes"},"schema":{"@context":"https:\/\/schema.org","@graph":[{"@type":"WebPage","@id":"https:\/\/changementsocialbenin.org\/index.php\/justice-penale-promotion-des-mesures-alternatives-a-la-detention-en-republique-du-benin\/","url":"https:\/\/changementsocialbenin.org\/index.php\/justice-penale-promotion-des-mesures-alternatives-a-la-detention-en-republique-du-benin\/","name":"Justice p\u00e9nale : Promotion des mesures alternatives \u00e0 la d\u00e9tention en R\u00e9publique du B\u00e9nin - Changement social Benin","isPartOf":{"@id":"https:\/\/changementsocialbenin.org\/#website"},"primaryImageOfPage":{"@id":"https:\/\/changementsocialbenin.org\/index.php\/justice-penale-promotion-des-mesures-alternatives-a-la-detention-en-republique-du-benin\/#primaryimage"},"image":{"@id":"https:\/\/changementsocialbenin.org\/index.php\/justice-penale-promotion-des-mesures-alternatives-a-la-detention-en-republique-du-benin\/#primaryimage"},"thumbnailUrl":"https:\/\/changementsocialbenin.org\/wp-content\/uploads\/2022\/07\/cropped-WhatsApp-Image-2021-09-24-at-20.02.15-1.jpeg","datePublished":"2022-07-09T15:41:39+00:00","dateModified":"2022-12-19T07:54:15+00:00","breadcrumb":{"@id":"https:\/\/changementsocialbenin.org\/index.php\/justice-penale-promotion-des-mesures-alternatives-a-la-detention-en-republique-du-benin\/#breadcrumb"},"inLanguage":"fr-FR","potentialAction":[{"@type":"ReadAction","target":["https:\/\/changementsocialbenin.org\/index.php\/justice-penale-promotion-des-mesures-alternatives-a-la-detention-en-republique-du-benin\/"]}]},{"@type":"ImageObject","inLanguage":"fr-FR","@id":"https:\/\/changementsocialbenin.org\/index.php\/justice-penale-promotion-des-mesures-alternatives-a-la-detention-en-republique-du-benin\/#primaryimage","url":"https:\/\/changementsocialbenin.org\/wp-content\/uploads\/2022\/07\/cropped-WhatsApp-Image-2021-09-24-at-20.02.15-1.jpeg","contentUrl":"https:\/\/changementsocialbenin.org\/wp-content\/uploads\/2022\/07\/cropped-WhatsApp-Image-2021-09-24-at-20.02.15-1.jpeg","width":756,"height":756},{"@type":"BreadcrumbList","@id":"https:\/\/changementsocialbenin.org\/index.php\/justice-penale-promotion-des-mesures-alternatives-a-la-detention-en-republique-du-benin\/#breadcrumb","itemListElement":[{"@type":"ListItem","position":1,"name":"Accueil","item":"https:\/\/changementsocialbenin.org\/"},{"@type":"ListItem","position":2,"name":"Justice p\u00e9nale : Promotion des mesures alternatives \u00e0 la d\u00e9tention en R\u00e9publique du B\u00e9nin"}]},{"@type":"WebSite","@id":"https:\/\/changementsocialbenin.org\/#website","url":"https:\/\/changementsocialbenin.org\/","name":"Changement social Benin","description":"","potentialAction":[{"@type":"SearchAction","target":{"@type":"EntryPoint","urlTemplate":"https:\/\/changementsocialbenin.org\/?s={search_term_string}"},"query-input":{"@type":"PropertyValueSpecification","valueRequired":true,"valueName":"search_term_string"}}],"inLanguage":"fr-FR"}]}},"post_mailing_queue_ids":[],"_links":{"self":[{"href":"https:\/\/changementsocialbenin.org\/index.php\/wp-json\/wp\/v2\/pages\/975","targetHints":{"allow":["GET"]}}],"collection":[{"href":"https:\/\/changementsocialbenin.org\/index.php\/wp-json\/wp\/v2\/pages"}],"about":[{"href":"https:\/\/changementsocialbenin.org\/index.php\/wp-json\/wp\/v2\/types\/page"}],"author":[{"embeddable":true,"href":"https:\/\/changementsocialbenin.org\/index.php\/wp-json\/wp\/v2\/users\/1"}],"replies":[{"embeddable":true,"href":"https:\/\/changementsocialbenin.org\/index.php\/wp-json\/wp\/v2\/comments?post=975"}],"version-history":[{"count":16,"href":"https:\/\/changementsocialbenin.org\/index.php\/wp-json\/wp\/v2\/pages\/975\/revisions"}],"predecessor-version":[{"id":2641,"href":"https:\/\/changementsocialbenin.org\/index.php\/wp-json\/wp\/v2\/pages\/975\/revisions\/2641"}],"wp:attachment":[{"href":"https:\/\/changementsocialbenin.org\/index.php\/wp-json\/wp\/v2\/media?parent=975"}],"curies":[{"name":"wp","href":"https:\/\/api.w.org\/{rel}","templated":true}]}}