{"id":942,"date":"2022-07-09T17:01:37","date_gmt":"2022-07-09T15:01:37","guid":{"rendered":"http:\/\/changementsocialbenin.com\/?page_id=942"},"modified":"2022-12-19T08:52:00","modified_gmt":"2022-12-19T07:52:00","slug":"plaidoyer-pour-une-application-effective-des-peines-alternatives-a-lemprisonnement-pour-infractions-mineures-en-republique-du-benin","status":"publish","type":"page","link":"https:\/\/changementsocialbenin.org\/index.php\/plaidoyer-pour-une-application-effective-des-peines-alternatives-a-lemprisonnement-pour-infractions-mineures-en-republique-du-benin\/","title":{"rendered":"Plaidoyer pour une application effective des peines alternatives \u00e0 l\u2019emprisonnement pour infractions mineures en R\u00e9publique du B\u00e9nin"},"content":{"rendered":"\t\t<div data-elementor-type=\"wp-page\" data-elementor-id=\"942\" class=\"elementor elementor-942\" data-elementor-settings=\"{&quot;ha_cmc_init_switcher&quot;:&quot;no&quot;}\" data-elementor-post-type=\"page\">\n\t\t\t\t\t\t<section class=\"elementor-section elementor-top-section elementor-element elementor-element-49ce0cda elementor-section-full_width elementor-section-height-default elementor-section-height-default wpr-particle-no wpr-jarallax-no wpr-parallax-no wpr-sticky-section-no\" data-id=\"49ce0cda\" data-element_type=\"section\" data-settings=\"{&quot;background_background&quot;:&quot;classic&quot;,&quot;background_motion_fx_motion_fx_scrolling&quot;:&quot;yes&quot;,&quot;background_motion_fx_translateY_effect&quot;:&quot;yes&quot;,&quot;background_motion_fx_translateY_speed&quot;:{&quot;unit&quot;:&quot;px&quot;,&quot;size&quot;:3.8999999999999999,&quot;sizes&quot;:[]},&quot;background_motion_fx_translateY_affectedRange&quot;:{&quot;unit&quot;:&quot;%&quot;,&quot;size&quot;:&quot;&quot;,&quot;sizes&quot;:{&quot;start&quot;:0,&quot;end&quot;:100}},&quot;background_motion_fx_devices&quot;:[&quot;desktop&quot;,&quot;tablet&quot;,&quot;mobile&quot;],&quot;_ha_eqh_enable&quot;:false}\">\n\t\t\t\t\t\t<div class=\"elementor-container elementor-column-gap-default\">\n\t\t\t\t\t<div class=\"elementor-column elementor-col-100 elementor-top-column elementor-element elementor-element-2eb4cc08\" data-id=\"2eb4cc08\" data-element_type=\"column\">\n\t\t\t<div class=\"elementor-widget-wrap elementor-element-populated\">\n\t\t\t\t\t\t<div class=\"elementor-element elementor-element-3d500633 elementor-widget elementor-widget-heading\" data-id=\"3d500633\" data-element_type=\"widget\" data-widget_type=\"heading.default\">\n\t\t\t\t<div class=\"elementor-widget-container\">\n\t\t\t\t\t<h2 class=\"elementor-heading-title elementor-size-default\">Plaidoyer pour une application effective des peines alternatives \u00e0 l\u2019emprisonnement pour infractions mineures en R\u00e9publique du B\u00e9nin<\/h2>\t\t\t\t<\/div>\n\t\t\t\t<\/div>\n\t\t\t\t\t<\/div>\n\t\t<\/div>\n\t\t\t\t\t<\/div>\n\t\t<\/section>\n\t\t\t\t<section class=\"elementor-section elementor-top-section elementor-element elementor-element-386fbb74 elementor-section-boxed elementor-section-height-default elementor-section-height-default wpr-particle-no wpr-jarallax-no wpr-parallax-no wpr-sticky-section-no\" data-id=\"386fbb74\" data-element_type=\"section\" data-settings=\"{&quot;_ha_eqh_enable&quot;:false}\">\n\t\t\t\t\t\t<div class=\"elementor-container elementor-column-gap-default\">\n\t\t\t\t\t<div class=\"elementor-column elementor-col-100 elementor-top-column elementor-element elementor-element-53b02ab8\" data-id=\"53b02ab8\" data-element_type=\"column\">\n\t\t\t<div class=\"elementor-widget-wrap elementor-element-populated\">\n\t\t\t\t\t\t<section class=\"elementor-section elementor-inner-section elementor-element elementor-element-86e1f8f elementor-section-boxed elementor-section-height-default elementor-section-height-default wpr-particle-no wpr-jarallax-no wpr-parallax-no wpr-sticky-section-no\" data-id=\"86e1f8f\" data-element_type=\"section\" data-settings=\"{&quot;background_background&quot;:&quot;classic&quot;,&quot;_ha_eqh_enable&quot;:false}\">\n\t\t\t\t\t\t<div class=\"elementor-container elementor-column-gap-default\">\n\t\t\t\t\t<div class=\"elementor-column elementor-col-50 elementor-inner-column elementor-element elementor-element-550373c8\" data-id=\"550373c8\" data-element_type=\"column\">\n\t\t\t<div class=\"elementor-widget-wrap elementor-element-populated\">\n\t\t\t\t\t\t<div class=\"elementor-element elementor-element-25305632 elementor-widget elementor-widget-image\" data-id=\"25305632\" data-element_type=\"widget\" data-widget_type=\"image.default\">\n\t\t\t\t<div class=\"elementor-widget-container\">\n\t\t\t\t\t\t\t\t\t\t\t\t\t\t\t<img fetchpriority=\"high\" decoding=\"async\" width=\"1000\" height=\"749\" src=\"https:\/\/changementsocialbenin.org\/wp-content\/uploads\/2022\/07\/IMG-20200514-WA0029-2-1024x767.jpg\" class=\"attachment-large size-large wp-image-971\" alt=\"\" srcset=\"https:\/\/changementsocialbenin.org\/wp-content\/uploads\/2022\/07\/IMG-20200514-WA0029-2-1024x767.jpg 1024w, https:\/\/changementsocialbenin.org\/wp-content\/uploads\/2022\/07\/IMG-20200514-WA0029-2-300x225.jpg 300w, https:\/\/changementsocialbenin.org\/wp-content\/uploads\/2022\/07\/IMG-20200514-WA0029-2-768x575.jpg 768w, https:\/\/changementsocialbenin.org\/wp-content\/uploads\/2022\/07\/IMG-20200514-WA0029-2-200x150.jpg 200w, https:\/\/changementsocialbenin.org\/wp-content\/uploads\/2022\/07\/IMG-20200514-WA0029-2.jpg 1080w\" sizes=\"(max-width: 1000px) 100vw, 1000px\" \/>\t\t\t\t\t\t\t\t\t\t\t\t\t\t\t<\/div>\n\t\t\t\t<\/div>\n\t\t\t\t\t<\/div>\n\t\t<\/div>\n\t\t\t\t<div class=\"elementor-column elementor-col-50 elementor-inner-column elementor-element elementor-element-6f52d364\" data-id=\"6f52d364\" data-element_type=\"column\">\n\t\t\t<div class=\"elementor-widget-wrap elementor-element-populated\">\n\t\t\t\t\t\t<div class=\"elementor-element elementor-element-4b8651ff elementor-widget elementor-widget-heading\" data-id=\"4b8651ff\" data-element_type=\"widget\" data-widget_type=\"heading.default\">\n\t\t\t\t<div class=\"elementor-widget-container\">\n\t\t\t\t\t<h2 class=\"elementor-heading-title elementor-size-default\">Plaidoyer pour une application effective des peines alternatives \u00e0 l\u2019emprisonnement pour infractions mineures en R\u00e9publique du B\u00e9nin<\/h2>\t\t\t\t<\/div>\n\t\t\t\t<\/div>\n\t\t\t\t<div class=\"elementor-element elementor-element-314b51d0 elementor-widget elementor-widget-text-editor\" data-id=\"314b51d0\" data-element_type=\"widget\" data-widget_type=\"text-editor.default\">\n\t\t\t\t<div class=\"elementor-widget-container\">\n\t\t\t\t\t\t\t\t\t<p>Au plan r\u00e9gional, apr\u00e8s plusieurs ann\u00e9es de travail visant \u00e0 d\u00e9congestionner les prisons et \u00e0 plaider pour de meilleures conditions de d\u00e9tention, la Commission africaine a \u00e9tabli que le surpeuplement des prisons en Afrique est en partie d\u00fb au nombre \u00e9lev\u00e9 de d\u00e9tenus incarc\u00e9r\u00e9s pour des d\u00e9lits mineurs. Cela a conduit \u00e0 l\u2019adoption par\u00a0<em>la Commission africaine, en novembre 2017<\/em>, des\u00a0<strong>Principes pour la d\u00e9p\u00e9nalisation de la petite infraction<\/strong>, qui encouragent les \u00c9tats parties \u00e0 la Charte africaine \u00e0 tenir compte de ses dispositions pour tenter de d\u00e9congestionner les prisons, d\u2019am\u00e9liorer leurs conditions, de vulgariser les principes sur la d\u00e9criminalisation des infractions mineures. <\/p>\t\t\t\t\t\t\t\t<\/div>\n\t\t\t\t<\/div>\n\t\t\t\t\t<\/div>\n\t\t<\/div>\n\t\t\t\t\t<\/div>\n\t\t<\/section>\n\t\t\t\t<section class=\"elementor-section elementor-inner-section elementor-element elementor-element-6c14347 elementor-section-boxed elementor-section-height-default elementor-section-height-default wpr-particle-no wpr-jarallax-no wpr-parallax-no wpr-sticky-section-no\" data-id=\"6c14347\" data-element_type=\"section\" data-settings=\"{&quot;background_background&quot;:&quot;classic&quot;,&quot;_ha_eqh_enable&quot;:false}\">\n\t\t\t\t\t\t<div class=\"elementor-container elementor-column-gap-default\">\n\t\t\t\t\t<div class=\"elementor-column elementor-col-100 elementor-inner-column elementor-element elementor-element-329ffda\" data-id=\"329ffda\" data-element_type=\"column\">\n\t\t\t<div class=\"elementor-widget-wrap elementor-element-populated\">\n\t\t\t\t\t\t<div class=\"elementor-element elementor-element-5cb553d elementor-widget elementor-widget-text-editor\" data-id=\"5cb553d\" data-element_type=\"widget\" data-widget_type=\"text-editor.default\">\n\t\t\t\t<div class=\"elementor-widget-container\">\n\t\t\t\t\t\t\t\t\t<p>Au B\u00e9nin, divers rapports relatifs aux conditions carc\u00e9rales dont entre autres, celui de la mission parlementaire d\u2019aout 2016, et celui du Minist\u00e8re de la justice du 13 avril 2017, ont aliment\u00e9 le d\u00e9bat sur la r\u00e9forme du syst\u00e8me p\u00e9nal b\u00e9ninois.Le 17 septembre 2012, l\u2019Assembl\u00e9e Nationale du B\u00e9nin a adopt\u00e9 un\u00a0<strong>nouveau Code de Proc\u00e9dure P\u00e9nale<\/strong>\u00a0dont l\u2019une des innovations majeures est d\u2019avoir institu\u00e9 un Juge des Libert\u00e9s et de la D\u00e9tention. L\u2019esprit du L\u00e9gislateur en mettant en place une telle institution, est d\u2019en arriver \u00e0 un v\u00e9ritable respect de la r\u00e8gle \u2018\u2019 Le principe est la libert\u00e9 et la d\u00e9tention, l\u2019exception \u2019\u2019. Ceci devrait en arriver \u00e0 \u00e9viter les d\u00e9tentions syst\u00e9matiques et par ricochet la surpopulation carc\u00e9rale car il est un fait que les d\u00e9tentions provisoires participent \u00e0 grande \u00e9chelle \u00e0 grossir le nombre de la population carc\u00e9rale.<\/p><p>C\u2019est pourquoi le projet intitul\u00e9\u00a0<strong><em>\u201d Plaidoyer pour une application effective des mesures alternatives \u00e0 l\u2019emprisonnement pour infraction mineure en R\u00e9publique du B\u00e9nin \u201c<\/em><\/strong>,\u00a0<strong>l\u2019ONG Changement Social B\u00e9nin<\/strong>\u00a0(<strong>CSB<\/strong>) fut mis en \u0153uvre en vue d\u2019agir pour une r\u00e9forme du syst\u00e8me p\u00e9nal et de sanction au B\u00e9nin de mani\u00e8re \u00e0 le rendre plus protecteur des droits humains \u00e0 travers la r\u00e9duction de la population carc\u00e9rale.<\/p><p>En harmonie avec cette l\u2019article 40 de la Constitution b\u00e9ninoise et consid\u00e9rant que la Charte africaine sur les valeurs et les principes du service public et de l\u2019administration requiert une r\u00e9elle appropriation par les acteurs de l\u2019offre de service public \u00e0 l\u2019\u00e8re de la modernisation de l\u2019administration publique b\u00e9ninoise, il sied d\u2019agir sur lesdits acteurs pour susciter un changement de comportement en vue de fournir un service public accessible, disponible, acceptable et adapt\u00e9 aux acteurs de la demande de service public.<\/p>\t\t\t\t\t\t\t\t<\/div>\n\t\t\t\t<\/div>\n\t\t\t\t\t<\/div>\n\t\t<\/div>\n\t\t\t\t\t<\/div>\n\t\t<\/section>\n\t\t\t\t<section class=\"elementor-section elementor-inner-section elementor-element elementor-element-1c5f67dc elementor-section-boxed elementor-section-height-default elementor-section-height-default wpr-particle-no wpr-jarallax-no wpr-parallax-no wpr-sticky-section-no\" data-id=\"1c5f67dc\" data-element_type=\"section\" data-settings=\"{&quot;_ha_eqh_enable&quot;:false}\">\n\t\t\t\t\t\t<div class=\"elementor-container elementor-column-gap-default\">\n\t\t\t\t\t<div class=\"elementor-column elementor-col-50 elementor-inner-column elementor-element elementor-element-54b1b4cf\" data-id=\"54b1b4cf\" data-element_type=\"column\">\n\t\t\t<div class=\"elementor-widget-wrap elementor-element-populated\">\n\t\t\t\t\t\t<div class=\"elementor-element elementor-element-69ec03b elementor-widget elementor-widget-spacer\" data-id=\"69ec03b\" data-element_type=\"widget\" data-widget_type=\"spacer.default\">\n\t\t\t\t<div class=\"elementor-widget-container\">\n\t\t\t\t\t\t\t<div class=\"elementor-spacer\">\n\t\t\t<div class=\"elementor-spacer-inner\"><\/div>\n\t\t<\/div>\n\t\t\t\t\t\t<\/div>\n\t\t\t\t<\/div>\n\t\t\t\t<div class=\"elementor-element elementor-element-686ea59e elementor-widget elementor-widget-heading\" data-id=\"686ea59e\" data-element_type=\"widget\" data-widget_type=\"heading.default\">\n\t\t\t\t<div class=\"elementor-widget-container\">\n\t\t\t\t\t<h2 class=\"elementor-heading-title elementor-size-default\">Rendus du projet<\/h2>\t\t\t\t<\/div>\n\t\t\t\t<\/div>\n\t\t\t\t<div class=\"elementor-element elementor-element-6f8fa62e elementor-widget-divider--view-line elementor-widget elementor-widget-divider\" data-id=\"6f8fa62e\" data-element_type=\"widget\" data-widget_type=\"divider.default\">\n\t\t\t\t<div class=\"elementor-widget-container\">\n\t\t\t\t\t\t\t<div class=\"elementor-divider\">\n\t\t\t<span class=\"elementor-divider-separator\">\n\t\t\t\t\t\t<\/span>\n\t\t<\/div>\n\t\t\t\t\t\t<\/div>\n\t\t\t\t<\/div>\n\t\t\t\t\t<\/div>\n\t\t<\/div>\n\t\t\t\t<div class=\"elementor-column elementor-col-50 elementor-inner-column elementor-element elementor-element-7cb650ce\" data-id=\"7cb650ce\" data-element_type=\"column\">\n\t\t\t<div class=\"elementor-widget-wrap\">\n\t\t\t\t\t\t\t<\/div>\n\t\t<\/div>\n\t\t\t\t\t<\/div>\n\t\t<\/section>\n\t\t\t\t<section class=\"elementor-section elementor-inner-section elementor-element elementor-element-186c379 elementor-section-boxed elementor-section-height-default elementor-section-height-default wpr-particle-no wpr-jarallax-no wpr-parallax-no wpr-sticky-section-no\" data-id=\"186c379\" data-element_type=\"section\" data-settings=\"{&quot;_ha_eqh_enable&quot;:false}\">\n\t\t\t\t\t\t<div class=\"elementor-container elementor-column-gap-default\">\n\t\t\t\t\t<div class=\"elementor-column elementor-col-100 elementor-inner-column elementor-element elementor-element-79e269f9\" data-id=\"79e269f9\" data-element_type=\"column\">\n\t\t\t<div class=\"elementor-widget-wrap elementor-element-populated\">\n\t\t\t\t\t\t<div class=\"elementor-element elementor-element-b80cb21 elementor-grid-eael-col-4 elementor-grid-tablet-eael-col-2 elementor-grid-mobile-eael-col-1 elementor-widget elementor-widget-eael-post-grid\" data-id=\"b80cb21\" data-element_type=\"widget\" data-settings=\"{&quot;eael_post_grid_columns&quot;:&quot;eael-col-4&quot;,&quot;eael_post_grid_columns_tablet&quot;:&quot;eael-col-2&quot;,&quot;eael_post_grid_columns_mobile&quot;:&quot;eael-col-1&quot;}\" data-widget_type=\"eael-post-grid.default\">\n\t\t\t\t<div class=\"elementor-widget-container\">\n\t\t\t\t\t<div id=\"eael-post-grid-b80cb21\" class=\"eael-post-grid-container\">\n            <div class=\"eael-post-grid eael-post-appender eael-post-appender-b80cb21 eael-post-grid-style-one\" data-layout-mode=\"masonry\"><article class=\"eael-grid-post eael-post-grid-column\" data-id=\"2824\">\n        <div class=\"eael-grid-post-holder\">\n            <div class=\"eael-grid-post-holder-inner\"><div class=\"eael-entry-media\"><div class=\"eael-entry-overlay fade-in\"><i class=\"fas fa-long-arrow-alt-right\" aria-hidden=\"true\"><\/i><a href=\"https:\/\/changementsocialbenin.org\/index.php\/2023\/03\/17\/rapport-detude-sur-le-regime-de-sanctions-penales-applique-aux-infractions-mineures-et-sur-loffice-du-juge-des-libertes-et-de-la-detention-en-republique-du-benin\/\"><\/a><\/div><div class=\"eael-entry-thumbnail \">\n                <img decoding=\"async\" width=\"243\" height=\"300\" src=\"https:\/\/changementsocialbenin.org\/wp-content\/uploads\/2023\/03\/CSB-repris-243x300.png\" class=\"attachment-medium size-medium wp-image-2813\" alt=\"\" srcset=\"https:\/\/changementsocialbenin.org\/wp-content\/uploads\/2023\/03\/CSB-repris-243x300.png 243w, https:\/\/changementsocialbenin.org\/wp-content\/uploads\/2023\/03\/CSB-repris-831x1024.png 831w, https:\/\/changementsocialbenin.org\/wp-content\/uploads\/2023\/03\/CSB-repris-768x946.png 768w, https:\/\/changementsocialbenin.org\/wp-content\/uploads\/2023\/03\/CSB-repris-1247x1536.png 1247w, https:\/\/changementsocialbenin.org\/wp-content\/uploads\/2023\/03\/CSB-repris-1662x2048.png 1662w, https:\/\/changementsocialbenin.org\/wp-content\/uploads\/2023\/03\/CSB-repris.png 1956w\" sizes=\"(max-width: 243px) 100vw, 243px\" \/>\n            <\/div>\n        <\/div><div class=\"eael-entry-wrapper\"><header class=\"eael-entry-header\"><h2 class=\"eael-entry-title\"><a class=\"eael-grid-post-link\" href=\"https:\/\/changementsocialbenin.org\/index.php\/2023\/03\/17\/rapport-detude-sur-le-regime-de-sanctions-penales-applique-aux-infractions-mineures-et-sur-loffice-du-juge-des-libertes-et-de-la-detention-en-republique-du-benin\/\" title=\"Rapport d&rsquo;\u00e9tude sur le r\u00e9gime de sanctions p\u00e9nales appliqu\u00e9 aux infractions mineures et sur l&rsquo;office du Juge des Libert\u00e9s et de la D\u00e9tention en R\u00e9publique du B\u00e9nin\">Rapport d&rsquo;\u00e9tude sur le r\u00e9gime de sanctions p\u00e9nales appliqu\u00e9 aux infractions mineures et sur l&rsquo;office du Juge des Libert\u00e9s et de la D\u00e9tention en R\u00e9publique du B\u00e9nin<\/a><\/h2><\/header><div class=\"eael-entry-content\">\n                        <div class=\"eael-grid-post-excerpt\"><p>Rapport-detude-sur-le-regime-de-sanctions-penales-applique-aux-infractions-mineures-et-sur-loffice-du-Juge-des-Libertes-et-de-la-Detention-en-Republique-du-BeninT\u00e9l\u00e9charger<\/p><a href=\"https:\/\/changementsocialbenin.org\/index.php\/2023\/03\/17\/rapport-detude-sur-le-regime-de-sanctions-penales-applique-aux-infractions-mineures-et-sur-loffice-du-juge-des-libertes-et-de-la-detention-en-republique-du-benin\/\" class=\"eael-post-elements-readmore-btn\">Lire plus<\/a><\/div>\n                    <\/div><div class=\"eael-entry-footer\"><div class=\"eael-entry-meta\"><span class=\"eael-posted-on\"><time datetime=\"17 mars 2023\">17 mars 2023<\/time><\/span><\/div><\/div><\/div><\/div>\n        <\/div>\n    <\/article><article class=\"eael-grid-post eael-post-grid-column\" data-id=\"1952\">\n        <div class=\"eael-grid-post-holder\">\n            <div class=\"eael-grid-post-holder-inner\"><div class=\"eael-entry-media\"><div class=\"eael-entry-overlay fade-in\"><i class=\"fas fa-long-arrow-alt-right\" aria-hidden=\"true\"><\/i><a href=\"https:\/\/changementsocialbenin.org\/index.php\/2020\/05\/14\/remise-de-materiels-a-lapb-pour-la-lutte-contre-le-covid-19-en-milieu-carceral-au-benin\/\"><\/a><\/div><div class=\"eael-entry-thumbnail \">\n                <img decoding=\"async\" width=\"300\" height=\"225\" src=\"https:\/\/changementsocialbenin.org\/wp-content\/uploads\/2022\/11\/IMG-20200514-WA0029-300x225.jpg\" class=\"attachment-medium size-medium wp-image-1818\" alt=\"\" srcset=\"https:\/\/changementsocialbenin.org\/wp-content\/uploads\/2022\/11\/IMG-20200514-WA0029-300x225.jpg 300w, https:\/\/changementsocialbenin.org\/wp-content\/uploads\/2022\/11\/IMG-20200514-WA0029-1024x767.jpg 1024w, https:\/\/changementsocialbenin.org\/wp-content\/uploads\/2022\/11\/IMG-20200514-WA0029-768x575.jpg 768w, https:\/\/changementsocialbenin.org\/wp-content\/uploads\/2022\/11\/IMG-20200514-WA0029-200x150.jpg 200w, https:\/\/changementsocialbenin.org\/wp-content\/uploads\/2022\/11\/IMG-20200514-WA0029.jpg 1080w\" sizes=\"(max-width: 300px) 100vw, 300px\" \/>\n            <\/div>\n        <\/div><div class=\"eael-entry-wrapper\"><header class=\"eael-entry-header\"><h2 class=\"eael-entry-title\"><a class=\"eael-grid-post-link\" href=\"https:\/\/changementsocialbenin.org\/index.php\/2020\/05\/14\/remise-de-materiels-a-lapb-pour-la-lutte-contre-le-covid-19-en-milieu-carceral-au-benin\/\" title=\"Remise de mat\u00e9riels \u00e0 l&rsquo;APB pour la lutte contre le COVID-19 en milieu carc\u00e9ral au B\u00e9nin\">Remise de mat\u00e9riels \u00e0 l&rsquo;APB pour la lutte contre le COVID-19 en milieu carc\u00e9ral au B\u00e9nin<\/a><\/h2><\/header><div class=\"eael-entry-content\">\n                        <div class=\"eael-grid-post-excerpt\"><p>Dans le cadre de ses initiatives en milieu carc\u00e9ral au...<\/p><a href=\"https:\/\/changementsocialbenin.org\/index.php\/2020\/05\/14\/remise-de-materiels-a-lapb-pour-la-lutte-contre-le-covid-19-en-milieu-carceral-au-benin\/\" class=\"eael-post-elements-readmore-btn\">Lire plus<\/a><\/div>\n                    <\/div><div class=\"eael-entry-footer\"><div class=\"eael-entry-meta\"><span class=\"eael-posted-on\"><time datetime=\"14 mai 2020\">14 mai 2020<\/time><\/span><\/div><\/div><\/div><\/div>\n        <\/div>\n    <\/article><article class=\"eael-grid-post eael-post-grid-column\" data-id=\"1951\">\n        <div class=\"eael-grid-post-holder\">\n            <div class=\"eael-grid-post-holder-inner\"><div class=\"eael-entry-media\"><div class=\"eael-entry-overlay fade-in\"><i class=\"fas fa-long-arrow-alt-right\" aria-hidden=\"true\"><\/i><a href=\"https:\/\/changementsocialbenin.org\/index.php\/2020\/01\/20\/recrutement-dune-agence-de-production-de-films-2\/\"><\/a><\/div><div class=\"eael-entry-thumbnail \">\n                <img loading=\"lazy\" decoding=\"async\" width=\"300\" height=\"212\" src=\"https:\/\/changementsocialbenin.org\/wp-content\/uploads\/2022\/02\/Logo-CSB-300x212.png\" class=\"attachment-medium size-medium wp-image-1986\" alt=\"\" srcset=\"https:\/\/changementsocialbenin.org\/wp-content\/uploads\/2022\/02\/Logo-CSB-300x212.png 300w, https:\/\/changementsocialbenin.org\/wp-content\/uploads\/2022\/02\/Logo-CSB-200x141.png 200w, https:\/\/changementsocialbenin.org\/wp-content\/uploads\/2022\/02\/Logo-CSB.png 336w\" sizes=\"(max-width: 300px) 100vw, 300px\" \/>\n            <\/div>\n        <\/div><div class=\"eael-entry-wrapper\"><header class=\"eael-entry-header\"><h2 class=\"eael-entry-title\"><a class=\"eael-grid-post-link\" href=\"https:\/\/changementsocialbenin.org\/index.php\/2020\/01\/20\/recrutement-dune-agence-de-production-de-films-2\/\" title=\"Recrutement d&rsquo;une Agence de Production de Films\">Recrutement d&rsquo;une Agence de Production de Films<\/a><\/h2><\/header><div class=\"eael-entry-content\">\n                        <div class=\"eael-grid-post-excerpt\"><p><\/p><a href=\"https:\/\/changementsocialbenin.org\/index.php\/2020\/01\/20\/recrutement-dune-agence-de-production-de-films-2\/\" class=\"eael-post-elements-readmore-btn\">Lire plus<\/a><\/div>\n                    <\/div><div class=\"eael-entry-footer\"><div class=\"eael-entry-meta\"><span class=\"eael-posted-on\"><time datetime=\"20 janvier 2020\">20 janvier 2020<\/time><\/span><\/div><\/div><\/div><\/div>\n        <\/div>\n    <\/article><article class=\"eael-grid-post eael-post-grid-column\" data-id=\"1950\">\n        <div class=\"eael-grid-post-holder\">\n            <div class=\"eael-grid-post-holder-inner\"><div class=\"eael-entry-media\"><div class=\"eael-entry-overlay fade-in\"><i class=\"fas fa-long-arrow-alt-right\" aria-hidden=\"true\"><\/i><a href=\"https:\/\/changementsocialbenin.org\/index.php\/2020\/01\/20\/recrutement-dune-agence-de-communication-2\/\"><\/a><\/div><div class=\"eael-entry-thumbnail \">\n                <img loading=\"lazy\" decoding=\"async\" width=\"300\" height=\"212\" src=\"https:\/\/changementsocialbenin.org\/wp-content\/uploads\/2022\/02\/Logo-CSB-300x212.png\" class=\"attachment-medium size-medium wp-image-1986\" alt=\"\" srcset=\"https:\/\/changementsocialbenin.org\/wp-content\/uploads\/2022\/02\/Logo-CSB-300x212.png 300w, https:\/\/changementsocialbenin.org\/wp-content\/uploads\/2022\/02\/Logo-CSB-200x141.png 200w, https:\/\/changementsocialbenin.org\/wp-content\/uploads\/2022\/02\/Logo-CSB.png 336w\" sizes=\"(max-width: 300px) 100vw, 300px\" \/>\n            <\/div>\n        <\/div><div class=\"eael-entry-wrapper\"><header class=\"eael-entry-header\"><h2 class=\"eael-entry-title\"><a class=\"eael-grid-post-link\" href=\"https:\/\/changementsocialbenin.org\/index.php\/2020\/01\/20\/recrutement-dune-agence-de-communication-2\/\" title=\"Recrutement d&rsquo;une Agence de Communication\">Recrutement d&rsquo;une Agence de Communication<\/a><\/h2><\/header><div class=\"eael-entry-content\">\n                        <div class=\"eael-grid-post-excerpt\"><p><\/p><a href=\"https:\/\/changementsocialbenin.org\/index.php\/2020\/01\/20\/recrutement-dune-agence-de-communication-2\/\" class=\"eael-post-elements-readmore-btn\">Lire plus<\/a><\/div>\n                    <\/div><div class=\"eael-entry-footer\"><div class=\"eael-entry-meta\"><span class=\"eael-posted-on\"><time datetime=\"20 janvier 2020\">20 janvier 2020<\/time><\/span><\/div><\/div><\/div><\/div>\n        <\/div>\n    <\/article><\/div>\n            <div class=\"clearfix\"><\/div>\n        <\/div>            <div class=\"eael-load-more-button-wrap eael-force-hide\">\n                <button class=\"eael-load-more-button\" id=\"eael-load-more-btn-b80cb21\" data-widget-id=\"b80cb21\" data-widget=\"b80cb21\" data-page-id=\"942\" data-template=\"{&quot;dir&quot;:&quot;lite&quot;,&quot;file_name&quot;:&quot;one.php&quot;,&quot;name&quot;:&quot;Post-Grid&quot;}\" data-class=\"Essential_Addons_Elementor\\Elements\\Post_Grid\" data-layout=\"masonry\" data-page=\"1\" data-args=\"orderby=date&amp;order=desc&amp;ignore_sticky_posts=1&amp;post_status=publish&amp;posts_per_page=4&amp;offset=0&amp;post_type=post&amp;tax_query%5B0%5D%5Btaxonomy%5D=category&amp;tax_query%5B0%5D%5Bfield%5D=term_id&amp;tax_query%5B0%5D%5Bterms%5D%5B0%5D=17&amp;tax_query%5Brelation%5D=AND\" data-max-page=\"3\">\n                    <span class=\"eael-btn-loader button__loader\"><\/span>\n                    <span class=\"eael_load_more_text\">Load More<\/span>\n                <\/button>\n            <\/div>\n            \t\t\t\t<\/div>\n\t\t\t\t<\/div>\n\t\t\t\t\t<\/div>\n\t\t<\/div>\n\t\t\t\t\t<\/div>\n\t\t<\/section>\n\t\t\t\t<section class=\"elementor-section elementor-inner-section elementor-element elementor-element-fe11329 elementor-section-boxed elementor-section-height-default elementor-section-height-default wpr-particle-no wpr-jarallax-no wpr-parallax-no wpr-sticky-section-no\" data-id=\"fe11329\" data-element_type=\"section\" data-settings=\"{&quot;_ha_eqh_enable&quot;:false}\">\n\t\t\t\t\t\t<div class=\"elementor-container elementor-column-gap-default\">\n\t\t\t\t\t<div class=\"elementor-column elementor-col-50 elementor-inner-column elementor-element elementor-element-74783f60\" data-id=\"74783f60\" data-element_type=\"column\">\n\t\t\t<div class=\"elementor-widget-wrap elementor-element-populated\">\n\t\t\t\t\t\t<div class=\"elementor-element elementor-element-4923ef19 elementor-widget elementor-widget-spacer\" data-id=\"4923ef19\" data-element_type=\"widget\" data-widget_type=\"spacer.default\">\n\t\t\t\t<div class=\"elementor-widget-container\">\n\t\t\t\t\t\t\t<div class=\"elementor-spacer\">\n\t\t\t<div class=\"elementor-spacer-inner\"><\/div>\n\t\t<\/div>\n\t\t\t\t\t\t<\/div>\n\t\t\t\t<\/div>\n\t\t\t\t<div class=\"elementor-element elementor-element-2269b64 elementor-widget elementor-widget-heading\" data-id=\"2269b64\" data-element_type=\"widget\" data-widget_type=\"heading.default\">\n\t\t\t\t<div class=\"elementor-widget-container\">\n\t\t\t\t\t<h2 class=\"elementor-heading-title elementor-size-default\">Galerie du projet<\/h2>\t\t\t\t<\/div>\n\t\t\t\t<\/div>\n\t\t\t\t<div class=\"elementor-element elementor-element-63380a94 elementor-widget-divider--view-line elementor-widget elementor-widget-divider\" data-id=\"63380a94\" data-element_type=\"widget\" data-widget_type=\"divider.default\">\n\t\t\t\t<div class=\"elementor-widget-container\">\n\t\t\t\t\t\t\t<div class=\"elementor-divider\">\n\t\t\t<span class=\"elementor-divider-separator\">\n\t\t\t\t\t\t<\/span>\n\t\t<\/div>\n\t\t\t\t\t\t<\/div>\n\t\t\t\t<\/div>\n\t\t\t\t\t<\/div>\n\t\t<\/div>\n\t\t\t\t<div class=\"elementor-column elementor-col-50 elementor-inner-column elementor-element elementor-element-463c00c9\" data-id=\"463c00c9\" data-element_type=\"column\">\n\t\t\t<div class=\"elementor-widget-wrap\">\n\t\t\t\t\t\t\t<\/div>\n\t\t<\/div>\n\t\t\t\t\t<\/div>\n\t\t<\/section>\n\t\t\t\t<section class=\"elementor-section elementor-inner-section elementor-element elementor-element-4fcb3bc0 elementor-section-boxed elementor-section-height-default elementor-section-height-default wpr-particle-no wpr-jarallax-no wpr-parallax-no wpr-sticky-section-no\" data-id=\"4fcb3bc0\" data-element_type=\"section\" data-settings=\"{&quot;_ha_eqh_enable&quot;:false}\">\n\t\t\t\t\t\t<div class=\"elementor-container elementor-column-gap-default\">\n\t\t\t\t\t<div class=\"elementor-column elementor-col-100 elementor-inner-column elementor-element elementor-element-7697062a\" data-id=\"7697062a\" data-element_type=\"column\">\n\t\t\t<div class=\"elementor-widget-wrap elementor-element-populated\">\n\t\t\t\t\t\t<div class=\"elementor-element elementor-element-230b22d7 gallery-spacing-custom elementor-widget elementor-widget-image-gallery\" data-id=\"230b22d7\" data-element_type=\"widget\" data-widget_type=\"image-gallery.default\">\n\t\t\t\t<div class=\"elementor-widget-container\">\n\t\t\t\t\t\t\t<div class=\"elementor-image-gallery\">\n\t\t\t<div id='gallery-1' class='gallery galleryid-942 gallery-columns-3 gallery-size-true-news-medium'><figure class='gallery-item'>\n\t\t\t<div class='gallery-icon portrait'>\n\t\t\t\t<a data-elementor-open-lightbox=\"yes\" data-elementor-lightbox-slideshow=\"230b22d7\" data-elementor-lightbox-title=\"IMG-20200514-WA0026\" data-e-action-hash=\"#elementor-action%3Aaction%3Dlightbox%26settings%3DeyJpZCI6MTgxNiwidXJsIjoiaHR0cHM6XC9cL2NoYW5nZW1lbnRzb2NpYWxiZW5pbi5vcmdcL3dwLWNvbnRlbnRcL3VwbG9hZHNcLzIwMjJcLzExXC9JTUctMjAyMDA1MTQtV0EwMDI2LmpwZyIsInNsaWRlc2hvdyI6IjIzMGIyMmQ3In0%3D\" href='https:\/\/changementsocialbenin.org\/wp-content\/uploads\/2022\/11\/IMG-20200514-WA0026.jpg'><img loading=\"lazy\" decoding=\"async\" width=\"480\" height=\"298\" src=\"https:\/\/changementsocialbenin.org\/wp-content\/uploads\/2022\/11\/IMG-20200514-WA0026-480x298.jpg\" class=\"attachment-true-news-medium size-true-news-medium\" alt=\"\" \/><\/a>\n\t\t\t<\/div><\/figure><figure class='gallery-item'>\n\t\t\t<div class='gallery-icon landscape'>\n\t\t\t\t<a data-elementor-open-lightbox=\"yes\" data-elementor-lightbox-slideshow=\"230b22d7\" data-elementor-lightbox-title=\"IMG-20200514-WA0027\" data-e-action-hash=\"#elementor-action%3Aaction%3Dlightbox%26settings%3DeyJpZCI6MTgxNywidXJsIjoiaHR0cHM6XC9cL2NoYW5nZW1lbnRzb2NpYWxiZW5pbi5vcmdcL3dwLWNvbnRlbnRcL3VwbG9hZHNcLzIwMjJcLzExXC9JTUctMjAyMDA1MTQtV0EwMDI3LmpwZyIsInNsaWRlc2hvdyI6IjIzMGIyMmQ3In0%3D\" href='https:\/\/changementsocialbenin.org\/wp-content\/uploads\/2022\/11\/IMG-20200514-WA0027.jpg'><img loading=\"lazy\" decoding=\"async\" width=\"480\" height=\"298\" src=\"https:\/\/changementsocialbenin.org\/wp-content\/uploads\/2022\/11\/IMG-20200514-WA0027-480x298.jpg\" class=\"attachment-true-news-medium size-true-news-medium\" alt=\"\" \/><\/a>\n\t\t\t<\/div><\/figure><figure class='gallery-item'>\n\t\t\t<div class='gallery-icon landscape'>\n\t\t\t\t<a data-elementor-open-lightbox=\"yes\" data-elementor-lightbox-slideshow=\"230b22d7\" data-elementor-lightbox-title=\"IMG-20200514-WA0029\" data-e-action-hash=\"#elementor-action%3Aaction%3Dlightbox%26settings%3DeyJpZCI6MTgxOCwidXJsIjoiaHR0cHM6XC9cL2NoYW5nZW1lbnRzb2NpYWxiZW5pbi5vcmdcL3dwLWNvbnRlbnRcL3VwbG9hZHNcLzIwMjJcLzExXC9JTUctMjAyMDA1MTQtV0EwMDI5LmpwZyIsInNsaWRlc2hvdyI6IjIzMGIyMmQ3In0%3D\" href='https:\/\/changementsocialbenin.org\/wp-content\/uploads\/2022\/11\/IMG-20200514-WA0029.jpg'><img loading=\"lazy\" decoding=\"async\" width=\"480\" height=\"298\" src=\"https:\/\/changementsocialbenin.org\/wp-content\/uploads\/2022\/11\/IMG-20200514-WA0029-480x298.jpg\" class=\"attachment-true-news-medium size-true-news-medium\" alt=\"\" \/><\/a>\n\t\t\t<\/div><\/figure><figure class='gallery-item'>\n\t\t\t<div class='gallery-icon landscape'>\n\t\t\t\t<a data-elementor-open-lightbox=\"yes\" data-elementor-lightbox-slideshow=\"230b22d7\" data-elementor-lightbox-title=\"IMG-20200514-WA0031\" data-e-action-hash=\"#elementor-action%3Aaction%3Dlightbox%26settings%3DeyJpZCI6MTgxOSwidXJsIjoiaHR0cHM6XC9cL2NoYW5nZW1lbnRzb2NpYWxiZW5pbi5vcmdcL3dwLWNvbnRlbnRcL3VwbG9hZHNcLzIwMjJcLzExXC9JTUctMjAyMDA1MTQtV0EwMDMxLmpwZyIsInNsaWRlc2hvdyI6IjIzMGIyMmQ3In0%3D\" href='https:\/\/changementsocialbenin.org\/wp-content\/uploads\/2022\/11\/IMG-20200514-WA0031.jpg'><img loading=\"lazy\" decoding=\"async\" width=\"480\" height=\"298\" src=\"https:\/\/changementsocialbenin.org\/wp-content\/uploads\/2022\/11\/IMG-20200514-WA0031-480x298.jpg\" class=\"attachment-true-news-medium size-true-news-medium\" alt=\"\" \/><\/a>\n\t\t\t<\/div><\/figure><figure class='gallery-item'>\n\t\t\t<div class='gallery-icon landscape'>\n\t\t\t\t<a data-elementor-open-lightbox=\"yes\" data-elementor-lightbox-slideshow=\"230b22d7\" data-elementor-lightbox-title=\"IMG-20200514-WA0032\" data-e-action-hash=\"#elementor-action%3Aaction%3Dlightbox%26settings%3DeyJpZCI6MTgyMCwidXJsIjoiaHR0cHM6XC9cL2NoYW5nZW1lbnRzb2NpYWxiZW5pbi5vcmdcL3dwLWNvbnRlbnRcL3VwbG9hZHNcLzIwMjJcLzExXC9JTUctMjAyMDA1MTQtV0EwMDMyLTEuanBnIiwic2xpZGVzaG93IjoiMjMwYjIyZDcifQ%3D%3D\" href='https:\/\/changementsocialbenin.org\/wp-content\/uploads\/2022\/11\/IMG-20200514-WA0032-1.jpg'><img loading=\"lazy\" decoding=\"async\" width=\"480\" height=\"298\" src=\"https:\/\/changementsocialbenin.org\/wp-content\/uploads\/2022\/11\/IMG-20200514-WA0032-1-480x298.jpg\" class=\"attachment-true-news-medium size-true-news-medium\" alt=\"\" \/><\/a>\n\t\t\t<\/div><\/figure>\n\t\t<\/div>\n\t\t<\/div>\n\t\t\t\t\t\t<\/div>\n\t\t\t\t<\/div>\n\t\t\t\t\t<\/div>\n\t\t<\/div>\n\t\t\t\t\t<\/div>\n\t\t<\/section>\n\t\t\t\t\t<\/div>\n\t\t<\/div>\n\t\t\t\t\t<\/div>\n\t\t<\/section>\n\t\t\t\t<\/div>\n\t\t","protected":false},"excerpt":{"rendered":"<p>Au plan r\u00e9gional, apr\u00e8s plusieurs ann\u00e9es de travail visant \u00e0 d\u00e9congestionner les prisons et \u00e0 plaider pour de meilleures conditions de d\u00e9tention, la Commission africaine a \u00e9tabli que le surpeuplement des prisons en Afrique est en partie d\u00fb au nombre \u00e9lev\u00e9 de d\u00e9tenus incarc\u00e9r\u00e9s pour des d\u00e9lits mineurs. Cela a conduit \u00e0 l\u2019adoption par\u00a0la Commission africaine, en novembre 2017, des\u00a0Principes pour la d\u00e9p\u00e9nalisation de la petite infraction, qui encouragent les \u00c9tats parties \u00e0 la Charte africaine \u00e0 tenir compte de ses dispositions pour tenter de d\u00e9congestionner les prisons, d\u2019am\u00e9liorer leurs conditions, de vulgariser les principes sur la d\u00e9criminalisation des infractions mineures. Au B\u00e9nin, divers rapports relatifs aux conditions carc\u00e9rales dont entre autres, celui de la mission parlementaire d\u2019aout 2016, et celui du Minist\u00e8re de la justice du 13 avril 2017, ont aliment\u00e9 le d\u00e9bat sur la r\u00e9forme du syst\u00e8me p\u00e9nal b\u00e9ninois.Le 17 septembre 2012, l\u2019Assembl\u00e9e Nationale du B\u00e9nin a adopt\u00e9 un\u00a0nouveau Code de Proc\u00e9dure P\u00e9nale\u00a0dont l\u2019une des innovations majeures est d\u2019avoir institu\u00e9 un Juge des Libert\u00e9s et de la D\u00e9tention. L\u2019esprit du L\u00e9gislateur en mettant en place une telle institution, est d\u2019en arriver \u00e0 un v\u00e9ritable respect de la r\u00e8gle \u2018\u2019 Le principe est la libert\u00e9 et la d\u00e9tention, l\u2019exception \u2019\u2019. Ceci devrait en arriver \u00e0 \u00e9viter les d\u00e9tentions syst\u00e9matiques et par ricochet la surpopulation carc\u00e9rale car il est un fait que les d\u00e9tentions provisoires participent \u00e0 grande \u00e9chelle \u00e0 grossir le nombre de la population carc\u00e9rale. C\u2019est pourquoi le projet intitul\u00e9\u00a0\u201d Plaidoyer pour une application effective des mesures alternatives \u00e0 l\u2019emprisonnement pour infraction mineure en R\u00e9publique du B\u00e9nin \u201c,\u00a0l\u2019ONG Changement Social B\u00e9nin\u00a0(CSB) fut mis en \u0153uvre en vue d\u2019agir pour une r\u00e9forme du syst\u00e8me p\u00e9nal et de sanction au B\u00e9nin de mani\u00e8re \u00e0 le rendre plus protecteur des droits humains \u00e0 travers la r\u00e9duction de la population carc\u00e9rale. En harmonie avec cette l\u2019article 40 de la Constitution b\u00e9ninoise et consid\u00e9rant que la Charte africaine sur les valeurs et les principes du service public et de l\u2019administration requiert une r\u00e9elle appropriation par les acteurs de l\u2019offre de service public \u00e0 l\u2019\u00e8re de la modernisation de l\u2019administration publique b\u00e9ninoise, il sied d\u2019agir sur lesdits acteurs pour susciter un changement de comportement en vue de fournir un service public accessible, disponible, acceptable et adapt\u00e9 aux acteurs de la demande de service public. Rendus du projet Les droits de la personne humaine en milieu carc\u00e9ral au B\u00e9nin_\u00e9dition 2019 Les droits de la personne humaine en milieu carc\u00e9ral au&#8230; Lire plus 25 novembre 2022 Remise de mat\u00e9riels \u00e0 l&#8217;APB pour la lutte contre le COVID-19 en milieu carc\u00e9ral au B\u00e9nin Dans le cadre de ses initiatives en milieu carc\u00e9ral au&#8230; Lire plus 14 mai 2020 Recrutement d&#8217;une Agence de Production de Films Lire plus 20 janvier 2020 Recrutement d&#8217;une Agence de Communication Lire plus 20 janvier 2020 Load More Galerie du projet<\/p>\n","protected":false},"author":1,"featured_media":0,"parent":0,"menu_order":0,"comment_status":"closed","ping_status":"closed","template":"elementor_header_footer","meta":{"footnotes":""},"class_list":["post-942","page","type-page","status-publish","hentry"],"yoast_head":"<!-- This site is optimized with the Yoast SEO Premium plugin v22.8 (Yoast SEO v24.8.1) - https:\/\/yoast.com\/wordpress\/plugins\/seo\/ -->\n<title>Plaidoyer pour une application effective des peines alternatives \u00e0 l\u2019emprisonnement pour infractions mineures en R\u00e9publique du B\u00e9nin - Changement social Benin<\/title>\n<meta name=\"robots\" content=\"index, follow, max-snippet:-1, max-image-preview:large, max-video-preview:-1\" \/>\n<link rel=\"canonical\" href=\"https:\/\/changementsocialbenin.org\/index.php\/plaidoyer-pour-une-application-effective-des-peines-alternatives-a-lemprisonnement-pour-infractions-mineures-en-republique-du-benin\/\" \/>\n<meta property=\"og:locale\" content=\"fr_FR\" \/>\n<meta property=\"og:type\" content=\"article\" \/>\n<meta property=\"og:title\" content=\"Plaidoyer pour une application effective des peines alternatives \u00e0 l\u2019emprisonnement pour infractions mineures en R\u00e9publique du B\u00e9nin\" \/>\n<meta property=\"og:description\" content=\"Au plan r\u00e9gional, apr\u00e8s plusieurs ann\u00e9es de travail visant \u00e0 d\u00e9congestionner les prisons et \u00e0 plaider pour de meilleures conditions de d\u00e9tention, la Commission africaine a \u00e9tabli que le surpeuplement des prisons en Afrique est en partie d\u00fb au nombre \u00e9lev\u00e9 de d\u00e9tenus incarc\u00e9r\u00e9s pour des d\u00e9lits mineurs. Cela a conduit \u00e0 l\u2019adoption par\u00a0la Commission africaine, en novembre 2017, des\u00a0Principes pour la d\u00e9p\u00e9nalisation de la petite infraction, qui encouragent les \u00c9tats parties \u00e0 la Charte africaine \u00e0 tenir compte de ses dispositions pour tenter de d\u00e9congestionner les prisons, d\u2019am\u00e9liorer leurs conditions, de vulgariser les principes sur la d\u00e9criminalisation des infractions mineures. Au B\u00e9nin, divers rapports relatifs aux conditions carc\u00e9rales dont entre autres, celui de la mission parlementaire d\u2019aout 2016, et celui du Minist\u00e8re de la justice du 13 avril 2017, ont aliment\u00e9 le d\u00e9bat sur la r\u00e9forme du syst\u00e8me p\u00e9nal b\u00e9ninois.Le 17 septembre 2012, l\u2019Assembl\u00e9e Nationale du B\u00e9nin a adopt\u00e9 un\u00a0nouveau Code de Proc\u00e9dure P\u00e9nale\u00a0dont l\u2019une des innovations majeures est d\u2019avoir institu\u00e9 un Juge des Libert\u00e9s et de la D\u00e9tention. L\u2019esprit du L\u00e9gislateur en mettant en place une telle institution, est d\u2019en arriver \u00e0 un v\u00e9ritable respect de la r\u00e8gle \u2018\u2019 Le principe est la libert\u00e9 et la d\u00e9tention, l\u2019exception \u2019\u2019. Ceci devrait en arriver \u00e0 \u00e9viter les d\u00e9tentions syst\u00e9matiques et par ricochet la surpopulation carc\u00e9rale car il est un fait que les d\u00e9tentions provisoires participent \u00e0 grande \u00e9chelle \u00e0 grossir le nombre de la population carc\u00e9rale. C\u2019est pourquoi le projet intitul\u00e9\u00a0\u201d Plaidoyer pour une application effective des mesures alternatives \u00e0 l\u2019emprisonnement pour infraction mineure en R\u00e9publique du B\u00e9nin \u201c,\u00a0l\u2019ONG Changement Social B\u00e9nin\u00a0(CSB) fut mis en \u0153uvre en vue d\u2019agir pour une r\u00e9forme du syst\u00e8me p\u00e9nal et de sanction au B\u00e9nin de mani\u00e8re \u00e0 le rendre plus protecteur des droits humains \u00e0 travers la r\u00e9duction de la population carc\u00e9rale. En harmonie avec cette l\u2019article 40 de la Constitution b\u00e9ninoise et consid\u00e9rant que la Charte africaine sur les valeurs et les principes du service public et de l\u2019administration requiert une r\u00e9elle appropriation par les acteurs de l\u2019offre de service public \u00e0 l\u2019\u00e8re de la modernisation de l\u2019administration publique b\u00e9ninoise, il sied d\u2019agir sur lesdits acteurs pour susciter un changement de comportement en vue de fournir un service public accessible, disponible, acceptable et adapt\u00e9 aux acteurs de la demande de service public. Rendus du projet Les droits de la personne humaine en milieu carc\u00e9ral au B\u00e9nin_\u00e9dition 2019 Les droits de la personne humaine en milieu carc\u00e9ral au&#8230; Lire plus 25 novembre 2022 Remise de mat\u00e9riels \u00e0 l&#8217;APB pour la lutte contre le COVID-19 en milieu carc\u00e9ral au B\u00e9nin Dans le cadre de ses initiatives en milieu carc\u00e9ral au&#8230; Lire plus 14 mai 2020 Recrutement d&#8217;une Agence de Production de Films Lire plus 20 janvier 2020 Recrutement d&#8217;une Agence de Communication Lire plus 20 janvier 2020 Load More Galerie du projet\" \/>\n<meta property=\"og:url\" content=\"https:\/\/changementsocialbenin.org\/index.php\/plaidoyer-pour-une-application-effective-des-peines-alternatives-a-lemprisonnement-pour-infractions-mineures-en-republique-du-benin\/\" \/>\n<meta property=\"og:site_name\" content=\"Changement social Benin\" \/>\n<meta property=\"article:modified_time\" content=\"2022-12-19T07:52:00+00:00\" \/>\n<meta property=\"og:image\" content=\"https:\/\/changementsocialbenin.org\/wp-content\/uploads\/2022\/07\/IMG-20200514-WA0029-2.jpg\" \/>\n\t<meta property=\"og:image:width\" content=\"1080\" \/>\n\t<meta property=\"og:image:height\" content=\"809\" \/>\n\t<meta property=\"og:image:type\" content=\"image\/jpeg\" \/>\n<meta name=\"twitter:card\" content=\"summary_large_image\" \/>\n<meta name=\"twitter:label1\" content=\"Dur\u00e9e de lecture estim\u00e9e\" \/>\n\t<meta name=\"twitter:data1\" content=\"3 minutes\" \/>\n<script type=\"application\/ld+json\" class=\"yoast-schema-graph\">{\"@context\":\"https:\/\/schema.org\",\"@graph\":[{\"@type\":\"WebPage\",\"@id\":\"https:\/\/changementsocialbenin.org\/index.php\/plaidoyer-pour-une-application-effective-des-peines-alternatives-a-lemprisonnement-pour-infractions-mineures-en-republique-du-benin\/\",\"url\":\"https:\/\/changementsocialbenin.org\/index.php\/plaidoyer-pour-une-application-effective-des-peines-alternatives-a-lemprisonnement-pour-infractions-mineures-en-republique-du-benin\/\",\"name\":\"Plaidoyer pour une application effective des peines alternatives \u00e0 l\u2019emprisonnement pour infractions mineures en R\u00e9publique du B\u00e9nin - Changement social Benin\",\"isPartOf\":{\"@id\":\"https:\/\/changementsocialbenin.org\/#website\"},\"primaryImageOfPage\":{\"@id\":\"https:\/\/changementsocialbenin.org\/index.php\/plaidoyer-pour-une-application-effective-des-peines-alternatives-a-lemprisonnement-pour-infractions-mineures-en-republique-du-benin\/#primaryimage\"},\"image\":{\"@id\":\"https:\/\/changementsocialbenin.org\/index.php\/plaidoyer-pour-une-application-effective-des-peines-alternatives-a-lemprisonnement-pour-infractions-mineures-en-republique-du-benin\/#primaryimage\"},\"thumbnailUrl\":\"https:\/\/changementsocialbenin.org\/wp-content\/uploads\/2022\/07\/IMG-20200514-WA0029-2-1024x767.jpg\",\"datePublished\":\"2022-07-09T15:01:37+00:00\",\"dateModified\":\"2022-12-19T07:52:00+00:00\",\"breadcrumb\":{\"@id\":\"https:\/\/changementsocialbenin.org\/index.php\/plaidoyer-pour-une-application-effective-des-peines-alternatives-a-lemprisonnement-pour-infractions-mineures-en-republique-du-benin\/#breadcrumb\"},\"inLanguage\":\"fr-FR\",\"potentialAction\":[{\"@type\":\"ReadAction\",\"target\":[\"https:\/\/changementsocialbenin.org\/index.php\/plaidoyer-pour-une-application-effective-des-peines-alternatives-a-lemprisonnement-pour-infractions-mineures-en-republique-du-benin\/\"]}]},{\"@type\":\"ImageObject\",\"inLanguage\":\"fr-FR\",\"@id\":\"https:\/\/changementsocialbenin.org\/index.php\/plaidoyer-pour-une-application-effective-des-peines-alternatives-a-lemprisonnement-pour-infractions-mineures-en-republique-du-benin\/#primaryimage\",\"url\":\"https:\/\/changementsocialbenin.org\/wp-content\/uploads\/2022\/07\/IMG-20200514-WA0029-2.jpg\",\"contentUrl\":\"https:\/\/changementsocialbenin.org\/wp-content\/uploads\/2022\/07\/IMG-20200514-WA0029-2.jpg\",\"width\":1080,\"height\":809},{\"@type\":\"BreadcrumbList\",\"@id\":\"https:\/\/changementsocialbenin.org\/index.php\/plaidoyer-pour-une-application-effective-des-peines-alternatives-a-lemprisonnement-pour-infractions-mineures-en-republique-du-benin\/#breadcrumb\",\"itemListElement\":[{\"@type\":\"ListItem\",\"position\":1,\"name\":\"Accueil\",\"item\":\"https:\/\/changementsocialbenin.org\/\"},{\"@type\":\"ListItem\",\"position\":2,\"name\":\"Plaidoyer pour une application effective des peines alternatives \u00e0 l\u2019emprisonnement pour infractions mineures en R\u00e9publique du B\u00e9nin\"}]},{\"@type\":\"WebSite\",\"@id\":\"https:\/\/changementsocialbenin.org\/#website\",\"url\":\"https:\/\/changementsocialbenin.org\/\",\"name\":\"Changement social Benin\",\"description\":\"\",\"potentialAction\":[{\"@type\":\"SearchAction\",\"target\":{\"@type\":\"EntryPoint\",\"urlTemplate\":\"https:\/\/changementsocialbenin.org\/?s={search_term_string}\"},\"query-input\":{\"@type\":\"PropertyValueSpecification\",\"valueRequired\":true,\"valueName\":\"search_term_string\"}}],\"inLanguage\":\"fr-FR\"}]}<\/script>\n<!-- \/ Yoast SEO Premium plugin. -->","yoast_head_json":{"title":"Plaidoyer pour une application effective des peines alternatives \u00e0 l\u2019emprisonnement pour infractions mineures en R\u00e9publique du B\u00e9nin - Changement social Benin","robots":{"index":"index","follow":"follow","max-snippet":"max-snippet:-1","max-image-preview":"max-image-preview:large","max-video-preview":"max-video-preview:-1"},"canonical":"https:\/\/changementsocialbenin.org\/index.php\/plaidoyer-pour-une-application-effective-des-peines-alternatives-a-lemprisonnement-pour-infractions-mineures-en-republique-du-benin\/","og_locale":"fr_FR","og_type":"article","og_title":"Plaidoyer pour une application effective des peines alternatives \u00e0 l\u2019emprisonnement pour infractions mineures en R\u00e9publique du B\u00e9nin","og_description":"Au plan r\u00e9gional, apr\u00e8s plusieurs ann\u00e9es de travail visant \u00e0 d\u00e9congestionner les prisons et \u00e0 plaider pour de meilleures conditions de d\u00e9tention, la Commission africaine a \u00e9tabli que le surpeuplement des prisons en Afrique est en partie d\u00fb au nombre \u00e9lev\u00e9 de d\u00e9tenus incarc\u00e9r\u00e9s pour des d\u00e9lits mineurs. Cela a conduit \u00e0 l\u2019adoption par\u00a0la Commission africaine, en novembre 2017, des\u00a0Principes pour la d\u00e9p\u00e9nalisation de la petite infraction, qui encouragent les \u00c9tats parties \u00e0 la Charte africaine \u00e0 tenir compte de ses dispositions pour tenter de d\u00e9congestionner les prisons, d\u2019am\u00e9liorer leurs conditions, de vulgariser les principes sur la d\u00e9criminalisation des infractions mineures. Au B\u00e9nin, divers rapports relatifs aux conditions carc\u00e9rales dont entre autres, celui de la mission parlementaire d\u2019aout 2016, et celui du Minist\u00e8re de la justice du 13 avril 2017, ont aliment\u00e9 le d\u00e9bat sur la r\u00e9forme du syst\u00e8me p\u00e9nal b\u00e9ninois.Le 17 septembre 2012, l\u2019Assembl\u00e9e Nationale du B\u00e9nin a adopt\u00e9 un\u00a0nouveau Code de Proc\u00e9dure P\u00e9nale\u00a0dont l\u2019une des innovations majeures est d\u2019avoir institu\u00e9 un Juge des Libert\u00e9s et de la D\u00e9tention. L\u2019esprit du L\u00e9gislateur en mettant en place une telle institution, est d\u2019en arriver \u00e0 un v\u00e9ritable respect de la r\u00e8gle \u2018\u2019 Le principe est la libert\u00e9 et la d\u00e9tention, l\u2019exception \u2019\u2019. Ceci devrait en arriver \u00e0 \u00e9viter les d\u00e9tentions syst\u00e9matiques et par ricochet la surpopulation carc\u00e9rale car il est un fait que les d\u00e9tentions provisoires participent \u00e0 grande \u00e9chelle \u00e0 grossir le nombre de la population carc\u00e9rale. C\u2019est pourquoi le projet intitul\u00e9\u00a0\u201d Plaidoyer pour une application effective des mesures alternatives \u00e0 l\u2019emprisonnement pour infraction mineure en R\u00e9publique du B\u00e9nin \u201c,\u00a0l\u2019ONG Changement Social B\u00e9nin\u00a0(CSB) fut mis en \u0153uvre en vue d\u2019agir pour une r\u00e9forme du syst\u00e8me p\u00e9nal et de sanction au B\u00e9nin de mani\u00e8re \u00e0 le rendre plus protecteur des droits humains \u00e0 travers la r\u00e9duction de la population carc\u00e9rale. En harmonie avec cette l\u2019article 40 de la Constitution b\u00e9ninoise et consid\u00e9rant que la Charte africaine sur les valeurs et les principes du service public et de l\u2019administration requiert une r\u00e9elle appropriation par les acteurs de l\u2019offre de service public \u00e0 l\u2019\u00e8re de la modernisation de l\u2019administration publique b\u00e9ninoise, il sied d\u2019agir sur lesdits acteurs pour susciter un changement de comportement en vue de fournir un service public accessible, disponible, acceptable et adapt\u00e9 aux acteurs de la demande de service public. Rendus du projet Les droits de la personne humaine en milieu carc\u00e9ral au B\u00e9nin_\u00e9dition 2019 Les droits de la personne humaine en milieu carc\u00e9ral au&#8230; Lire plus 25 novembre 2022 Remise de mat\u00e9riels \u00e0 l&#8217;APB pour la lutte contre le COVID-19 en milieu carc\u00e9ral au B\u00e9nin Dans le cadre de ses initiatives en milieu carc\u00e9ral au&#8230; Lire plus 14 mai 2020 Recrutement d&#8217;une Agence de Production de Films Lire plus 20 janvier 2020 Recrutement d&#8217;une Agence de Communication Lire plus 20 janvier 2020 Load More Galerie du projet","og_url":"https:\/\/changementsocialbenin.org\/index.php\/plaidoyer-pour-une-application-effective-des-peines-alternatives-a-lemprisonnement-pour-infractions-mineures-en-republique-du-benin\/","og_site_name":"Changement social Benin","article_modified_time":"2022-12-19T07:52:00+00:00","og_image":[{"width":1080,"height":809,"url":"https:\/\/changementsocialbenin.org\/wp-content\/uploads\/2022\/07\/IMG-20200514-WA0029-2.jpg","type":"image\/jpeg"}],"twitter_card":"summary_large_image","twitter_misc":{"Dur\u00e9e de lecture estim\u00e9e":"3 minutes"},"schema":{"@context":"https:\/\/schema.org","@graph":[{"@type":"WebPage","@id":"https:\/\/changementsocialbenin.org\/index.php\/plaidoyer-pour-une-application-effective-des-peines-alternatives-a-lemprisonnement-pour-infractions-mineures-en-republique-du-benin\/","url":"https:\/\/changementsocialbenin.org\/index.php\/plaidoyer-pour-une-application-effective-des-peines-alternatives-a-lemprisonnement-pour-infractions-mineures-en-republique-du-benin\/","name":"Plaidoyer pour une application effective des peines alternatives \u00e0 l\u2019emprisonnement pour infractions mineures en R\u00e9publique du B\u00e9nin - Changement social Benin","isPartOf":{"@id":"https:\/\/changementsocialbenin.org\/#website"},"primaryImageOfPage":{"@id":"https:\/\/changementsocialbenin.org\/index.php\/plaidoyer-pour-une-application-effective-des-peines-alternatives-a-lemprisonnement-pour-infractions-mineures-en-republique-du-benin\/#primaryimage"},"image":{"@id":"https:\/\/changementsocialbenin.org\/index.php\/plaidoyer-pour-une-application-effective-des-peines-alternatives-a-lemprisonnement-pour-infractions-mineures-en-republique-du-benin\/#primaryimage"},"thumbnailUrl":"https:\/\/changementsocialbenin.org\/wp-content\/uploads\/2022\/07\/IMG-20200514-WA0029-2-1024x767.jpg","datePublished":"2022-07-09T15:01:37+00:00","dateModified":"2022-12-19T07:52:00+00:00","breadcrumb":{"@id":"https:\/\/changementsocialbenin.org\/index.php\/plaidoyer-pour-une-application-effective-des-peines-alternatives-a-lemprisonnement-pour-infractions-mineures-en-republique-du-benin\/#breadcrumb"},"inLanguage":"fr-FR","potentialAction":[{"@type":"ReadAction","target":["https:\/\/changementsocialbenin.org\/index.php\/plaidoyer-pour-une-application-effective-des-peines-alternatives-a-lemprisonnement-pour-infractions-mineures-en-republique-du-benin\/"]}]},{"@type":"ImageObject","inLanguage":"fr-FR","@id":"https:\/\/changementsocialbenin.org\/index.php\/plaidoyer-pour-une-application-effective-des-peines-alternatives-a-lemprisonnement-pour-infractions-mineures-en-republique-du-benin\/#primaryimage","url":"https:\/\/changementsocialbenin.org\/wp-content\/uploads\/2022\/07\/IMG-20200514-WA0029-2.jpg","contentUrl":"https:\/\/changementsocialbenin.org\/wp-content\/uploads\/2022\/07\/IMG-20200514-WA0029-2.jpg","width":1080,"height":809},{"@type":"BreadcrumbList","@id":"https:\/\/changementsocialbenin.org\/index.php\/plaidoyer-pour-une-application-effective-des-peines-alternatives-a-lemprisonnement-pour-infractions-mineures-en-republique-du-benin\/#breadcrumb","itemListElement":[{"@type":"ListItem","position":1,"name":"Accueil","item":"https:\/\/changementsocialbenin.org\/"},{"@type":"ListItem","position":2,"name":"Plaidoyer pour une application effective des peines alternatives \u00e0 l\u2019emprisonnement pour infractions mineures en R\u00e9publique du B\u00e9nin"}]},{"@type":"WebSite","@id":"https:\/\/changementsocialbenin.org\/#website","url":"https:\/\/changementsocialbenin.org\/","name":"Changement social Benin","description":"","potentialAction":[{"@type":"SearchAction","target":{"@type":"EntryPoint","urlTemplate":"https:\/\/changementsocialbenin.org\/?s={search_term_string}"},"query-input":{"@type":"PropertyValueSpecification","valueRequired":true,"valueName":"search_term_string"}}],"inLanguage":"fr-FR"}]}},"post_mailing_queue_ids":[],"_links":{"self":[{"href":"https:\/\/changementsocialbenin.org\/index.php\/wp-json\/wp\/v2\/pages\/942","targetHints":{"allow":["GET"]}}],"collection":[{"href":"https:\/\/changementsocialbenin.org\/index.php\/wp-json\/wp\/v2\/pages"}],"about":[{"href":"https:\/\/changementsocialbenin.org\/index.php\/wp-json\/wp\/v2\/types\/page"}],"author":[{"embeddable":true,"href":"https:\/\/changementsocialbenin.org\/index.php\/wp-json\/wp\/v2\/users\/1"}],"replies":[{"embeddable":true,"href":"https:\/\/changementsocialbenin.org\/index.php\/wp-json\/wp\/v2\/comments?post=942"}],"version-history":[{"count":34,"href":"https:\/\/changementsocialbenin.org\/index.php\/wp-json\/wp\/v2\/pages\/942\/revisions"}],"predecessor-version":[{"id":2638,"href":"https:\/\/changementsocialbenin.org\/index.php\/wp-json\/wp\/v2\/pages\/942\/revisions\/2638"}],"wp:attachment":[{"href":"https:\/\/changementsocialbenin.org\/index.php\/wp-json\/wp\/v2\/media?parent=942"}],"curies":[{"name":"wp","href":"https:\/\/api.w.org\/{rel}","templated":true}]}}