{"id":926,"date":"2022-07-09T16:46:14","date_gmt":"2022-07-09T14:46:14","guid":{"rendered":"http:\/\/changementsocialbenin.com\/?page_id=926"},"modified":"2022-12-19T08:49:51","modified_gmt":"2022-12-19T07:49:51","slug":"plaidoyer-pour-la-mise-en-place-dun-mecanisme-national-de-prevention-de-la-torture-en-republique-du-benin","status":"publish","type":"page","link":"https:\/\/changementsocialbenin.org\/index.php\/plaidoyer-pour-la-mise-en-place-dun-mecanisme-national-de-prevention-de-la-torture-en-republique-du-benin\/","title":{"rendered":"Plaidoyer pour la mise en place d\u2019un M\u00e9canisme National de Pr\u00e9vention de la torture en R\u00e9publique du B\u00e9nin"},"content":{"rendered":"\t\t<div data-elementor-type=\"wp-page\" data-elementor-id=\"926\" class=\"elementor elementor-926\" data-elementor-settings=\"{&quot;ha_cmc_init_switcher&quot;:&quot;no&quot;}\" data-elementor-post-type=\"page\">\n\t\t\t\t\t\t<section class=\"elementor-section elementor-top-section elementor-element elementor-element-20870793 elementor-section-full_width elementor-section-height-default elementor-section-height-default wpr-particle-no wpr-jarallax-no wpr-parallax-no wpr-sticky-section-no\" data-id=\"20870793\" data-element_type=\"section\" data-settings=\"{&quot;background_background&quot;:&quot;classic&quot;,&quot;background_motion_fx_motion_fx_scrolling&quot;:&quot;yes&quot;,&quot;background_motion_fx_translateY_effect&quot;:&quot;yes&quot;,&quot;background_motion_fx_translateY_speed&quot;:{&quot;unit&quot;:&quot;px&quot;,&quot;size&quot;:3.8999999999999999,&quot;sizes&quot;:[]},&quot;background_motion_fx_translateY_affectedRange&quot;:{&quot;unit&quot;:&quot;%&quot;,&quot;size&quot;:&quot;&quot;,&quot;sizes&quot;:{&quot;start&quot;:0,&quot;end&quot;:100}},&quot;background_motion_fx_devices&quot;:[&quot;desktop&quot;,&quot;tablet&quot;,&quot;mobile&quot;],&quot;_ha_eqh_enable&quot;:false}\">\n\t\t\t\t\t\t<div class=\"elementor-container elementor-column-gap-default\">\n\t\t\t\t\t<div class=\"elementor-column elementor-col-100 elementor-top-column elementor-element elementor-element-cedeb57\" data-id=\"cedeb57\" data-element_type=\"column\">\n\t\t\t<div class=\"elementor-widget-wrap elementor-element-populated\">\n\t\t\t\t\t\t<div class=\"elementor-element elementor-element-6da8e824 elementor-widget elementor-widget-heading\" data-id=\"6da8e824\" data-element_type=\"widget\" data-widget_type=\"heading.default\">\n\t\t\t\t<div class=\"elementor-widget-container\">\n\t\t\t\t\t<h2 class=\"elementor-heading-title elementor-size-default\">Plaidoyer pour la mise en place d\u2019un M\u00e9canisme National de Pr\u00e9vention de la torture en R\u00e9publique du B\u00e9nin<\/h2>\t\t\t\t<\/div>\n\t\t\t\t<\/div>\n\t\t\t\t\t<\/div>\n\t\t<\/div>\n\t\t\t\t\t<\/div>\n\t\t<\/section>\n\t\t\t\t<section class=\"elementor-section elementor-top-section elementor-element elementor-element-190b8723 elementor-section-boxed elementor-section-height-default elementor-section-height-default wpr-particle-no wpr-jarallax-no wpr-parallax-no wpr-sticky-section-no\" data-id=\"190b8723\" data-element_type=\"section\" data-settings=\"{&quot;_ha_eqh_enable&quot;:false}\">\n\t\t\t\t\t\t<div class=\"elementor-container elementor-column-gap-default\">\n\t\t\t\t\t<div class=\"elementor-column elementor-col-100 elementor-top-column elementor-element elementor-element-36837471\" data-id=\"36837471\" data-element_type=\"column\">\n\t\t\t<div class=\"elementor-widget-wrap elementor-element-populated\">\n\t\t\t\t\t\t<section class=\"elementor-section elementor-inner-section elementor-element elementor-element-7fcc5c6c elementor-section-boxed elementor-section-height-default elementor-section-height-default wpr-particle-no wpr-jarallax-no wpr-parallax-no wpr-sticky-section-no\" data-id=\"7fcc5c6c\" data-element_type=\"section\" data-settings=\"{&quot;background_background&quot;:&quot;classic&quot;,&quot;_ha_eqh_enable&quot;:false}\">\n\t\t\t\t\t\t<div class=\"elementor-container elementor-column-gap-default\">\n\t\t\t\t\t<div class=\"elementor-column elementor-col-50 elementor-inner-column elementor-element elementor-element-3d0d5c8f\" data-id=\"3d0d5c8f\" data-element_type=\"column\">\n\t\t\t<div class=\"elementor-widget-wrap elementor-element-populated\">\n\t\t\t\t\t\t<div class=\"elementor-element elementor-element-9b1ee69 elementor-widget elementor-widget-image\" data-id=\"9b1ee69\" data-element_type=\"widget\" data-widget_type=\"image.default\">\n\t\t\t\t<div class=\"elementor-widget-container\">\n\t\t\t\t\t\t\t\t\t\t\t\t\t\t\t<img fetchpriority=\"high\" decoding=\"async\" width=\"1000\" height=\"667\" src=\"https:\/\/changementsocialbenin.org\/wp-content\/uploads\/2022\/11\/DSC_0716-1024x683.jpg\" class=\"attachment-large size-large wp-image-1797\" alt=\"\" srcset=\"https:\/\/changementsocialbenin.org\/wp-content\/uploads\/2022\/11\/DSC_0716-1024x683.jpg 1024w, https:\/\/changementsocialbenin.org\/wp-content\/uploads\/2022\/11\/DSC_0716-300x200.jpg 300w, https:\/\/changementsocialbenin.org\/wp-content\/uploads\/2022\/11\/DSC_0716-768x512.jpg 768w, https:\/\/changementsocialbenin.org\/wp-content\/uploads\/2022\/11\/DSC_0716-1536x1024.jpg 1536w, https:\/\/changementsocialbenin.org\/wp-content\/uploads\/2022\/11\/DSC_0716-2048x1365.jpg 2048w, https:\/\/changementsocialbenin.org\/wp-content\/uploads\/2022\/11\/DSC_0716-200x133.jpg 200w\" sizes=\"(max-width: 1000px) 100vw, 1000px\" \/>\t\t\t\t\t\t\t\t\t\t\t\t\t\t\t<\/div>\n\t\t\t\t<\/div>\n\t\t\t\t\t<\/div>\n\t\t<\/div>\n\t\t\t\t<div class=\"elementor-column elementor-col-50 elementor-inner-column elementor-element elementor-element-4d0738e1\" data-id=\"4d0738e1\" data-element_type=\"column\">\n\t\t\t<div class=\"elementor-widget-wrap elementor-element-populated\">\n\t\t\t\t\t\t<div class=\"elementor-element elementor-element-1d7ad47d elementor-widget elementor-widget-heading\" data-id=\"1d7ad47d\" data-element_type=\"widget\" data-widget_type=\"heading.default\">\n\t\t\t\t<div class=\"elementor-widget-container\">\n\t\t\t\t\t<h2 class=\"elementor-heading-title elementor-size-default\">Plaidoyer pour la mise en place d\u2019un M\u00e9canisme National de Pr\u00e9vention de la torture en R\u00e9publique du B\u00e9nin<\/h2>\t\t\t\t<\/div>\n\t\t\t\t<\/div>\n\t\t\t\t<div class=\"elementor-element elementor-element-7bb65abb elementor-widget elementor-widget-text-editor\" data-id=\"7bb65abb\" data-element_type=\"widget\" data-widget_type=\"text-editor.default\">\n\t\t\t\t<div class=\"elementor-widget-container\">\n\t\t\t\t\t\t\t\t\t<p>Outre les diff\u00e9rentes recommandations enregistr\u00e9es par le B\u00e9nin en 2012 et en 2017 lors de l\u2019Examen P\u00e9riodique Universel devant le Conseil des Droits de l\u2019Homme ainsi qu\u2019en 2015 \u00e0 l\u2019occasion de la 115i\u00e8me session du Comit\u00e9 des Droits de l\u2019Homme relativement \u00e0 la mise en place d\u2019un M\u00e9canisme National de Pr\u00e9vention de la torture, le Sous-comit\u00e9 de Pr\u00e9vention de la Torture, conform\u00e9ment \u00e0 son mandat, a effectu\u00e9 une visite au B\u00e9nin du 11 au 15 janvier 2016. Au terme de cette visite, le tableau de la situation en milieu carc\u00e9ral est apparu peu reluisant.<\/p><p>\u00a0<\/p>\t\t\t\t\t\t\t\t<\/div>\n\t\t\t\t<\/div>\n\t\t\t\t\t<\/div>\n\t\t<\/div>\n\t\t\t\t\t<\/div>\n\t\t<\/section>\n\t\t\t\t<section class=\"elementor-section elementor-inner-section elementor-element elementor-element-2857285 elementor-section-boxed elementor-section-height-default elementor-section-height-default wpr-particle-no wpr-jarallax-no wpr-parallax-no wpr-sticky-section-no\" data-id=\"2857285\" data-element_type=\"section\" data-settings=\"{&quot;background_background&quot;:&quot;classic&quot;,&quot;_ha_eqh_enable&quot;:false}\">\n\t\t\t\t\t\t<div class=\"elementor-container elementor-column-gap-default\">\n\t\t\t\t\t<div class=\"elementor-column elementor-col-100 elementor-inner-column elementor-element elementor-element-25f54a8\" data-id=\"25f54a8\" data-element_type=\"column\">\n\t\t\t<div class=\"elementor-widget-wrap elementor-element-populated\">\n\t\t\t\t\t\t<div class=\"elementor-element elementor-element-712287f elementor-widget elementor-widget-text-editor\" data-id=\"712287f\" data-element_type=\"widget\" data-widget_type=\"text-editor.default\">\n\t\t\t\t<div class=\"elementor-widget-container\">\n\t\t\t\t\t\t\t\t\t<p>Ainsi, le Sous-comit\u00e9 de Pr\u00e9vention de la Torture a encourag\u00e9 fortement le B\u00e9nin \u00e0 mettre en place un\u00a0<strong>M\u00e9canisme National de Pr\u00e9vention<\/strong>\u00a0car il s\u2019agit d\u2019un outil important d\u2019am\u00e9lioration des conditions de d\u00e9tention et de pr\u00e9vention de la torture et des mauvais traitements des d\u00e9tenus.<\/p><p>Consid\u00e9rant l\u2019approche retenue par l\u2019\u00c9tat b\u00e9ninois pour la mise en place d\u2019un tel m\u00e9canisme consistant \u00e0 le confier \u00e0 la Commission B\u00e9ninoise des Droits de l\u2019Homme dont l\u2019une des attributions est\u00a0<strong>\u00ab\u00a0\u2013 effectuer des visites r\u00e9guli\u00e8res, inopin\u00e9es ou notifi\u00e9es, dans les lieux de d\u00e9tention et de r\u00e9tention aux fins de pr\u00e9venir toutes violations des droits de l\u2019Homme\u00a0\u00bb,<\/strong>\u00a0il est apparu pertinent de mettre en \u0153uvre ce projet qui vise \u00e0 contribuer \u00e0 la prise de mesures urgentes pour soulager la souffrance des d\u00e9tenus \u00e0 travers l\u2019\u00e9largissement du mandat de la Commission B\u00e9ninoise des Droits de l\u2019Homme \u00e0 celui du\u00a0<strong>M\u00e9canisme National de Pr\u00e9vention<\/strong>\u00a0de la torture.<\/p><p>En harmonie avec cette l\u2019article 40 de la Constitution b\u00e9ninoise et consid\u00e9rant que la Charte africaine sur les valeurs et les principes du service public et de l\u2019administration requiert une r\u00e9elle appropriation par les acteurs de l\u2019offre de service public \u00e0 l\u2019\u00e8re de la modernisation de l\u2019administration publique b\u00e9ninoise, il sied d\u2019agir sur lesdits acteurs pour susciter un changement de comportement en vue de fournir un service public accessible, disponible, acceptable et adapt\u00e9 aux acteurs de la demande de service public.<\/p>\t\t\t\t\t\t\t\t<\/div>\n\t\t\t\t<\/div>\n\t\t\t\t\t<\/div>\n\t\t<\/div>\n\t\t\t\t\t<\/div>\n\t\t<\/section>\n\t\t\t\t<section class=\"elementor-section elementor-inner-section elementor-element elementor-element-1c10f8f4 elementor-section-boxed elementor-section-height-default elementor-section-height-default wpr-particle-no wpr-jarallax-no wpr-parallax-no wpr-sticky-section-no\" data-id=\"1c10f8f4\" data-element_type=\"section\" data-settings=\"{&quot;_ha_eqh_enable&quot;:false}\">\n\t\t\t\t\t\t<div class=\"elementor-container elementor-column-gap-default\">\n\t\t\t\t\t<div class=\"elementor-column elementor-col-50 elementor-inner-column elementor-element elementor-element-237d2c75\" data-id=\"237d2c75\" data-element_type=\"column\">\n\t\t\t<div class=\"elementor-widget-wrap elementor-element-populated\">\n\t\t\t\t\t\t<div class=\"elementor-element elementor-element-3bb9b3f5 elementor-widget elementor-widget-spacer\" data-id=\"3bb9b3f5\" data-element_type=\"widget\" data-widget_type=\"spacer.default\">\n\t\t\t\t<div class=\"elementor-widget-container\">\n\t\t\t\t\t\t\t<div class=\"elementor-spacer\">\n\t\t\t<div class=\"elementor-spacer-inner\"><\/div>\n\t\t<\/div>\n\t\t\t\t\t\t<\/div>\n\t\t\t\t<\/div>\n\t\t\t\t<div class=\"elementor-element elementor-element-29733ec0 elementor-widget elementor-widget-heading\" data-id=\"29733ec0\" data-element_type=\"widget\" data-widget_type=\"heading.default\">\n\t\t\t\t<div class=\"elementor-widget-container\">\n\t\t\t\t\t<h2 class=\"elementor-heading-title elementor-size-default\">Rendus du projet<\/h2>\t\t\t\t<\/div>\n\t\t\t\t<\/div>\n\t\t\t\t<div class=\"elementor-element elementor-element-5e7f132d elementor-widget-divider--view-line elementor-widget elementor-widget-divider\" data-id=\"5e7f132d\" data-element_type=\"widget\" data-widget_type=\"divider.default\">\n\t\t\t\t<div class=\"elementor-widget-container\">\n\t\t\t\t\t\t\t<div class=\"elementor-divider\">\n\t\t\t<span class=\"elementor-divider-separator\">\n\t\t\t\t\t\t<\/span>\n\t\t<\/div>\n\t\t\t\t\t\t<\/div>\n\t\t\t\t<\/div>\n\t\t\t\t\t<\/div>\n\t\t<\/div>\n\t\t\t\t<div class=\"elementor-column elementor-col-50 elementor-inner-column elementor-element elementor-element-53f3f668\" data-id=\"53f3f668\" data-element_type=\"column\">\n\t\t\t<div class=\"elementor-widget-wrap\">\n\t\t\t\t\t\t\t<\/div>\n\t\t<\/div>\n\t\t\t\t\t<\/div>\n\t\t<\/section>\n\t\t\t\t<section class=\"elementor-section elementor-inner-section elementor-element elementor-element-201e9e89 elementor-section-boxed elementor-section-height-default elementor-section-height-default wpr-particle-no wpr-jarallax-no wpr-parallax-no wpr-sticky-section-no\" data-id=\"201e9e89\" data-element_type=\"section\" data-settings=\"{&quot;_ha_eqh_enable&quot;:false}\">\n\t\t\t\t\t\t<div class=\"elementor-container elementor-column-gap-default\">\n\t\t\t\t\t<div class=\"elementor-column elementor-col-100 elementor-inner-column elementor-element elementor-element-3b2cf43f\" data-id=\"3b2cf43f\" data-element_type=\"column\">\n\t\t\t<div class=\"elementor-widget-wrap elementor-element-populated\">\n\t\t\t\t\t\t<div class=\"elementor-element elementor-element-8d1c6ad elementor-grid-eael-col-4 elementor-grid-tablet-eael-col-2 elementor-grid-mobile-eael-col-1 elementor-widget elementor-widget-eael-post-grid\" data-id=\"8d1c6ad\" data-element_type=\"widget\" data-settings=\"{&quot;eael_post_grid_columns&quot;:&quot;eael-col-4&quot;,&quot;eael_post_grid_columns_tablet&quot;:&quot;eael-col-2&quot;,&quot;eael_post_grid_columns_mobile&quot;:&quot;eael-col-1&quot;}\" data-widget_type=\"eael-post-grid.default\">\n\t\t\t\t<div class=\"elementor-widget-container\">\n\t\t\t\t\t<div id=\"eael-post-grid-8d1c6ad\" class=\"eael-post-grid-container\">\n            <div class=\"eael-post-grid eael-post-appender eael-post-appender-8d1c6ad eael-post-grid-style-one\" data-layout-mode=\"masonry\"><article class=\"eael-grid-post eael-post-grid-column\" data-id=\"420\">\n        <div class=\"eael-grid-post-holder\">\n            <div class=\"eael-grid-post-holder-inner\"><div class=\"eael-entry-media\"><div class=\"eael-entry-overlay fade-in\"><i class=\"fas fa-long-arrow-alt-right\" aria-hidden=\"true\"><\/i><a href=\"https:\/\/changementsocialbenin.org\/index.php\/2020\/10\/13\/atelier-dappropriation-par-la-commission-beninoise-des-droits-de-lhomme-de-la-suggestion-de-decret-visant-a-elargir-son-mandat-a-celui-de-mecanisme-national-de-prevention-de-la-torture\/\"><\/a><\/div><div class=\"eael-entry-thumbnail \">\n                <img decoding=\"async\" width=\"300\" height=\"200\" src=\"https:\/\/changementsocialbenin.org\/wp-content\/uploads\/2020\/10\/Atelier-dappropriation-par-la-Commission-Beninoise-des-Droits-de-lHomme-de-la-suggestion-de-decret-visant-a-elargir-son-mandat-a-celui-de-Mecanisme-National-de-Prevention-de-la-300x200.jpg\" class=\"attachment-medium size-medium wp-image-2020\" alt=\"\" srcset=\"https:\/\/changementsocialbenin.org\/wp-content\/uploads\/2020\/10\/Atelier-dappropriation-par-la-Commission-Beninoise-des-Droits-de-lHomme-de-la-suggestion-de-decret-visant-a-elargir-son-mandat-a-celui-de-Mecanisme-National-de-Prevention-de-la-300x200.jpg 300w, https:\/\/changementsocialbenin.org\/wp-content\/uploads\/2020\/10\/Atelier-dappropriation-par-la-Commission-Beninoise-des-Droits-de-lHomme-de-la-suggestion-de-decret-visant-a-elargir-son-mandat-a-celui-de-Mecanisme-National-de-Prevention-de-la-1024x683.jpg 1024w, https:\/\/changementsocialbenin.org\/wp-content\/uploads\/2020\/10\/Atelier-dappropriation-par-la-Commission-Beninoise-des-Droits-de-lHomme-de-la-suggestion-de-decret-visant-a-elargir-son-mandat-a-celui-de-Mecanisme-National-de-Prevention-de-la-768x512.jpg 768w, https:\/\/changementsocialbenin.org\/wp-content\/uploads\/2020\/10\/Atelier-dappropriation-par-la-Commission-Beninoise-des-Droits-de-lHomme-de-la-suggestion-de-decret-visant-a-elargir-son-mandat-a-celui-de-Mecanisme-National-de-Prevention-de-la-1536x1024.jpg 1536w, https:\/\/changementsocialbenin.org\/wp-content\/uploads\/2020\/10\/Atelier-dappropriation-par-la-Commission-Beninoise-des-Droits-de-lHomme-de-la-suggestion-de-decret-visant-a-elargir-son-mandat-a-celui-de-Mecanisme-National-de-Prevention-de-la-2048x1365.jpg 2048w, https:\/\/changementsocialbenin.org\/wp-content\/uploads\/2020\/10\/Atelier-dappropriation-par-la-Commission-Beninoise-des-Droits-de-lHomme-de-la-suggestion-de-decret-visant-a-elargir-son-mandat-a-celui-de-Mecanisme-National-de-Prevention-de-la-200x133.jpg 200w\" sizes=\"(max-width: 300px) 100vw, 300px\" \/>\n            <\/div>\n        <\/div><div class=\"eael-entry-wrapper\"><header class=\"eael-entry-header\"><h2 class=\"eael-entry-title\"><a class=\"eael-grid-post-link\" href=\"https:\/\/changementsocialbenin.org\/index.php\/2020\/10\/13\/atelier-dappropriation-par-la-commission-beninoise-des-droits-de-lhomme-de-la-suggestion-de-decret-visant-a-elargir-son-mandat-a-celui-de-mecanisme-national-de-prevention-de-la-torture\/\" title=\"Atelier d&rsquo;appropriation par la Commission B\u00e9ninoise des Droits de l&rsquo;Homme de la suggestion de d\u00e9cret visant \u00e0 \u00e9largir son mandat \u00e0 celui de M\u00e9canisme National de Pr\u00e9vention de la torture\">Atelier d&rsquo;appropriation par la Commission B\u00e9ninoise des Droits de l&rsquo;Homme de la suggestion de d\u00e9cret visant \u00e0 \u00e9largir son mandat \u00e0 celui de M\u00e9canisme National de Pr\u00e9vention de la torture<\/a><\/h2><\/header><div class=\"eael-entry-content\">\n                        <div class=\"eael-grid-post-excerpt\"><p>&nbsp;Le vendredi 09 Octobre 2020 s\u2019est tenu \u00e0 la salle...<\/p><a href=\"https:\/\/changementsocialbenin.org\/index.php\/2020\/10\/13\/atelier-dappropriation-par-la-commission-beninoise-des-droits-de-lhomme-de-la-suggestion-de-decret-visant-a-elargir-son-mandat-a-celui-de-mecanisme-national-de-prevention-de-la-torture\/\" class=\"eael-post-elements-readmore-btn\">Lire plus<\/a><\/div>\n                    <\/div><div class=\"eael-entry-footer\"><div class=\"eael-entry-meta\"><span class=\"eael-posted-on\"><time datetime=\"13 octobre 2020\">13 octobre 2020<\/time><\/span><\/div><\/div><\/div><\/div>\n        <\/div>\n    <\/article><article class=\"eael-grid-post eael-post-grid-column\" data-id=\"1937\">\n        <div class=\"eael-grid-post-holder\">\n            <div class=\"eael-grid-post-holder-inner\"><div class=\"eael-entry-media\"><div class=\"eael-entry-overlay fade-in\"><i class=\"fas fa-long-arrow-alt-right\" aria-hidden=\"true\"><\/i><a href=\"https:\/\/changementsocialbenin.org\/index.php\/2019\/06\/19\/reunion-du-comite-mixte-de-suivi-et-du-college-des-personnes-ressources-du-projet-plaidoyer-pour-la-mise-en-place-dun-mecanisme-national-de-prevention-de-la-torture-en-republique-du-benin\/\"><\/a><\/div><div class=\"eael-entry-thumbnail \">\n                <img decoding=\"async\" width=\"300\" height=\"225\" src=\"https:\/\/changementsocialbenin.org\/wp-content\/uploads\/2022\/11\/Image-Activite-OPCAT-2-300x225.jpg\" class=\"attachment-medium size-medium wp-image-1804\" alt=\"\" srcset=\"https:\/\/changementsocialbenin.org\/wp-content\/uploads\/2022\/11\/Image-Activite-OPCAT-2-300x225.jpg 300w, https:\/\/changementsocialbenin.org\/wp-content\/uploads\/2022\/11\/Image-Activite-OPCAT-2-1024x768.jpg 1024w, https:\/\/changementsocialbenin.org\/wp-content\/uploads\/2022\/11\/Image-Activite-OPCAT-2-768x576.jpg 768w, https:\/\/changementsocialbenin.org\/wp-content\/uploads\/2022\/11\/Image-Activite-OPCAT-2-200x150.jpg 200w, https:\/\/changementsocialbenin.org\/wp-content\/uploads\/2022\/11\/Image-Activite-OPCAT-2.jpg 1040w\" sizes=\"(max-width: 300px) 100vw, 300px\" \/>\n            <\/div>\n        <\/div><div class=\"eael-entry-wrapper\"><header class=\"eael-entry-header\"><h2 class=\"eael-entry-title\"><a class=\"eael-grid-post-link\" href=\"https:\/\/changementsocialbenin.org\/index.php\/2019\/06\/19\/reunion-du-comite-mixte-de-suivi-et-du-college-des-personnes-ressources-du-projet-plaidoyer-pour-la-mise-en-place-dun-mecanisme-national-de-prevention-de-la-torture-en-republique-du-benin\/\" title=\"R\u00e9union du Comit\u00e9 mixte de suivi et du Coll\u00e8ge des personnes ressources du projet \u00a0\u00bbPlaidoyer pour la mise en place d&rsquo;un M\u00e9canisme National de Pr\u00e9vention de la torture en R\u00e9publique du B\u00e9nin \u00a0\u00bb\">R\u00e9union du Comit\u00e9 mixte de suivi et du Coll\u00e8ge des personnes ressources du projet \u00a0\u00bbPlaidoyer pour la mise en place d&rsquo;un M\u00e9canisme National de Pr\u00e9vention de la torture en R\u00e9publique du B\u00e9nin \u00a0\u00bb<\/a><\/h2><\/header><div class=\"eael-entry-content\">\n                        <div class=\"eael-grid-post-excerpt\"><p>Le 18 juin 2019, le Comit\u00e9 mixte de suivi accompagn\u00e9...<\/p><a href=\"https:\/\/changementsocialbenin.org\/index.php\/2019\/06\/19\/reunion-du-comite-mixte-de-suivi-et-du-college-des-personnes-ressources-du-projet-plaidoyer-pour-la-mise-en-place-dun-mecanisme-national-de-prevention-de-la-torture-en-republique-du-benin\/\" class=\"eael-post-elements-readmore-btn\">Lire plus<\/a><\/div>\n                    <\/div><div class=\"eael-entry-footer\"><div class=\"eael-entry-meta\"><span class=\"eael-posted-on\"><time datetime=\"19 juin 2019\">19 juin 2019<\/time><\/span><\/div><\/div><\/div><\/div>\n        <\/div>\n    <\/article><article class=\"eael-grid-post eael-post-grid-column\" data-id=\"1933\">\n        <div class=\"eael-grid-post-holder\">\n            <div class=\"eael-grid-post-holder-inner\"><div class=\"eael-entry-media\"><div class=\"eael-entry-overlay fade-in\"><i class=\"fas fa-long-arrow-alt-right\" aria-hidden=\"true\"><\/i><a href=\"https:\/\/changementsocialbenin.org\/index.php\/2019\/04\/17\/atelier-dappropriation-des-standards-internationaux-en-matiere-de-prevention-de-la-torture\/\"><\/a><\/div><div class=\"eael-entry-thumbnail \">\n                <img loading=\"lazy\" decoding=\"async\" width=\"300\" height=\"200\" src=\"https:\/\/changementsocialbenin.org\/wp-content\/uploads\/2022\/11\/DSC_0757-300x200.jpg\" class=\"attachment-medium size-medium wp-image-1800\" alt=\"\" srcset=\"https:\/\/changementsocialbenin.org\/wp-content\/uploads\/2022\/11\/DSC_0757-300x200.jpg 300w, https:\/\/changementsocialbenin.org\/wp-content\/uploads\/2022\/11\/DSC_0757-1024x683.jpg 1024w, https:\/\/changementsocialbenin.org\/wp-content\/uploads\/2022\/11\/DSC_0757-768x512.jpg 768w, https:\/\/changementsocialbenin.org\/wp-content\/uploads\/2022\/11\/DSC_0757-1536x1024.jpg 1536w, https:\/\/changementsocialbenin.org\/wp-content\/uploads\/2022\/11\/DSC_0757-2048x1365.jpg 2048w, https:\/\/changementsocialbenin.org\/wp-content\/uploads\/2022\/11\/DSC_0757-200x133.jpg 200w\" sizes=\"(max-width: 300px) 100vw, 300px\" \/>\n            <\/div>\n        <\/div><div class=\"eael-entry-wrapper\"><header class=\"eael-entry-header\"><h2 class=\"eael-entry-title\"><a class=\"eael-grid-post-link\" href=\"https:\/\/changementsocialbenin.org\/index.php\/2019\/04\/17\/atelier-dappropriation-des-standards-internationaux-en-matiere-de-prevention-de-la-torture\/\" title=\"Atelier d&rsquo;appropriation des standards internationaux en mati\u00e8re de pr\u00e9vention de la torture\">Atelier d&rsquo;appropriation des standards internationaux en mati\u00e8re de pr\u00e9vention de la torture<\/a><\/h2><\/header><div class=\"eael-entry-content\">\n                        <div class=\"eael-grid-post-excerpt\"><p>Le Mardi 16 Avril 2019, a \u00e9t\u00e9 organis\u00e9 \u00e0 l\u2019H\u00f4tel...<\/p><a href=\"https:\/\/changementsocialbenin.org\/index.php\/2019\/04\/17\/atelier-dappropriation-des-standards-internationaux-en-matiere-de-prevention-de-la-torture\/\" class=\"eael-post-elements-readmore-btn\">Lire plus<\/a><\/div>\n                    <\/div><div class=\"eael-entry-footer\"><div class=\"eael-entry-meta\"><span class=\"eael-posted-on\"><time datetime=\"17 avril 2019\">17 avril 2019<\/time><\/span><\/div><\/div><\/div><\/div>\n        <\/div>\n    <\/article><article class=\"eael-grid-post eael-post-grid-column\" data-id=\"266\">\n        <div class=\"eael-grid-post-holder\">\n            <div class=\"eael-grid-post-holder-inner\"><div class=\"eael-entry-media\"><div class=\"eael-entry-overlay fade-in\"><i class=\"fas fa-long-arrow-alt-right\" aria-hidden=\"true\"><\/i><a href=\"https:\/\/changementsocialbenin.org\/index.php\/2019\/01\/30\/avis-de-recrutement-2\/\"><\/a><\/div><div class=\"eael-entry-thumbnail \">\n                <img loading=\"lazy\" decoding=\"async\" width=\"300\" height=\"212\" src=\"https:\/\/changementsocialbenin.org\/wp-content\/uploads\/2022\/02\/Logo-CSB-300x212.png\" class=\"attachment-medium size-medium wp-image-1986\" alt=\"\" srcset=\"https:\/\/changementsocialbenin.org\/wp-content\/uploads\/2022\/02\/Logo-CSB-300x212.png 300w, https:\/\/changementsocialbenin.org\/wp-content\/uploads\/2022\/02\/Logo-CSB-200x141.png 200w, https:\/\/changementsocialbenin.org\/wp-content\/uploads\/2022\/02\/Logo-CSB.png 336w\" sizes=\"(max-width: 300px) 100vw, 300px\" \/>\n            <\/div>\n        <\/div><div class=\"eael-entry-wrapper\"><header class=\"eael-entry-header\"><h2 class=\"eael-entry-title\"><a class=\"eael-grid-post-link\" href=\"https:\/\/changementsocialbenin.org\/index.php\/2019\/01\/30\/avis-de-recrutement-2\/\" title=\"Avis de recrutement\">Avis de recrutement<\/a><\/h2><\/header><div class=\"eael-entry-content\">\n                        <div class=\"eael-grid-post-excerpt\"><p>Dans le cadre de la mise en \u0153uvre du projet...<\/p><a href=\"https:\/\/changementsocialbenin.org\/index.php\/2019\/01\/30\/avis-de-recrutement-2\/\" class=\"eael-post-elements-readmore-btn\">Lire plus<\/a><\/div>\n                    <\/div><div class=\"eael-entry-footer\"><div class=\"eael-entry-meta\"><span class=\"eael-posted-on\"><time datetime=\"30 janvier 2019\">30 janvier 2019<\/time><\/span><\/div><\/div><\/div><\/div>\n        <\/div>\n    <\/article><\/div>\n            <div class=\"clearfix\"><\/div>\n        <\/div>            <div class=\"eael-load-more-button-wrap eael-force-hide\">\n                <button class=\"eael-load-more-button\" id=\"eael-load-more-btn-8d1c6ad\" data-widget-id=\"8d1c6ad\" data-widget=\"8d1c6ad\" data-page-id=\"926\" data-template=\"{&quot;dir&quot;:&quot;lite&quot;,&quot;file_name&quot;:&quot;one.php&quot;,&quot;name&quot;:&quot;Post-Grid&quot;}\" data-class=\"Essential_Addons_Elementor\\Elements\\Post_Grid\" data-layout=\"masonry\" data-page=\"1\" data-args=\"orderby=date&amp;order=desc&amp;ignore_sticky_posts=1&amp;post_status=publish&amp;posts_per_page=4&amp;offset=0&amp;post_type=post&amp;tax_query%5B0%5D%5Btaxonomy%5D=category&amp;tax_query%5B0%5D%5Bfield%5D=term_id&amp;tax_query%5B0%5D%5Bterms%5D%5B0%5D=16&amp;tax_query%5Brelation%5D=AND\" data-max-page=\"2\">\n                    <span class=\"eael-btn-loader button__loader\"><\/span>\n                    <span class=\"eael_load_more_text\">Load More<\/span>\n                <\/button>\n            <\/div>\n            \t\t\t\t<\/div>\n\t\t\t\t<\/div>\n\t\t\t\t\t<\/div>\n\t\t<\/div>\n\t\t\t\t\t<\/div>\n\t\t<\/section>\n\t\t\t\t<section class=\"elementor-section elementor-inner-section elementor-element elementor-element-596816a9 elementor-section-boxed elementor-section-height-default elementor-section-height-default wpr-particle-no wpr-jarallax-no wpr-parallax-no wpr-sticky-section-no\" data-id=\"596816a9\" data-element_type=\"section\" data-settings=\"{&quot;_ha_eqh_enable&quot;:false}\">\n\t\t\t\t\t\t<div class=\"elementor-container elementor-column-gap-default\">\n\t\t\t\t\t<div class=\"elementor-column elementor-col-50 elementor-inner-column elementor-element elementor-element-66daa88f\" data-id=\"66daa88f\" data-element_type=\"column\">\n\t\t\t<div class=\"elementor-widget-wrap elementor-element-populated\">\n\t\t\t\t\t\t<div class=\"elementor-element elementor-element-11d870be elementor-widget elementor-widget-spacer\" data-id=\"11d870be\" data-element_type=\"widget\" data-widget_type=\"spacer.default\">\n\t\t\t\t<div class=\"elementor-widget-container\">\n\t\t\t\t\t\t\t<div class=\"elementor-spacer\">\n\t\t\t<div class=\"elementor-spacer-inner\"><\/div>\n\t\t<\/div>\n\t\t\t\t\t\t<\/div>\n\t\t\t\t<\/div>\n\t\t\t\t<div class=\"elementor-element elementor-element-749777eb elementor-widget elementor-widget-heading\" data-id=\"749777eb\" data-element_type=\"widget\" data-widget_type=\"heading.default\">\n\t\t\t\t<div class=\"elementor-widget-container\">\n\t\t\t\t\t<h2 class=\"elementor-heading-title elementor-size-default\">Galerie du projet<\/h2>\t\t\t\t<\/div>\n\t\t\t\t<\/div>\n\t\t\t\t<div class=\"elementor-element elementor-element-5a456f5d elementor-widget-divider--view-line elementor-widget elementor-widget-divider\" data-id=\"5a456f5d\" data-element_type=\"widget\" data-widget_type=\"divider.default\">\n\t\t\t\t<div class=\"elementor-widget-container\">\n\t\t\t\t\t\t\t<div class=\"elementor-divider\">\n\t\t\t<span class=\"elementor-divider-separator\">\n\t\t\t\t\t\t<\/span>\n\t\t<\/div>\n\t\t\t\t\t\t<\/div>\n\t\t\t\t<\/div>\n\t\t\t\t\t<\/div>\n\t\t<\/div>\n\t\t\t\t<div class=\"elementor-column elementor-col-50 elementor-inner-column elementor-element elementor-element-5c5bb214\" data-id=\"5c5bb214\" data-element_type=\"column\">\n\t\t\t<div class=\"elementor-widget-wrap\">\n\t\t\t\t\t\t\t<\/div>\n\t\t<\/div>\n\t\t\t\t\t<\/div>\n\t\t<\/section>\n\t\t\t\t<section class=\"elementor-section elementor-inner-section elementor-element elementor-element-58bb8da5 elementor-section-boxed elementor-section-height-default elementor-section-height-default wpr-particle-no wpr-jarallax-no wpr-parallax-no wpr-sticky-section-no\" data-id=\"58bb8da5\" data-element_type=\"section\" data-settings=\"{&quot;_ha_eqh_enable&quot;:false}\">\n\t\t\t\t\t\t<div class=\"elementor-container elementor-column-gap-default\">\n\t\t\t\t\t<div class=\"elementor-column elementor-col-100 elementor-inner-column elementor-element elementor-element-15d37de4\" data-id=\"15d37de4\" data-element_type=\"column\">\n\t\t\t<div class=\"elementor-widget-wrap elementor-element-populated\">\n\t\t\t\t\t\t<div class=\"elementor-element elementor-element-4d9ca79a gallery-spacing-custom elementor-widget elementor-widget-image-gallery\" data-id=\"4d9ca79a\" data-element_type=\"widget\" data-widget_type=\"image-gallery.default\">\n\t\t\t\t<div class=\"elementor-widget-container\">\n\t\t\t\t\t\t\t<div class=\"elementor-image-gallery\">\n\t\t\t<div id='gallery-1' class='gallery galleryid-926 gallery-columns-3 gallery-size-true-news-medium'><figure class='gallery-item'>\n\t\t\t<div class='gallery-icon landscape'>\n\t\t\t\t<a data-elementor-open-lightbox=\"yes\" data-elementor-lightbox-slideshow=\"4d9ca79a\" data-elementor-lightbox-title=\"DSC_0033\" data-e-action-hash=\"#elementor-action%3Aaction%3Dlightbox%26settings%3DeyJpZCI6MTc3NiwidXJsIjoiaHR0cHM6XC9cL2NoYW5nZW1lbnRzb2NpYWxiZW5pbi5vcmdcL3dwLWNvbnRlbnRcL3VwbG9hZHNcLzIwMjJcLzExXC9EU0NfMDAzMy1zY2FsZWQuanBnIiwic2xpZGVzaG93IjoiNGQ5Y2E3OWEifQ%3D%3D\" href='https:\/\/changementsocialbenin.org\/wp-content\/uploads\/2022\/11\/DSC_0033-scaled.jpg'><img loading=\"lazy\" decoding=\"async\" width=\"480\" height=\"298\" src=\"https:\/\/changementsocialbenin.org\/wp-content\/uploads\/2022\/11\/DSC_0033-480x298.jpg\" class=\"attachment-true-news-medium size-true-news-medium\" alt=\"\" \/><\/a>\n\t\t\t<\/div><\/figure><figure class='gallery-item'>\n\t\t\t<div class='gallery-icon landscape'>\n\t\t\t\t<a data-elementor-open-lightbox=\"yes\" data-elementor-lightbox-slideshow=\"4d9ca79a\" data-elementor-lightbox-title=\"DSC_0039\" data-e-action-hash=\"#elementor-action%3Aaction%3Dlightbox%26settings%3DeyJpZCI6MTc3NywidXJsIjoiaHR0cHM6XC9cL2NoYW5nZW1lbnRzb2NpYWxiZW5pbi5vcmdcL3dwLWNvbnRlbnRcL3VwbG9hZHNcLzIwMjJcLzExXC9EU0NfMDAzOS1zY2FsZWQuanBnIiwic2xpZGVzaG93IjoiNGQ5Y2E3OWEifQ%3D%3D\" href='https:\/\/changementsocialbenin.org\/wp-content\/uploads\/2022\/11\/DSC_0039-scaled.jpg'><img loading=\"lazy\" decoding=\"async\" width=\"480\" height=\"298\" src=\"https:\/\/changementsocialbenin.org\/wp-content\/uploads\/2022\/11\/DSC_0039-480x298.jpg\" class=\"attachment-true-news-medium size-true-news-medium\" alt=\"\" \/><\/a>\n\t\t\t<\/div><\/figure><figure class='gallery-item'>\n\t\t\t<div class='gallery-icon portrait'>\n\t\t\t\t<a data-elementor-open-lightbox=\"yes\" data-elementor-lightbox-slideshow=\"4d9ca79a\" data-elementor-lightbox-title=\"DSC_0050\" data-e-action-hash=\"#elementor-action%3Aaction%3Dlightbox%26settings%3DeyJpZCI6MTc3OCwidXJsIjoiaHR0cHM6XC9cL2NoYW5nZW1lbnRzb2NpYWxiZW5pbi5vcmdcL3dwLWNvbnRlbnRcL3VwbG9hZHNcLzIwMjJcLzExXC9EU0NfMDA1MC1zY2FsZWQuanBnIiwic2xpZGVzaG93IjoiNGQ5Y2E3OWEifQ%3D%3D\" href='https:\/\/changementsocialbenin.org\/wp-content\/uploads\/2022\/11\/DSC_0050-scaled.jpg'><img loading=\"lazy\" decoding=\"async\" width=\"480\" height=\"298\" src=\"https:\/\/changementsocialbenin.org\/wp-content\/uploads\/2022\/11\/DSC_0050-480x298.jpg\" class=\"attachment-true-news-medium size-true-news-medium\" alt=\"\" \/><\/a>\n\t\t\t<\/div><\/figure><figure class='gallery-item'>\n\t\t\t<div class='gallery-icon portrait'>\n\t\t\t\t<a data-elementor-open-lightbox=\"yes\" data-elementor-lightbox-slideshow=\"4d9ca79a\" data-elementor-lightbox-title=\"DSC_0661\" data-e-action-hash=\"#elementor-action%3Aaction%3Dlightbox%26settings%3DeyJpZCI6MTc3OSwidXJsIjoiaHR0cHM6XC9cL2NoYW5nZW1lbnRzb2NpYWxiZW5pbi5vcmdcL3dwLWNvbnRlbnRcL3VwbG9hZHNcLzIwMjJcLzExXC9EU0NfMDY2MS1zY2FsZWQuanBnIiwic2xpZGVzaG93IjoiNGQ5Y2E3OWEifQ%3D%3D\" href='https:\/\/changementsocialbenin.org\/wp-content\/uploads\/2022\/11\/DSC_0661-scaled.jpg'><img loading=\"lazy\" decoding=\"async\" width=\"480\" height=\"298\" src=\"https:\/\/changementsocialbenin.org\/wp-content\/uploads\/2022\/11\/DSC_0661-480x298.jpg\" class=\"attachment-true-news-medium size-true-news-medium\" alt=\"\" \/><\/a>\n\t\t\t<\/div><\/figure><figure class='gallery-item'>\n\t\t\t<div class='gallery-icon landscape'>\n\t\t\t\t<a data-elementor-open-lightbox=\"yes\" data-elementor-lightbox-slideshow=\"4d9ca79a\" data-elementor-lightbox-title=\"DSC_0673\" data-e-action-hash=\"#elementor-action%3Aaction%3Dlightbox%26settings%3DeyJpZCI6MTc4MCwidXJsIjoiaHR0cHM6XC9cL2NoYW5nZW1lbnRzb2NpYWxiZW5pbi5vcmdcL3dwLWNvbnRlbnRcL3VwbG9hZHNcLzIwMjJcLzExXC9EU0NfMDY3My1zY2FsZWQuanBnIiwic2xpZGVzaG93IjoiNGQ5Y2E3OWEifQ%3D%3D\" href='https:\/\/changementsocialbenin.org\/wp-content\/uploads\/2022\/11\/DSC_0673-scaled.jpg'><img loading=\"lazy\" decoding=\"async\" width=\"480\" height=\"298\" src=\"https:\/\/changementsocialbenin.org\/wp-content\/uploads\/2022\/11\/DSC_0673-480x298.jpg\" class=\"attachment-true-news-medium size-true-news-medium\" alt=\"\" \/><\/a>\n\t\t\t<\/div><\/figure><figure class='gallery-item'>\n\t\t\t<div class='gallery-icon landscape'>\n\t\t\t\t<a data-elementor-open-lightbox=\"yes\" data-elementor-lightbox-slideshow=\"4d9ca79a\" data-elementor-lightbox-title=\"DSC_0680\" data-e-action-hash=\"#elementor-action%3Aaction%3Dlightbox%26settings%3DeyJpZCI6MTc4MSwidXJsIjoiaHR0cHM6XC9cL2NoYW5nZW1lbnRzb2NpYWxiZW5pbi5vcmdcL3dwLWNvbnRlbnRcL3VwbG9hZHNcLzIwMjJcLzExXC9EU0NfMDY4MC1zY2FsZWQuanBnIiwic2xpZGVzaG93IjoiNGQ5Y2E3OWEifQ%3D%3D\" href='https:\/\/changementsocialbenin.org\/wp-content\/uploads\/2022\/11\/DSC_0680-scaled.jpg'><img loading=\"lazy\" decoding=\"async\" width=\"480\" height=\"298\" src=\"https:\/\/changementsocialbenin.org\/wp-content\/uploads\/2022\/11\/DSC_0680-480x298.jpg\" class=\"attachment-true-news-medium size-true-news-medium\" alt=\"\" \/><\/a>\n\t\t\t<\/div><\/figure><figure class='gallery-item'>\n\t\t\t<div class='gallery-icon landscape'>\n\t\t\t\t<a data-elementor-open-lightbox=\"yes\" data-elementor-lightbox-slideshow=\"4d9ca79a\" data-elementor-lightbox-title=\"DSC_0687\" data-e-action-hash=\"#elementor-action%3Aaction%3Dlightbox%26settings%3DeyJpZCI6MTc4MiwidXJsIjoiaHR0cHM6XC9cL2NoYW5nZW1lbnRzb2NpYWxiZW5pbi5vcmdcL3dwLWNvbnRlbnRcL3VwbG9hZHNcLzIwMjJcLzExXC9EU0NfMDY4Ny1zY2FsZWQuanBnIiwic2xpZGVzaG93IjoiNGQ5Y2E3OWEifQ%3D%3D\" href='https:\/\/changementsocialbenin.org\/wp-content\/uploads\/2022\/11\/DSC_0687-scaled.jpg'><img loading=\"lazy\" decoding=\"async\" width=\"480\" height=\"298\" src=\"https:\/\/changementsocialbenin.org\/wp-content\/uploads\/2022\/11\/DSC_0687-480x298.jpg\" class=\"attachment-true-news-medium size-true-news-medium\" alt=\"\" \/><\/a>\n\t\t\t<\/div><\/figure><figure class='gallery-item'>\n\t\t\t<div class='gallery-icon landscape'>\n\t\t\t\t<a data-elementor-open-lightbox=\"yes\" data-elementor-lightbox-slideshow=\"4d9ca79a\" data-elementor-lightbox-title=\"DSC_0697\" data-e-action-hash=\"#elementor-action%3Aaction%3Dlightbox%26settings%3DeyJpZCI6MTc4MywidXJsIjoiaHR0cHM6XC9cL2NoYW5nZW1lbnRzb2NpYWxiZW5pbi5vcmdcL3dwLWNvbnRlbnRcL3VwbG9hZHNcLzIwMjJcLzExXC9EU0NfMDY5Ny1zY2FsZWQuanBnIiwic2xpZGVzaG93IjoiNGQ5Y2E3OWEifQ%3D%3D\" href='https:\/\/changementsocialbenin.org\/wp-content\/uploads\/2022\/11\/DSC_0697-scaled.jpg'><img loading=\"lazy\" decoding=\"async\" width=\"480\" height=\"298\" src=\"https:\/\/changementsocialbenin.org\/wp-content\/uploads\/2022\/11\/DSC_0697-480x298.jpg\" class=\"attachment-true-news-medium size-true-news-medium\" alt=\"\" \/><\/a>\n\t\t\t<\/div><\/figure><figure class='gallery-item'>\n\t\t\t<div class='gallery-icon landscape'>\n\t\t\t\t<a data-elementor-open-lightbox=\"yes\" data-elementor-lightbox-slideshow=\"4d9ca79a\" data-elementor-lightbox-title=\"DSC_0698\" data-e-action-hash=\"#elementor-action%3Aaction%3Dlightbox%26settings%3DeyJpZCI6MTc4NCwidXJsIjoiaHR0cHM6XC9cL2NoYW5nZW1lbnRzb2NpYWxiZW5pbi5vcmdcL3dwLWNvbnRlbnRcL3VwbG9hZHNcLzIwMjJcLzExXC9EU0NfMDY5OC1zY2FsZWQuanBnIiwic2xpZGVzaG93IjoiNGQ5Y2E3OWEifQ%3D%3D\" href='https:\/\/changementsocialbenin.org\/wp-content\/uploads\/2022\/11\/DSC_0698-scaled.jpg'><img loading=\"lazy\" decoding=\"async\" width=\"480\" height=\"298\" src=\"https:\/\/changementsocialbenin.org\/wp-content\/uploads\/2022\/11\/DSC_0698-480x298.jpg\" class=\"attachment-true-news-medium size-true-news-medium\" alt=\"\" \/><\/a>\n\t\t\t<\/div><\/figure><figure class='gallery-item'>\n\t\t\t<div class='gallery-icon portrait'>\n\t\t\t\t<a data-elementor-open-lightbox=\"yes\" data-elementor-lightbox-slideshow=\"4d9ca79a\" data-elementor-lightbox-title=\"DSC_0699\" data-e-action-hash=\"#elementor-action%3Aaction%3Dlightbox%26settings%3DeyJpZCI6MTc4NSwidXJsIjoiaHR0cHM6XC9cL2NoYW5nZW1lbnRzb2NpYWxiZW5pbi5vcmdcL3dwLWNvbnRlbnRcL3VwbG9hZHNcLzIwMjJcLzExXC9EU0NfMDY5OS1zY2FsZWQuanBnIiwic2xpZGVzaG93IjoiNGQ5Y2E3OWEifQ%3D%3D\" href='https:\/\/changementsocialbenin.org\/wp-content\/uploads\/2022\/11\/DSC_0699-scaled.jpg'><img loading=\"lazy\" decoding=\"async\" width=\"480\" height=\"298\" src=\"https:\/\/changementsocialbenin.org\/wp-content\/uploads\/2022\/11\/DSC_0699-480x298.jpg\" class=\"attachment-true-news-medium size-true-news-medium\" alt=\"\" \/><\/a>\n\t\t\t<\/div><\/figure><figure class='gallery-item'>\n\t\t\t<div class='gallery-icon landscape'>\n\t\t\t\t<a data-elementor-open-lightbox=\"yes\" data-elementor-lightbox-slideshow=\"4d9ca79a\" data-elementor-lightbox-title=\"DSC_0703\" data-e-action-hash=\"#elementor-action%3Aaction%3Dlightbox%26settings%3DeyJpZCI6MTc4NiwidXJsIjoiaHR0cHM6XC9cL2NoYW5nZW1lbnRzb2NpYWxiZW5pbi5vcmdcL3dwLWNvbnRlbnRcL3VwbG9hZHNcLzIwMjJcLzExXC9EU0NfMDcwMy1zY2FsZWQuanBnIiwic2xpZGVzaG93IjoiNGQ5Y2E3OWEifQ%3D%3D\" href='https:\/\/changementsocialbenin.org\/wp-content\/uploads\/2022\/11\/DSC_0703-scaled.jpg'><img loading=\"lazy\" decoding=\"async\" width=\"480\" height=\"298\" src=\"https:\/\/changementsocialbenin.org\/wp-content\/uploads\/2022\/11\/DSC_0703-480x298.jpg\" class=\"attachment-true-news-medium size-true-news-medium\" alt=\"\" \/><\/a>\n\t\t\t<\/div><\/figure><figure class='gallery-item'>\n\t\t\t<div class='gallery-icon portrait'>\n\t\t\t\t<a data-elementor-open-lightbox=\"yes\" data-elementor-lightbox-slideshow=\"4d9ca79a\" data-elementor-lightbox-title=\"DSC_0705\" data-e-action-hash=\"#elementor-action%3Aaction%3Dlightbox%26settings%3DeyJpZCI6MTc4NywidXJsIjoiaHR0cHM6XC9cL2NoYW5nZW1lbnRzb2NpYWxiZW5pbi5vcmdcL3dwLWNvbnRlbnRcL3VwbG9hZHNcLzIwMjJcLzExXC9EU0NfMDcwNS1zY2FsZWQuanBnIiwic2xpZGVzaG93IjoiNGQ5Y2E3OWEifQ%3D%3D\" href='https:\/\/changementsocialbenin.org\/wp-content\/uploads\/2022\/11\/DSC_0705-scaled.jpg'><img loading=\"lazy\" decoding=\"async\" width=\"480\" height=\"298\" src=\"https:\/\/changementsocialbenin.org\/wp-content\/uploads\/2022\/11\/DSC_0705-480x298.jpg\" class=\"attachment-true-news-medium size-true-news-medium\" alt=\"\" \/><\/a>\n\t\t\t<\/div><\/figure><figure class='gallery-item'>\n\t\t\t<div class='gallery-icon landscape'>\n\t\t\t\t<a data-elementor-open-lightbox=\"yes\" data-elementor-lightbox-slideshow=\"4d9ca79a\" data-elementor-lightbox-title=\"DSC_0706\" data-e-action-hash=\"#elementor-action%3Aaction%3Dlightbox%26settings%3DeyJpZCI6MTc4OCwidXJsIjoiaHR0cHM6XC9cL2NoYW5nZW1lbnRzb2NpYWxiZW5pbi5vcmdcL3dwLWNvbnRlbnRcL3VwbG9hZHNcLzIwMjJcLzExXC9EU0NfMDcwNi1zY2FsZWQuanBnIiwic2xpZGVzaG93IjoiNGQ5Y2E3OWEifQ%3D%3D\" href='https:\/\/changementsocialbenin.org\/wp-content\/uploads\/2022\/11\/DSC_0706-scaled.jpg'><img loading=\"lazy\" decoding=\"async\" width=\"480\" height=\"298\" src=\"https:\/\/changementsocialbenin.org\/wp-content\/uploads\/2022\/11\/DSC_0706-480x298.jpg\" class=\"attachment-true-news-medium size-true-news-medium\" alt=\"\" \/><\/a>\n\t\t\t<\/div><\/figure><figure class='gallery-item'>\n\t\t\t<div class='gallery-icon landscape'>\n\t\t\t\t<a data-elementor-open-lightbox=\"yes\" data-elementor-lightbox-slideshow=\"4d9ca79a\" data-elementor-lightbox-title=\"DSC_0707\" data-e-action-hash=\"#elementor-action%3Aaction%3Dlightbox%26settings%3DeyJpZCI6MTc4OSwidXJsIjoiaHR0cHM6XC9cL2NoYW5nZW1lbnRzb2NpYWxiZW5pbi5vcmdcL3dwLWNvbnRlbnRcL3VwbG9hZHNcLzIwMjJcLzExXC9EU0NfMDcwNy1zY2FsZWQuanBnIiwic2xpZGVzaG93IjoiNGQ5Y2E3OWEifQ%3D%3D\" href='https:\/\/changementsocialbenin.org\/wp-content\/uploads\/2022\/11\/DSC_0707-scaled.jpg'><img loading=\"lazy\" decoding=\"async\" width=\"480\" height=\"298\" src=\"https:\/\/changementsocialbenin.org\/wp-content\/uploads\/2022\/11\/DSC_0707-480x298.jpg\" class=\"attachment-true-news-medium size-true-news-medium\" alt=\"\" \/><\/a>\n\t\t\t<\/div><\/figure><figure class='gallery-item'>\n\t\t\t<div class='gallery-icon landscape'>\n\t\t\t\t<a data-elementor-open-lightbox=\"yes\" data-elementor-lightbox-slideshow=\"4d9ca79a\" data-elementor-lightbox-title=\"DSC_0708\" data-e-action-hash=\"#elementor-action%3Aaction%3Dlightbox%26settings%3DeyJpZCI6MTc5MCwidXJsIjoiaHR0cHM6XC9cL2NoYW5nZW1lbnRzb2NpYWxiZW5pbi5vcmdcL3dwLWNvbnRlbnRcL3VwbG9hZHNcLzIwMjJcLzExXC9EU0NfMDcwOC1zY2FsZWQuanBnIiwic2xpZGVzaG93IjoiNGQ5Y2E3OWEifQ%3D%3D\" href='https:\/\/changementsocialbenin.org\/wp-content\/uploads\/2022\/11\/DSC_0708-scaled.jpg'><img loading=\"lazy\" decoding=\"async\" width=\"480\" height=\"298\" src=\"https:\/\/changementsocialbenin.org\/wp-content\/uploads\/2022\/11\/DSC_0708-480x298.jpg\" class=\"attachment-true-news-medium size-true-news-medium\" alt=\"\" \/><\/a>\n\t\t\t<\/div><\/figure><figure class='gallery-item'>\n\t\t\t<div class='gallery-icon landscape'>\n\t\t\t\t<a data-elementor-open-lightbox=\"yes\" data-elementor-lightbox-slideshow=\"4d9ca79a\" data-elementor-lightbox-title=\"DSC_0710\" data-e-action-hash=\"#elementor-action%3Aaction%3Dlightbox%26settings%3DeyJpZCI6MTc5MSwidXJsIjoiaHR0cHM6XC9cL2NoYW5nZW1lbnRzb2NpYWxiZW5pbi5vcmdcL3dwLWNvbnRlbnRcL3VwbG9hZHNcLzIwMjJcLzExXC9EU0NfMDcxMC1zY2FsZWQuanBnIiwic2xpZGVzaG93IjoiNGQ5Y2E3OWEifQ%3D%3D\" href='https:\/\/changementsocialbenin.org\/wp-content\/uploads\/2022\/11\/DSC_0710-scaled.jpg'><img loading=\"lazy\" decoding=\"async\" width=\"480\" height=\"298\" src=\"https:\/\/changementsocialbenin.org\/wp-content\/uploads\/2022\/11\/DSC_0710-480x298.jpg\" class=\"attachment-true-news-medium size-true-news-medium\" alt=\"\" \/><\/a>\n\t\t\t<\/div><\/figure><figure class='gallery-item'>\n\t\t\t<div class='gallery-icon landscape'>\n\t\t\t\t<a data-elementor-open-lightbox=\"yes\" data-elementor-lightbox-slideshow=\"4d9ca79a\" data-elementor-lightbox-title=\"DSC_0711\" data-e-action-hash=\"#elementor-action%3Aaction%3Dlightbox%26settings%3DeyJpZCI6MTc5MiwidXJsIjoiaHR0cHM6XC9cL2NoYW5nZW1lbnRzb2NpYWxiZW5pbi5vcmdcL3dwLWNvbnRlbnRcL3VwbG9hZHNcLzIwMjJcLzExXC9EU0NfMDcxMS1zY2FsZWQuanBnIiwic2xpZGVzaG93IjoiNGQ5Y2E3OWEifQ%3D%3D\" href='https:\/\/changementsocialbenin.org\/wp-content\/uploads\/2022\/11\/DSC_0711-scaled.jpg'><img loading=\"lazy\" decoding=\"async\" width=\"480\" height=\"298\" src=\"https:\/\/changementsocialbenin.org\/wp-content\/uploads\/2022\/11\/DSC_0711-480x298.jpg\" class=\"attachment-true-news-medium size-true-news-medium\" alt=\"\" \/><\/a>\n\t\t\t<\/div><\/figure><figure class='gallery-item'>\n\t\t\t<div class='gallery-icon landscape'>\n\t\t\t\t<a data-elementor-open-lightbox=\"yes\" data-elementor-lightbox-slideshow=\"4d9ca79a\" data-elementor-lightbox-title=\"DSC_0712\" data-e-action-hash=\"#elementor-action%3Aaction%3Dlightbox%26settings%3DeyJpZCI6MTc5MywidXJsIjoiaHR0cHM6XC9cL2NoYW5nZW1lbnRzb2NpYWxiZW5pbi5vcmdcL3dwLWNvbnRlbnRcL3VwbG9hZHNcLzIwMjJcLzExXC9EU0NfMDcxMi0xLXNjYWxlZC5qcGciLCJzbGlkZXNob3ciOiI0ZDljYTc5YSJ9\" href='https:\/\/changementsocialbenin.org\/wp-content\/uploads\/2022\/11\/DSC_0712-1-scaled.jpg'><img loading=\"lazy\" decoding=\"async\" width=\"480\" height=\"298\" src=\"https:\/\/changementsocialbenin.org\/wp-content\/uploads\/2022\/11\/DSC_0712-1-480x298.jpg\" class=\"attachment-true-news-medium size-true-news-medium\" alt=\"\" \/><\/a>\n\t\t\t<\/div><\/figure><figure class='gallery-item'>\n\t\t\t<div class='gallery-icon landscape'>\n\t\t\t\t<a data-elementor-open-lightbox=\"yes\" data-elementor-lightbox-slideshow=\"4d9ca79a\" data-elementor-lightbox-title=\"DSC_0713\" data-e-action-hash=\"#elementor-action%3Aaction%3Dlightbox%26settings%3DeyJpZCI6MTc5NCwidXJsIjoiaHR0cHM6XC9cL2NoYW5nZW1lbnRzb2NpYWxiZW5pbi5vcmdcL3dwLWNvbnRlbnRcL3VwbG9hZHNcLzIwMjJcLzExXC9EU0NfMDcxMy1zY2FsZWQuanBnIiwic2xpZGVzaG93IjoiNGQ5Y2E3OWEifQ%3D%3D\" href='https:\/\/changementsocialbenin.org\/wp-content\/uploads\/2022\/11\/DSC_0713-scaled.jpg'><img loading=\"lazy\" decoding=\"async\" width=\"480\" height=\"298\" src=\"https:\/\/changementsocialbenin.org\/wp-content\/uploads\/2022\/11\/DSC_0713-480x298.jpg\" class=\"attachment-true-news-medium size-true-news-medium\" alt=\"\" \/><\/a>\n\t\t\t<\/div><\/figure><figure class='gallery-item'>\n\t\t\t<div class='gallery-icon landscape'>\n\t\t\t\t<a data-elementor-open-lightbox=\"yes\" data-elementor-lightbox-slideshow=\"4d9ca79a\" data-elementor-lightbox-title=\"DSC_0714\" data-e-action-hash=\"#elementor-action%3Aaction%3Dlightbox%26settings%3DeyJpZCI6MTc5NSwidXJsIjoiaHR0cHM6XC9cL2NoYW5nZW1lbnRzb2NpYWxiZW5pbi5vcmdcL3dwLWNvbnRlbnRcL3VwbG9hZHNcLzIwMjJcLzExXC9EU0NfMDcxNC1zY2FsZWQuanBnIiwic2xpZGVzaG93IjoiNGQ5Y2E3OWEifQ%3D%3D\" href='https:\/\/changementsocialbenin.org\/wp-content\/uploads\/2022\/11\/DSC_0714-scaled.jpg'><img loading=\"lazy\" decoding=\"async\" width=\"480\" height=\"298\" src=\"https:\/\/changementsocialbenin.org\/wp-content\/uploads\/2022\/11\/DSC_0714-480x298.jpg\" class=\"attachment-true-news-medium size-true-news-medium\" alt=\"\" \/><\/a>\n\t\t\t<\/div><\/figure><figure class='gallery-item'>\n\t\t\t<div class='gallery-icon landscape'>\n\t\t\t\t<a data-elementor-open-lightbox=\"yes\" data-elementor-lightbox-slideshow=\"4d9ca79a\" data-elementor-lightbox-title=\"DSC_0715\" data-e-action-hash=\"#elementor-action%3Aaction%3Dlightbox%26settings%3DeyJpZCI6MTc5NiwidXJsIjoiaHR0cHM6XC9cL2NoYW5nZW1lbnRzb2NpYWxiZW5pbi5vcmdcL3dwLWNvbnRlbnRcL3VwbG9hZHNcLzIwMjJcLzExXC9EU0NfMDcxNS1zY2FsZWQuanBnIiwic2xpZGVzaG93IjoiNGQ5Y2E3OWEifQ%3D%3D\" href='https:\/\/changementsocialbenin.org\/wp-content\/uploads\/2022\/11\/DSC_0715-scaled.jpg'><img loading=\"lazy\" decoding=\"async\" width=\"480\" height=\"298\" src=\"https:\/\/changementsocialbenin.org\/wp-content\/uploads\/2022\/11\/DSC_0715-480x298.jpg\" class=\"attachment-true-news-medium size-true-news-medium\" alt=\"\" \/><\/a>\n\t\t\t<\/div><\/figure><figure class='gallery-item'>\n\t\t\t<div class='gallery-icon landscape'>\n\t\t\t\t<a data-elementor-open-lightbox=\"yes\" data-elementor-lightbox-slideshow=\"4d9ca79a\" data-elementor-lightbox-title=\"DSC_0716\" data-e-action-hash=\"#elementor-action%3Aaction%3Dlightbox%26settings%3DeyJpZCI6MTc5NywidXJsIjoiaHR0cHM6XC9cL2NoYW5nZW1lbnRzb2NpYWxiZW5pbi5vcmdcL3dwLWNvbnRlbnRcL3VwbG9hZHNcLzIwMjJcLzExXC9EU0NfMDcxNi1zY2FsZWQuanBnIiwic2xpZGVzaG93IjoiNGQ5Y2E3OWEifQ%3D%3D\" href='https:\/\/changementsocialbenin.org\/wp-content\/uploads\/2022\/11\/DSC_0716-scaled.jpg'><img loading=\"lazy\" decoding=\"async\" width=\"480\" height=\"298\" src=\"https:\/\/changementsocialbenin.org\/wp-content\/uploads\/2022\/11\/DSC_0716-480x298.jpg\" class=\"attachment-true-news-medium size-true-news-medium\" alt=\"\" \/><\/a>\n\t\t\t<\/div><\/figure><figure class='gallery-item'>\n\t\t\t<div class='gallery-icon landscape'>\n\t\t\t\t<a data-elementor-open-lightbox=\"yes\" data-elementor-lightbox-slideshow=\"4d9ca79a\" data-elementor-lightbox-title=\"DSC_0717\" data-e-action-hash=\"#elementor-action%3Aaction%3Dlightbox%26settings%3DeyJpZCI6MTc5OCwidXJsIjoiaHR0cHM6XC9cL2NoYW5nZW1lbnRzb2NpYWxiZW5pbi5vcmdcL3dwLWNvbnRlbnRcL3VwbG9hZHNcLzIwMjJcLzExXC9EU0NfMDcxNy1zY2FsZWQuanBnIiwic2xpZGVzaG93IjoiNGQ5Y2E3OWEifQ%3D%3D\" href='https:\/\/changementsocialbenin.org\/wp-content\/uploads\/2022\/11\/DSC_0717-scaled.jpg'><img loading=\"lazy\" decoding=\"async\" width=\"480\" height=\"298\" src=\"https:\/\/changementsocialbenin.org\/wp-content\/uploads\/2022\/11\/DSC_0717-480x298.jpg\" class=\"attachment-true-news-medium size-true-news-medium\" alt=\"\" \/><\/a>\n\t\t\t<\/div><\/figure><figure class='gallery-item'>\n\t\t\t<div class='gallery-icon landscape'>\n\t\t\t\t<a data-elementor-open-lightbox=\"yes\" data-elementor-lightbox-slideshow=\"4d9ca79a\" data-elementor-lightbox-title=\"DSC_0752\" data-e-action-hash=\"#elementor-action%3Aaction%3Dlightbox%26settings%3DeyJpZCI6MTc5OSwidXJsIjoiaHR0cHM6XC9cL2NoYW5nZW1lbnRzb2NpYWxiZW5pbi5vcmdcL3dwLWNvbnRlbnRcL3VwbG9hZHNcLzIwMjJcLzExXC9EU0NfMDc1Mi1zY2FsZWQuanBnIiwic2xpZGVzaG93IjoiNGQ5Y2E3OWEifQ%3D%3D\" href='https:\/\/changementsocialbenin.org\/wp-content\/uploads\/2022\/11\/DSC_0752-scaled.jpg'><img loading=\"lazy\" decoding=\"async\" width=\"480\" height=\"298\" src=\"https:\/\/changementsocialbenin.org\/wp-content\/uploads\/2022\/11\/DSC_0752-480x298.jpg\" class=\"attachment-true-news-medium size-true-news-medium\" alt=\"\" \/><\/a>\n\t\t\t<\/div><\/figure><figure class='gallery-item'>\n\t\t\t<div class='gallery-icon landscape'>\n\t\t\t\t<a data-elementor-open-lightbox=\"yes\" data-elementor-lightbox-slideshow=\"4d9ca79a\" data-elementor-lightbox-title=\"DSC_0757\" data-e-action-hash=\"#elementor-action%3Aaction%3Dlightbox%26settings%3DeyJpZCI6MTgwMCwidXJsIjoiaHR0cHM6XC9cL2NoYW5nZW1lbnRzb2NpYWxiZW5pbi5vcmdcL3dwLWNvbnRlbnRcL3VwbG9hZHNcLzIwMjJcLzExXC9EU0NfMDc1Ny1zY2FsZWQuanBnIiwic2xpZGVzaG93IjoiNGQ5Y2E3OWEifQ%3D%3D\" href='https:\/\/changementsocialbenin.org\/wp-content\/uploads\/2022\/11\/DSC_0757-scaled.jpg'><img loading=\"lazy\" decoding=\"async\" width=\"480\" height=\"298\" src=\"https:\/\/changementsocialbenin.org\/wp-content\/uploads\/2022\/11\/DSC_0757-480x298.jpg\" class=\"attachment-true-news-medium size-true-news-medium\" alt=\"\" \/><\/a>\n\t\t\t<\/div><\/figure><figure class='gallery-item'>\n\t\t\t<div class='gallery-icon landscape'>\n\t\t\t\t<a data-elementor-open-lightbox=\"yes\" data-elementor-lightbox-slideshow=\"4d9ca79a\" data-elementor-lightbox-title=\"DSC_0789\" data-e-action-hash=\"#elementor-action%3Aaction%3Dlightbox%26settings%3DeyJpZCI6MTgwMSwidXJsIjoiaHR0cHM6XC9cL2NoYW5nZW1lbnRzb2NpYWxiZW5pbi5vcmdcL3dwLWNvbnRlbnRcL3VwbG9hZHNcLzIwMjJcLzExXC9EU0NfMDc4OS1zY2FsZWQuanBnIiwic2xpZGVzaG93IjoiNGQ5Y2E3OWEifQ%3D%3D\" href='https:\/\/changementsocialbenin.org\/wp-content\/uploads\/2022\/11\/DSC_0789-scaled.jpg'><img loading=\"lazy\" decoding=\"async\" width=\"480\" height=\"298\" src=\"https:\/\/changementsocialbenin.org\/wp-content\/uploads\/2022\/11\/DSC_0789-480x298.jpg\" class=\"attachment-true-news-medium size-true-news-medium\" alt=\"\" \/><\/a>\n\t\t\t<\/div><\/figure><figure class='gallery-item'>\n\t\t\t<div class='gallery-icon landscape'>\n\t\t\t\t<a data-elementor-open-lightbox=\"yes\" data-elementor-lightbox-slideshow=\"4d9ca79a\" data-elementor-lightbox-title=\"DSC_0799\" data-e-action-hash=\"#elementor-action%3Aaction%3Dlightbox%26settings%3DeyJpZCI6MTgwMiwidXJsIjoiaHR0cHM6XC9cL2NoYW5nZW1lbnRzb2NpYWxiZW5pbi5vcmdcL3dwLWNvbnRlbnRcL3VwbG9hZHNcLzIwMjJcLzExXC9EU0NfMDc5OS1zY2FsZWQuanBnIiwic2xpZGVzaG93IjoiNGQ5Y2E3OWEifQ%3D%3D\" href='https:\/\/changementsocialbenin.org\/wp-content\/uploads\/2022\/11\/DSC_0799-scaled.jpg'><img loading=\"lazy\" decoding=\"async\" width=\"480\" height=\"298\" src=\"https:\/\/changementsocialbenin.org\/wp-content\/uploads\/2022\/11\/DSC_0799-480x298.jpg\" class=\"attachment-true-news-medium size-true-news-medium\" alt=\"\" \/><\/a>\n\t\t\t<\/div><\/figure><figure class='gallery-item'>\n\t\t\t<div class='gallery-icon landscape'>\n\t\t\t\t<a data-elementor-open-lightbox=\"yes\" data-elementor-lightbox-slideshow=\"4d9ca79a\" data-elementor-lightbox-title=\"DSC_0801\" data-e-action-hash=\"#elementor-action%3Aaction%3Dlightbox%26settings%3DeyJpZCI6MTgwMywidXJsIjoiaHR0cHM6XC9cL2NoYW5nZW1lbnRzb2NpYWxiZW5pbi5vcmdcL3dwLWNvbnRlbnRcL3VwbG9hZHNcLzIwMjJcLzExXC9EU0NfMDgwMS1zY2FsZWQuanBnIiwic2xpZGVzaG93IjoiNGQ5Y2E3OWEifQ%3D%3D\" href='https:\/\/changementsocialbenin.org\/wp-content\/uploads\/2022\/11\/DSC_0801-scaled.jpg'><img loading=\"lazy\" decoding=\"async\" width=\"480\" height=\"298\" src=\"https:\/\/changementsocialbenin.org\/wp-content\/uploads\/2022\/11\/DSC_0801-480x298.jpg\" class=\"attachment-true-news-medium size-true-news-medium\" alt=\"\" \/><\/a>\n\t\t\t<\/div><\/figure><figure class='gallery-item'>\n\t\t\t<div class='gallery-icon landscape'>\n\t\t\t\t<a data-elementor-open-lightbox=\"yes\" data-elementor-lightbox-slideshow=\"4d9ca79a\" data-elementor-lightbox-title=\"Image Activit\u00e9 OPCAT 2\" data-e-action-hash=\"#elementor-action%3Aaction%3Dlightbox%26settings%3DeyJpZCI6MTgwNCwidXJsIjoiaHR0cHM6XC9cL2NoYW5nZW1lbnRzb2NpYWxiZW5pbi5vcmdcL3dwLWNvbnRlbnRcL3VwbG9hZHNcLzIwMjJcLzExXC9JbWFnZS1BY3Rpdml0ZS1PUENBVC0yLmpwZyIsInNsaWRlc2hvdyI6IjRkOWNhNzlhIn0%3D\" href='https:\/\/changementsocialbenin.org\/wp-content\/uploads\/2022\/11\/Image-Activite-OPCAT-2.jpg'><img loading=\"lazy\" decoding=\"async\" width=\"480\" height=\"298\" src=\"https:\/\/changementsocialbenin.org\/wp-content\/uploads\/2022\/11\/Image-Activite-OPCAT-2-480x298.jpg\" class=\"attachment-true-news-medium size-true-news-medium\" alt=\"\" \/><\/a>\n\t\t\t<\/div><\/figure><figure class='gallery-item'>\n\t\t\t<div class='gallery-icon landscape'>\n\t\t\t\t<a data-elementor-open-lightbox=\"yes\" data-elementor-lightbox-slideshow=\"4d9ca79a\" data-elementor-lightbox-title=\"IMG_20190618_094206\" data-e-action-hash=\"#elementor-action%3Aaction%3Dlightbox%26settings%3DeyJpZCI6MTgwNSwidXJsIjoiaHR0cHM6XC9cL2NoYW5nZW1lbnRzb2NpYWxiZW5pbi5vcmdcL3dwLWNvbnRlbnRcL3VwbG9hZHNcLzIwMjJcLzExXC9JTUdfMjAxOTA2MThfMDk0MjA2LmpwZyIsInNsaWRlc2hvdyI6IjRkOWNhNzlhIn0%3D\" href='https:\/\/changementsocialbenin.org\/wp-content\/uploads\/2022\/11\/IMG_20190618_094206.jpg'><img loading=\"lazy\" decoding=\"async\" width=\"480\" height=\"298\" src=\"https:\/\/changementsocialbenin.org\/wp-content\/uploads\/2022\/11\/IMG_20190618_094206-480x298.jpg\" class=\"attachment-true-news-medium size-true-news-medium\" alt=\"\" \/><\/a>\n\t\t\t<\/div><\/figure><figure class='gallery-item'>\n\t\t\t<div class='gallery-icon landscape'>\n\t\t\t\t<a data-elementor-open-lightbox=\"yes\" data-elementor-lightbox-slideshow=\"4d9ca79a\" data-elementor-lightbox-title=\"IMG_20190618_094319\" data-e-action-hash=\"#elementor-action%3Aaction%3Dlightbox%26settings%3DeyJpZCI6MTgwNiwidXJsIjoiaHR0cHM6XC9cL2NoYW5nZW1lbnRzb2NpYWxiZW5pbi5vcmdcL3dwLWNvbnRlbnRcL3VwbG9hZHNcLzIwMjJcLzExXC9JTUdfMjAxOTA2MThfMDk0MzE5LmpwZyIsInNsaWRlc2hvdyI6IjRkOWNhNzlhIn0%3D\" href='https:\/\/changementsocialbenin.org\/wp-content\/uploads\/2022\/11\/IMG_20190618_094319.jpg'><img loading=\"lazy\" decoding=\"async\" width=\"480\" height=\"298\" src=\"https:\/\/changementsocialbenin.org\/wp-content\/uploads\/2022\/11\/IMG_20190618_094319-480x298.jpg\" class=\"attachment-true-news-medium size-true-news-medium\" alt=\"\" \/><\/a>\n\t\t\t<\/div><\/figure><figure class='gallery-item'>\n\t\t\t<div class='gallery-icon landscape'>\n\t\t\t\t<a data-elementor-open-lightbox=\"yes\" data-elementor-lightbox-slideshow=\"4d9ca79a\" data-elementor-lightbox-title=\"IMG_20190618_094325\" data-e-action-hash=\"#elementor-action%3Aaction%3Dlightbox%26settings%3DeyJpZCI6MTgwNywidXJsIjoiaHR0cHM6XC9cL2NoYW5nZW1lbnRzb2NpYWxiZW5pbi5vcmdcL3dwLWNvbnRlbnRcL3VwbG9hZHNcLzIwMjJcLzExXC9JTUdfMjAxOTA2MThfMDk0MzI1LmpwZyIsInNsaWRlc2hvdyI6IjRkOWNhNzlhIn0%3D\" href='https:\/\/changementsocialbenin.org\/wp-content\/uploads\/2022\/11\/IMG_20190618_094325.jpg'><img loading=\"lazy\" decoding=\"async\" width=\"480\" height=\"298\" src=\"https:\/\/changementsocialbenin.org\/wp-content\/uploads\/2022\/11\/IMG_20190618_094325-480x298.jpg\" class=\"attachment-true-news-medium size-true-news-medium\" alt=\"\" \/><\/a>\n\t\t\t<\/div><\/figure><figure class='gallery-item'>\n\t\t\t<div class='gallery-icon landscape'>\n\t\t\t\t<a data-elementor-open-lightbox=\"yes\" data-elementor-lightbox-slideshow=\"4d9ca79a\" data-elementor-lightbox-title=\"IMG_20190618_094809\" data-e-action-hash=\"#elementor-action%3Aaction%3Dlightbox%26settings%3DeyJpZCI6MTgwOCwidXJsIjoiaHR0cHM6XC9cL2NoYW5nZW1lbnRzb2NpYWxiZW5pbi5vcmdcL3dwLWNvbnRlbnRcL3VwbG9hZHNcLzIwMjJcLzExXC9JTUdfMjAxOTA2MThfMDk0ODA5LmpwZyIsInNsaWRlc2hvdyI6IjRkOWNhNzlhIn0%3D\" href='https:\/\/changementsocialbenin.org\/wp-content\/uploads\/2022\/11\/IMG_20190618_094809.jpg'><img loading=\"lazy\" decoding=\"async\" width=\"480\" height=\"298\" src=\"https:\/\/changementsocialbenin.org\/wp-content\/uploads\/2022\/11\/IMG_20190618_094809-480x298.jpg\" class=\"attachment-true-news-medium size-true-news-medium\" alt=\"\" \/><\/a>\n\t\t\t<\/div><\/figure><figure class='gallery-item'>\n\t\t\t<div class='gallery-icon landscape'>\n\t\t\t\t<a data-elementor-open-lightbox=\"yes\" data-elementor-lightbox-slideshow=\"4d9ca79a\" data-elementor-lightbox-title=\"IMG_20190618_095932\" data-e-action-hash=\"#elementor-action%3Aaction%3Dlightbox%26settings%3DeyJpZCI6MTgwOSwidXJsIjoiaHR0cHM6XC9cL2NoYW5nZW1lbnRzb2NpYWxiZW5pbi5vcmdcL3dwLWNvbnRlbnRcL3VwbG9hZHNcLzIwMjJcLzExXC9JTUdfMjAxOTA2MThfMDk1OTMyLmpwZyIsInNsaWRlc2hvdyI6IjRkOWNhNzlhIn0%3D\" href='https:\/\/changementsocialbenin.org\/wp-content\/uploads\/2022\/11\/IMG_20190618_095932.jpg'><img loading=\"lazy\" decoding=\"async\" width=\"480\" height=\"298\" src=\"https:\/\/changementsocialbenin.org\/wp-content\/uploads\/2022\/11\/IMG_20190618_095932-480x298.jpg\" class=\"attachment-true-news-medium size-true-news-medium\" alt=\"\" \/><\/a>\n\t\t\t<\/div><\/figure>\n\t\t<\/div>\n\t\t<\/div>\n\t\t\t\t\t\t<\/div>\n\t\t\t\t<\/div>\n\t\t\t\t\t<\/div>\n\t\t<\/div>\n\t\t\t\t\t<\/div>\n\t\t<\/section>\n\t\t\t\t\t<\/div>\n\t\t<\/div>\n\t\t\t\t\t<\/div>\n\t\t<\/section>\n\t\t\t\t<\/div>\n\t\t","protected":false},"excerpt":{"rendered":"<p>Outre les diff\u00e9rentes recommandations enregistr\u00e9es par le B\u00e9nin en 2012 et en 2017 lors de l\u2019Examen P\u00e9riodique Universel devant le Conseil des Droits de l\u2019Homme ainsi qu\u2019en 2015 \u00e0 l\u2019occasion de la 115i\u00e8me session du Comit\u00e9 des Droits de l\u2019Homme relativement \u00e0 la mise en place d\u2019un M\u00e9canisme National de Pr\u00e9vention de la torture, le Sous-comit\u00e9 de Pr\u00e9vention de la Torture, conform\u00e9ment \u00e0 son mandat, a effectu\u00e9 une visite au B\u00e9nin du 11 au 15 janvier 2016. Au terme de cette visite, le tableau de la situation en milieu carc\u00e9ral est apparu peu reluisant. \u00a0 Ainsi, le Sous-comit\u00e9 de Pr\u00e9vention de la Torture a encourag\u00e9 fortement le B\u00e9nin \u00e0 mettre en place un\u00a0M\u00e9canisme National de Pr\u00e9vention\u00a0car il s\u2019agit d\u2019un outil important d\u2019am\u00e9lioration des conditions de d\u00e9tention et de pr\u00e9vention de la torture et des mauvais traitements des d\u00e9tenus. Consid\u00e9rant l\u2019approche retenue par l\u2019\u00c9tat b\u00e9ninois pour la mise en place d\u2019un tel m\u00e9canisme consistant \u00e0 le confier \u00e0 la Commission B\u00e9ninoise des Droits de l\u2019Homme dont l\u2019une des attributions est\u00a0\u00ab\u00a0\u2013 effectuer des visites r\u00e9guli\u00e8res, inopin\u00e9es ou notifi\u00e9es, dans les lieux de d\u00e9tention et de r\u00e9tention aux fins de pr\u00e9venir toutes violations des droits de l\u2019Homme\u00a0\u00bb,\u00a0il est apparu pertinent de mettre en \u0153uvre ce projet qui vise \u00e0 contribuer \u00e0 la prise de mesures urgentes pour soulager la souffrance des d\u00e9tenus \u00e0 travers l\u2019\u00e9largissement du mandat de la Commission B\u00e9ninoise des Droits de l\u2019Homme \u00e0 celui du\u00a0M\u00e9canisme National de Pr\u00e9vention\u00a0de la torture. En harmonie avec cette l\u2019article 40 de la Constitution b\u00e9ninoise et consid\u00e9rant que la Charte africaine sur les valeurs et les principes du service public et de l\u2019administration requiert une r\u00e9elle appropriation par les acteurs de l\u2019offre de service public \u00e0 l\u2019\u00e8re de la modernisation de l\u2019administration publique b\u00e9ninoise, il sied d\u2019agir sur lesdits acteurs pour susciter un changement de comportement en vue de fournir un service public accessible, disponible, acceptable et adapt\u00e9 aux acteurs de la demande de service public. Rendus du projet Atelier d&#8217;appropriation par la Commission B\u00e9ninoise des Droits de l&#8217;Homme de la suggestion de d\u00e9cret visant \u00e0 \u00e9largir son mandat \u00e0 celui de M\u00e9canisme National de Pr\u00e9vention de la torture &nbsp;Le vendredi 09 Octobre 2020 s\u2019est tenu \u00e0 la salle&#8230; Lire plus 13 octobre 2020 R\u00e9union du Comit\u00e9 mixte de suivi et du Coll\u00e8ge des personnes ressources du projet &#8221;Plaidoyer pour la mise en place d&#8217;un M\u00e9canisme National de Pr\u00e9vention de la torture en R\u00e9publique du B\u00e9nin &#8221; Le 18 juin 2019, le Comit\u00e9 mixte de suivi accompagn\u00e9&#8230; Lire plus 19 juin 2019 Atelier d&#8217;appropriation des standards internationaux en mati\u00e8re de pr\u00e9vention de la torture Le Mardi 16 Avril 2019, a \u00e9t\u00e9 organis\u00e9 \u00e0 l\u2019H\u00f4tel&#8230; Lire plus 17 avril 2019 Avis de recrutement Dans le cadre de la mise en \u0153uvre du projet&#8230; Lire plus 30 janvier 2019 Load More Galerie du projet<\/p>\n","protected":false},"author":1,"featured_media":0,"parent":0,"menu_order":0,"comment_status":"closed","ping_status":"closed","template":"elementor_header_footer","meta":{"footnotes":""},"class_list":["post-926","page","type-page","status-publish","hentry"],"yoast_head":"<!-- This site is optimized with the Yoast SEO Premium plugin v22.8 (Yoast SEO v24.8.1) - https:\/\/yoast.com\/wordpress\/plugins\/seo\/ -->\n<title>Plaidoyer pour la mise en place d\u2019un M\u00e9canisme National de Pr\u00e9vention de la torture en R\u00e9publique du B\u00e9nin - Changement social Benin<\/title>\n<meta name=\"robots\" content=\"index, follow, max-snippet:-1, max-image-preview:large, max-video-preview:-1\" \/>\n<link rel=\"canonical\" href=\"https:\/\/changementsocialbenin.org\/index.php\/plaidoyer-pour-la-mise-en-place-dun-mecanisme-national-de-prevention-de-la-torture-en-republique-du-benin\/\" \/>\n<meta property=\"og:locale\" content=\"fr_FR\" \/>\n<meta property=\"og:type\" content=\"article\" \/>\n<meta property=\"og:title\" content=\"Plaidoyer pour la mise en place d\u2019un M\u00e9canisme National de Pr\u00e9vention de la torture en R\u00e9publique du B\u00e9nin\" \/>\n<meta property=\"og:description\" content=\"Outre les diff\u00e9rentes recommandations enregistr\u00e9es par le B\u00e9nin en 2012 et en 2017 lors de l\u2019Examen P\u00e9riodique Universel devant le Conseil des Droits de l\u2019Homme ainsi qu\u2019en 2015 \u00e0 l\u2019occasion de la 115i\u00e8me session du Comit\u00e9 des Droits de l\u2019Homme relativement \u00e0 la mise en place d\u2019un M\u00e9canisme National de Pr\u00e9vention de la torture, le Sous-comit\u00e9 de Pr\u00e9vention de la Torture, conform\u00e9ment \u00e0 son mandat, a effectu\u00e9 une visite au B\u00e9nin du 11 au 15 janvier 2016. Au terme de cette visite, le tableau de la situation en milieu carc\u00e9ral est apparu peu reluisant. \u00a0 Ainsi, le Sous-comit\u00e9 de Pr\u00e9vention de la Torture a encourag\u00e9 fortement le B\u00e9nin \u00e0 mettre en place un\u00a0M\u00e9canisme National de Pr\u00e9vention\u00a0car il s\u2019agit d\u2019un outil important d\u2019am\u00e9lioration des conditions de d\u00e9tention et de pr\u00e9vention de la torture et des mauvais traitements des d\u00e9tenus. Consid\u00e9rant l\u2019approche retenue par l\u2019\u00c9tat b\u00e9ninois pour la mise en place d\u2019un tel m\u00e9canisme consistant \u00e0 le confier \u00e0 la Commission B\u00e9ninoise des Droits de l\u2019Homme dont l\u2019une des attributions est\u00a0\u00ab\u00a0\u2013 effectuer des visites r\u00e9guli\u00e8res, inopin\u00e9es ou notifi\u00e9es, dans les lieux de d\u00e9tention et de r\u00e9tention aux fins de pr\u00e9venir toutes violations des droits de l\u2019Homme\u00a0\u00bb,\u00a0il est apparu pertinent de mettre en \u0153uvre ce projet qui vise \u00e0 contribuer \u00e0 la prise de mesures urgentes pour soulager la souffrance des d\u00e9tenus \u00e0 travers l\u2019\u00e9largissement du mandat de la Commission B\u00e9ninoise des Droits de l\u2019Homme \u00e0 celui du\u00a0M\u00e9canisme National de Pr\u00e9vention\u00a0de la torture. En harmonie avec cette l\u2019article 40 de la Constitution b\u00e9ninoise et consid\u00e9rant que la Charte africaine sur les valeurs et les principes du service public et de l\u2019administration requiert une r\u00e9elle appropriation par les acteurs de l\u2019offre de service public \u00e0 l\u2019\u00e8re de la modernisation de l\u2019administration publique b\u00e9ninoise, il sied d\u2019agir sur lesdits acteurs pour susciter un changement de comportement en vue de fournir un service public accessible, disponible, acceptable et adapt\u00e9 aux acteurs de la demande de service public. Rendus du projet Atelier d&#8217;appropriation par la Commission B\u00e9ninoise des Droits de l&#8217;Homme de la suggestion de d\u00e9cret visant \u00e0 \u00e9largir son mandat \u00e0 celui de M\u00e9canisme National de Pr\u00e9vention de la torture &nbsp;Le vendredi 09 Octobre 2020 s\u2019est tenu \u00e0 la salle&#8230; Lire plus 13 octobre 2020 R\u00e9union du Comit\u00e9 mixte de suivi et du Coll\u00e8ge des personnes ressources du projet &#8221;Plaidoyer pour la mise en place d&#8217;un M\u00e9canisme National de Pr\u00e9vention de la torture en R\u00e9publique du B\u00e9nin &#8221; Le 18 juin 2019, le Comit\u00e9 mixte de suivi accompagn\u00e9&#8230; Lire plus 19 juin 2019 Atelier d&#8217;appropriation des standards internationaux en mati\u00e8re de pr\u00e9vention de la torture Le Mardi 16 Avril 2019, a \u00e9t\u00e9 organis\u00e9 \u00e0 l\u2019H\u00f4tel&#8230; Lire plus 17 avril 2019 Avis de recrutement Dans le cadre de la mise en \u0153uvre du projet&#8230; Lire plus 30 janvier 2019 Load More Galerie du projet\" \/>\n<meta property=\"og:url\" content=\"https:\/\/changementsocialbenin.org\/index.php\/plaidoyer-pour-la-mise-en-place-dun-mecanisme-national-de-prevention-de-la-torture-en-republique-du-benin\/\" \/>\n<meta property=\"og:site_name\" content=\"Changement social Benin\" \/>\n<meta property=\"article:modified_time\" content=\"2022-12-19T07:49:51+00:00\" \/>\n<meta property=\"og:image\" content=\"https:\/\/changementsocialbenin.org\/wp-content\/uploads\/2022\/11\/DSC_0716-scaled.jpg\" \/>\n\t<meta property=\"og:image:width\" content=\"2560\" \/>\n\t<meta property=\"og:image:height\" content=\"1707\" \/>\n\t<meta property=\"og:image:type\" content=\"image\/jpeg\" \/>\n<meta name=\"twitter:card\" content=\"summary_large_image\" \/>\n<meta name=\"twitter:label1\" content=\"Dur\u00e9e de lecture estim\u00e9e\" \/>\n\t<meta name=\"twitter:data1\" content=\"3 minutes\" \/>\n<script type=\"application\/ld+json\" class=\"yoast-schema-graph\">{\"@context\":\"https:\/\/schema.org\",\"@graph\":[{\"@type\":\"WebPage\",\"@id\":\"https:\/\/changementsocialbenin.org\/index.php\/plaidoyer-pour-la-mise-en-place-dun-mecanisme-national-de-prevention-de-la-torture-en-republique-du-benin\/\",\"url\":\"https:\/\/changementsocialbenin.org\/index.php\/plaidoyer-pour-la-mise-en-place-dun-mecanisme-national-de-prevention-de-la-torture-en-republique-du-benin\/\",\"name\":\"Plaidoyer pour la mise en place d\u2019un M\u00e9canisme National de Pr\u00e9vention de la torture en R\u00e9publique du B\u00e9nin - Changement social Benin\",\"isPartOf\":{\"@id\":\"https:\/\/changementsocialbenin.org\/#website\"},\"primaryImageOfPage\":{\"@id\":\"https:\/\/changementsocialbenin.org\/index.php\/plaidoyer-pour-la-mise-en-place-dun-mecanisme-national-de-prevention-de-la-torture-en-republique-du-benin\/#primaryimage\"},\"image\":{\"@id\":\"https:\/\/changementsocialbenin.org\/index.php\/plaidoyer-pour-la-mise-en-place-dun-mecanisme-national-de-prevention-de-la-torture-en-republique-du-benin\/#primaryimage\"},\"thumbnailUrl\":\"https:\/\/changementsocialbenin.org\/wp-content\/uploads\/2022\/11\/DSC_0716-1024x683.jpg\",\"datePublished\":\"2022-07-09T14:46:14+00:00\",\"dateModified\":\"2022-12-19T07:49:51+00:00\",\"breadcrumb\":{\"@id\":\"https:\/\/changementsocialbenin.org\/index.php\/plaidoyer-pour-la-mise-en-place-dun-mecanisme-national-de-prevention-de-la-torture-en-republique-du-benin\/#breadcrumb\"},\"inLanguage\":\"fr-FR\",\"potentialAction\":[{\"@type\":\"ReadAction\",\"target\":[\"https:\/\/changementsocialbenin.org\/index.php\/plaidoyer-pour-la-mise-en-place-dun-mecanisme-national-de-prevention-de-la-torture-en-republique-du-benin\/\"]}]},{\"@type\":\"ImageObject\",\"inLanguage\":\"fr-FR\",\"@id\":\"https:\/\/changementsocialbenin.org\/index.php\/plaidoyer-pour-la-mise-en-place-dun-mecanisme-national-de-prevention-de-la-torture-en-republique-du-benin\/#primaryimage\",\"url\":\"https:\/\/changementsocialbenin.org\/wp-content\/uploads\/2022\/11\/DSC_0716-scaled.jpg\",\"contentUrl\":\"https:\/\/changementsocialbenin.org\/wp-content\/uploads\/2022\/11\/DSC_0716-scaled.jpg\",\"width\":2560,\"height\":1707},{\"@type\":\"BreadcrumbList\",\"@id\":\"https:\/\/changementsocialbenin.org\/index.php\/plaidoyer-pour-la-mise-en-place-dun-mecanisme-national-de-prevention-de-la-torture-en-republique-du-benin\/#breadcrumb\",\"itemListElement\":[{\"@type\":\"ListItem\",\"position\":1,\"name\":\"Accueil\",\"item\":\"https:\/\/changementsocialbenin.org\/\"},{\"@type\":\"ListItem\",\"position\":2,\"name\":\"Plaidoyer pour la mise en place d\u2019un M\u00e9canisme National de Pr\u00e9vention de la torture en R\u00e9publique du B\u00e9nin\"}]},{\"@type\":\"WebSite\",\"@id\":\"https:\/\/changementsocialbenin.org\/#website\",\"url\":\"https:\/\/changementsocialbenin.org\/\",\"name\":\"Changement social Benin\",\"description\":\"\",\"potentialAction\":[{\"@type\":\"SearchAction\",\"target\":{\"@type\":\"EntryPoint\",\"urlTemplate\":\"https:\/\/changementsocialbenin.org\/?s={search_term_string}\"},\"query-input\":{\"@type\":\"PropertyValueSpecification\",\"valueRequired\":true,\"valueName\":\"search_term_string\"}}],\"inLanguage\":\"fr-FR\"}]}<\/script>\n<!-- \/ Yoast SEO Premium plugin. -->","yoast_head_json":{"title":"Plaidoyer pour la mise en place d\u2019un M\u00e9canisme National de Pr\u00e9vention de la torture en R\u00e9publique du B\u00e9nin - Changement social Benin","robots":{"index":"index","follow":"follow","max-snippet":"max-snippet:-1","max-image-preview":"max-image-preview:large","max-video-preview":"max-video-preview:-1"},"canonical":"https:\/\/changementsocialbenin.org\/index.php\/plaidoyer-pour-la-mise-en-place-dun-mecanisme-national-de-prevention-de-la-torture-en-republique-du-benin\/","og_locale":"fr_FR","og_type":"article","og_title":"Plaidoyer pour la mise en place d\u2019un M\u00e9canisme National de Pr\u00e9vention de la torture en R\u00e9publique du B\u00e9nin","og_description":"Outre les diff\u00e9rentes recommandations enregistr\u00e9es par le B\u00e9nin en 2012 et en 2017 lors de l\u2019Examen P\u00e9riodique Universel devant le Conseil des Droits de l\u2019Homme ainsi qu\u2019en 2015 \u00e0 l\u2019occasion de la 115i\u00e8me session du Comit\u00e9 des Droits de l\u2019Homme relativement \u00e0 la mise en place d\u2019un M\u00e9canisme National de Pr\u00e9vention de la torture, le Sous-comit\u00e9 de Pr\u00e9vention de la Torture, conform\u00e9ment \u00e0 son mandat, a effectu\u00e9 une visite au B\u00e9nin du 11 au 15 janvier 2016. Au terme de cette visite, le tableau de la situation en milieu carc\u00e9ral est apparu peu reluisant. \u00a0 Ainsi, le Sous-comit\u00e9 de Pr\u00e9vention de la Torture a encourag\u00e9 fortement le B\u00e9nin \u00e0 mettre en place un\u00a0M\u00e9canisme National de Pr\u00e9vention\u00a0car il s\u2019agit d\u2019un outil important d\u2019am\u00e9lioration des conditions de d\u00e9tention et de pr\u00e9vention de la torture et des mauvais traitements des d\u00e9tenus. Consid\u00e9rant l\u2019approche retenue par l\u2019\u00c9tat b\u00e9ninois pour la mise en place d\u2019un tel m\u00e9canisme consistant \u00e0 le confier \u00e0 la Commission B\u00e9ninoise des Droits de l\u2019Homme dont l\u2019une des attributions est\u00a0\u00ab\u00a0\u2013 effectuer des visites r\u00e9guli\u00e8res, inopin\u00e9es ou notifi\u00e9es, dans les lieux de d\u00e9tention et de r\u00e9tention aux fins de pr\u00e9venir toutes violations des droits de l\u2019Homme\u00a0\u00bb,\u00a0il est apparu pertinent de mettre en \u0153uvre ce projet qui vise \u00e0 contribuer \u00e0 la prise de mesures urgentes pour soulager la souffrance des d\u00e9tenus \u00e0 travers l\u2019\u00e9largissement du mandat de la Commission B\u00e9ninoise des Droits de l\u2019Homme \u00e0 celui du\u00a0M\u00e9canisme National de Pr\u00e9vention\u00a0de la torture. En harmonie avec cette l\u2019article 40 de la Constitution b\u00e9ninoise et consid\u00e9rant que la Charte africaine sur les valeurs et les principes du service public et de l\u2019administration requiert une r\u00e9elle appropriation par les acteurs de l\u2019offre de service public \u00e0 l\u2019\u00e8re de la modernisation de l\u2019administration publique b\u00e9ninoise, il sied d\u2019agir sur lesdits acteurs pour susciter un changement de comportement en vue de fournir un service public accessible, disponible, acceptable et adapt\u00e9 aux acteurs de la demande de service public. Rendus du projet Atelier d&#8217;appropriation par la Commission B\u00e9ninoise des Droits de l&#8217;Homme de la suggestion de d\u00e9cret visant \u00e0 \u00e9largir son mandat \u00e0 celui de M\u00e9canisme National de Pr\u00e9vention de la torture &nbsp;Le vendredi 09 Octobre 2020 s\u2019est tenu \u00e0 la salle&#8230; Lire plus 13 octobre 2020 R\u00e9union du Comit\u00e9 mixte de suivi et du Coll\u00e8ge des personnes ressources du projet &#8221;Plaidoyer pour la mise en place d&#8217;un M\u00e9canisme National de Pr\u00e9vention de la torture en R\u00e9publique du B\u00e9nin &#8221; Le 18 juin 2019, le Comit\u00e9 mixte de suivi accompagn\u00e9&#8230; Lire plus 19 juin 2019 Atelier d&#8217;appropriation des standards internationaux en mati\u00e8re de pr\u00e9vention de la torture Le Mardi 16 Avril 2019, a \u00e9t\u00e9 organis\u00e9 \u00e0 l\u2019H\u00f4tel&#8230; Lire plus 17 avril 2019 Avis de recrutement Dans le cadre de la mise en \u0153uvre du projet&#8230; Lire plus 30 janvier 2019 Load More Galerie du projet","og_url":"https:\/\/changementsocialbenin.org\/index.php\/plaidoyer-pour-la-mise-en-place-dun-mecanisme-national-de-prevention-de-la-torture-en-republique-du-benin\/","og_site_name":"Changement social Benin","article_modified_time":"2022-12-19T07:49:51+00:00","og_image":[{"width":2560,"height":1707,"url":"https:\/\/changementsocialbenin.org\/wp-content\/uploads\/2022\/11\/DSC_0716-scaled.jpg","type":"image\/jpeg"}],"twitter_card":"summary_large_image","twitter_misc":{"Dur\u00e9e de lecture estim\u00e9e":"3 minutes"},"schema":{"@context":"https:\/\/schema.org","@graph":[{"@type":"WebPage","@id":"https:\/\/changementsocialbenin.org\/index.php\/plaidoyer-pour-la-mise-en-place-dun-mecanisme-national-de-prevention-de-la-torture-en-republique-du-benin\/","url":"https:\/\/changementsocialbenin.org\/index.php\/plaidoyer-pour-la-mise-en-place-dun-mecanisme-national-de-prevention-de-la-torture-en-republique-du-benin\/","name":"Plaidoyer pour la mise en place d\u2019un M\u00e9canisme National de Pr\u00e9vention de la torture en R\u00e9publique du B\u00e9nin - Changement social Benin","isPartOf":{"@id":"https:\/\/changementsocialbenin.org\/#website"},"primaryImageOfPage":{"@id":"https:\/\/changementsocialbenin.org\/index.php\/plaidoyer-pour-la-mise-en-place-dun-mecanisme-national-de-prevention-de-la-torture-en-republique-du-benin\/#primaryimage"},"image":{"@id":"https:\/\/changementsocialbenin.org\/index.php\/plaidoyer-pour-la-mise-en-place-dun-mecanisme-national-de-prevention-de-la-torture-en-republique-du-benin\/#primaryimage"},"thumbnailUrl":"https:\/\/changementsocialbenin.org\/wp-content\/uploads\/2022\/11\/DSC_0716-1024x683.jpg","datePublished":"2022-07-09T14:46:14+00:00","dateModified":"2022-12-19T07:49:51+00:00","breadcrumb":{"@id":"https:\/\/changementsocialbenin.org\/index.php\/plaidoyer-pour-la-mise-en-place-dun-mecanisme-national-de-prevention-de-la-torture-en-republique-du-benin\/#breadcrumb"},"inLanguage":"fr-FR","potentialAction":[{"@type":"ReadAction","target":["https:\/\/changementsocialbenin.org\/index.php\/plaidoyer-pour-la-mise-en-place-dun-mecanisme-national-de-prevention-de-la-torture-en-republique-du-benin\/"]}]},{"@type":"ImageObject","inLanguage":"fr-FR","@id":"https:\/\/changementsocialbenin.org\/index.php\/plaidoyer-pour-la-mise-en-place-dun-mecanisme-national-de-prevention-de-la-torture-en-republique-du-benin\/#primaryimage","url":"https:\/\/changementsocialbenin.org\/wp-content\/uploads\/2022\/11\/DSC_0716-scaled.jpg","contentUrl":"https:\/\/changementsocialbenin.org\/wp-content\/uploads\/2022\/11\/DSC_0716-scaled.jpg","width":2560,"height":1707},{"@type":"BreadcrumbList","@id":"https:\/\/changementsocialbenin.org\/index.php\/plaidoyer-pour-la-mise-en-place-dun-mecanisme-national-de-prevention-de-la-torture-en-republique-du-benin\/#breadcrumb","itemListElement":[{"@type":"ListItem","position":1,"name":"Accueil","item":"https:\/\/changementsocialbenin.org\/"},{"@type":"ListItem","position":2,"name":"Plaidoyer pour la mise en place d\u2019un M\u00e9canisme National de Pr\u00e9vention de la torture en R\u00e9publique du B\u00e9nin"}]},{"@type":"WebSite","@id":"https:\/\/changementsocialbenin.org\/#website","url":"https:\/\/changementsocialbenin.org\/","name":"Changement social Benin","description":"","potentialAction":[{"@type":"SearchAction","target":{"@type":"EntryPoint","urlTemplate":"https:\/\/changementsocialbenin.org\/?s={search_term_string}"},"query-input":{"@type":"PropertyValueSpecification","valueRequired":true,"valueName":"search_term_string"}}],"inLanguage":"fr-FR"}]}},"post_mailing_queue_ids":[],"_links":{"self":[{"href":"https:\/\/changementsocialbenin.org\/index.php\/wp-json\/wp\/v2\/pages\/926","targetHints":{"allow":["GET"]}}],"collection":[{"href":"https:\/\/changementsocialbenin.org\/index.php\/wp-json\/wp\/v2\/pages"}],"about":[{"href":"https:\/\/changementsocialbenin.org\/index.php\/wp-json\/wp\/v2\/types\/page"}],"author":[{"embeddable":true,"href":"https:\/\/changementsocialbenin.org\/index.php\/wp-json\/wp\/v2\/users\/1"}],"replies":[{"embeddable":true,"href":"https:\/\/changementsocialbenin.org\/index.php\/wp-json\/wp\/v2\/comments?post=926"}],"version-history":[{"count":25,"href":"https:\/\/changementsocialbenin.org\/index.php\/wp-json\/wp\/v2\/pages\/926\/revisions"}],"predecessor-version":[{"id":2632,"href":"https:\/\/changementsocialbenin.org\/index.php\/wp-json\/wp\/v2\/pages\/926\/revisions\/2632"}],"wp:attachment":[{"href":"https:\/\/changementsocialbenin.org\/index.php\/wp-json\/wp\/v2\/media?parent=926"}],"curies":[{"name":"wp","href":"https:\/\/api.w.org\/{rel}","templated":true}]}}