{"id":1094,"date":"2022-07-09T19:23:13","date_gmt":"2022-07-09T17:23:13","guid":{"rendered":"http:\/\/changementsocialbenin.com\/?page_id=1094"},"modified":"2022-12-19T08:43:20","modified_gmt":"2022-12-19T07:43:20","slug":"monitoring-du-processus-electoral-de-2020-a-laune-des-droits-humains-au-benin","status":"publish","type":"page","link":"https:\/\/changementsocialbenin.org\/index.php\/monitoring-du-processus-electoral-de-2020-a-laune-des-droits-humains-au-benin\/","title":{"rendered":"Monitoring du processus \u00e9lectoral de 2020 \u00e0 l\u2019aune des droits humains au B\u00e9nin"},"content":{"rendered":"\t\t<div data-elementor-type=\"wp-page\" data-elementor-id=\"1094\" class=\"elementor elementor-1094\" data-elementor-settings=\"{&quot;ha_cmc_init_switcher&quot;:&quot;no&quot;}\" data-elementor-post-type=\"page\">\n\t\t\t\t\t\t<section class=\"elementor-section elementor-top-section elementor-element elementor-element-653f3816 elementor-section-full_width elementor-section-height-default elementor-section-height-default wpr-particle-no wpr-jarallax-no wpr-parallax-no wpr-sticky-section-no\" data-id=\"653f3816\" data-element_type=\"section\" data-settings=\"{&quot;background_background&quot;:&quot;classic&quot;,&quot;background_motion_fx_motion_fx_scrolling&quot;:&quot;yes&quot;,&quot;background_motion_fx_translateY_effect&quot;:&quot;yes&quot;,&quot;background_motion_fx_translateY_speed&quot;:{&quot;unit&quot;:&quot;px&quot;,&quot;size&quot;:3.8999999999999999,&quot;sizes&quot;:[]},&quot;background_motion_fx_translateY_affectedRange&quot;:{&quot;unit&quot;:&quot;%&quot;,&quot;size&quot;:&quot;&quot;,&quot;sizes&quot;:{&quot;start&quot;:0,&quot;end&quot;:100}},&quot;background_motion_fx_devices&quot;:[&quot;desktop&quot;,&quot;tablet&quot;,&quot;mobile&quot;],&quot;_ha_eqh_enable&quot;:false}\">\n\t\t\t\t\t\t<div class=\"elementor-container elementor-column-gap-default\">\n\t\t\t\t\t<div class=\"elementor-column elementor-col-100 elementor-top-column elementor-element elementor-element-63d626d1\" data-id=\"63d626d1\" data-element_type=\"column\">\n\t\t\t<div class=\"elementor-widget-wrap elementor-element-populated\">\n\t\t\t\t\t\t<div class=\"elementor-element elementor-element-5ce5394d elementor-widget elementor-widget-heading\" data-id=\"5ce5394d\" data-element_type=\"widget\" data-widget_type=\"heading.default\">\n\t\t\t\t<div class=\"elementor-widget-container\">\n\t\t\t\t\t<h2 class=\"elementor-heading-title elementor-size-default\">Monitoring du processus \u00e9lectoral de 2020 \u00e0 l\u2019aune des droits humains au B\u00e9nin<\/h2>\t\t\t\t<\/div>\n\t\t\t\t<\/div>\n\t\t\t\t\t<\/div>\n\t\t<\/div>\n\t\t\t\t\t<\/div>\n\t\t<\/section>\n\t\t\t\t<section class=\"elementor-section elementor-top-section elementor-element elementor-element-1cec50c2 elementor-section-boxed elementor-section-height-default elementor-section-height-default wpr-particle-no wpr-jarallax-no wpr-parallax-no wpr-sticky-section-no\" data-id=\"1cec50c2\" data-element_type=\"section\" data-settings=\"{&quot;_ha_eqh_enable&quot;:false}\">\n\t\t\t\t\t\t<div class=\"elementor-container elementor-column-gap-default\">\n\t\t\t\t\t<div class=\"elementor-column elementor-col-100 elementor-top-column elementor-element elementor-element-15f3ee03\" data-id=\"15f3ee03\" data-element_type=\"column\">\n\t\t\t<div class=\"elementor-widget-wrap elementor-element-populated\">\n\t\t\t\t\t\t<section class=\"elementor-section elementor-inner-section elementor-element elementor-element-7f8458c4 elementor-section-boxed elementor-section-height-default elementor-section-height-default wpr-particle-no wpr-jarallax-no wpr-parallax-no wpr-sticky-section-no\" data-id=\"7f8458c4\" data-element_type=\"section\" data-settings=\"{&quot;background_background&quot;:&quot;classic&quot;,&quot;_ha_eqh_enable&quot;:false}\">\n\t\t\t\t\t\t<div class=\"elementor-container elementor-column-gap-default\">\n\t\t\t\t\t<div class=\"elementor-column elementor-col-50 elementor-inner-column elementor-element elementor-element-2d7b6a4e\" data-id=\"2d7b6a4e\" data-element_type=\"column\">\n\t\t\t<div class=\"elementor-widget-wrap elementor-element-populated\">\n\t\t\t\t\t\t<div class=\"elementor-element elementor-element-d7a03a0 elementor-widget elementor-widget-image\" data-id=\"d7a03a0\" data-element_type=\"widget\" data-widget_type=\"image.default\">\n\t\t\t\t<div class=\"elementor-widget-container\">\n\t\t\t\t\t\t\t\t\t\t\t\t\t\t\t<img fetchpriority=\"high\" decoding=\"async\" width=\"374\" height=\"530\" src=\"https:\/\/changementsocialbenin.org\/wp-content\/uploads\/2022\/11\/Photo-de-couverture-du-rapport-elections-communales-et-municipales-2020.png\" class=\"attachment-large size-large wp-image-1869\" alt=\"\" srcset=\"https:\/\/changementsocialbenin.org\/wp-content\/uploads\/2022\/11\/Photo-de-couverture-du-rapport-elections-communales-et-municipales-2020.png 374w, https:\/\/changementsocialbenin.org\/wp-content\/uploads\/2022\/11\/Photo-de-couverture-du-rapport-elections-communales-et-municipales-2020-212x300.png 212w, https:\/\/changementsocialbenin.org\/wp-content\/uploads\/2022\/11\/Photo-de-couverture-du-rapport-elections-communales-et-municipales-2020-200x283.png 200w\" sizes=\"(max-width: 374px) 100vw, 374px\" \/>\t\t\t\t\t\t\t\t\t\t\t\t\t\t\t<\/div>\n\t\t\t\t<\/div>\n\t\t\t\t\t<\/div>\n\t\t<\/div>\n\t\t\t\t<div class=\"elementor-column elementor-col-50 elementor-inner-column elementor-element elementor-element-5f114ec8\" data-id=\"5f114ec8\" data-element_type=\"column\">\n\t\t\t<div class=\"elementor-widget-wrap elementor-element-populated\">\n\t\t\t\t\t\t<div class=\"elementor-element elementor-element-472c75b3 elementor-widget elementor-widget-heading\" data-id=\"472c75b3\" data-element_type=\"widget\" data-widget_type=\"heading.default\">\n\t\t\t\t<div class=\"elementor-widget-container\">\n\t\t\t\t\t<h2 class=\"elementor-heading-title elementor-size-default\">Monitoring du processus \u00e9lectoral de 2020 \u00e0 l\u2019aune des droits humains au B\u00e9nin<\/h2>\t\t\t\t<\/div>\n\t\t\t\t<\/div>\n\t\t\t\t<div class=\"elementor-element elementor-element-5567bdb4 elementor-widget elementor-widget-text-editor\" data-id=\"5567bdb4\" data-element_type=\"widget\" data-widget_type=\"text-editor.default\">\n\t\t\t\t<div class=\"elementor-widget-container\">\n\t\t\t\t\t\t\t\t\t<p>L\u2019un des principes de la Charte Africaine des valeurs et des principes de la d\u00e9centralisation, de la gouvernance locale et du d\u00e9veloppement local, est que \u00ab\u00a0<em>les gouvernements centraux adoptent des lois \u00e9lectorales qui encouragent des \u00e9lections r\u00e9guli\u00e8res, d\u00e9mocratiques, libres, justes et transparentes au niveau des gouvernements locaux<\/em>\u00a0\u00bb.<\/p><p>Le monitoring des \u00e9lections communales et municipales du 17 mai 2020 effectu\u00e9 par l\u2019ONG Changement Social B\u00e9nin, passe au scanner des instruments juridiques relatifs au management d\u00e9mocratique, les actes et faits relatifs \u00e0 la mise<br \/>en \u0153uvre des droits civils et politiques, notamment, la libre expression de l\u2019opinion du peuple,\u00a0le droit d\u2019acc\u00e8s aux informations relatives aux projets des candidats, l\u2019\u00e9gal et \u00e9quitable acc\u00e8s des candidats de tout bord politique<\/p>\t\t\t\t\t\t\t\t<\/div>\n\t\t\t\t<\/div>\n\t\t\t\t\t<\/div>\n\t\t<\/div>\n\t\t\t\t\t<\/div>\n\t\t<\/section>\n\t\t\t\t<section class=\"elementor-section elementor-inner-section elementor-element elementor-element-09405f1 elementor-section-boxed elementor-section-height-default elementor-section-height-default wpr-particle-no wpr-jarallax-no wpr-parallax-no wpr-sticky-section-no\" data-id=\"09405f1\" data-element_type=\"section\" data-settings=\"{&quot;background_background&quot;:&quot;classic&quot;,&quot;_ha_eqh_enable&quot;:false}\">\n\t\t\t\t\t\t<div class=\"elementor-container elementor-column-gap-default\">\n\t\t\t\t\t<div class=\"elementor-column elementor-col-100 elementor-inner-column elementor-element elementor-element-603d2df\" data-id=\"603d2df\" data-element_type=\"column\">\n\t\t\t<div class=\"elementor-widget-wrap elementor-element-populated\">\n\t\t\t\t\t\t<div class=\"elementor-element elementor-element-3db19b7 elementor-widget elementor-widget-text-editor\" data-id=\"3db19b7\" data-element_type=\"widget\" data-widget_type=\"text-editor.default\">\n\t\t\t\t<div class=\"elementor-widget-container\">\n\t\t\t\t\t\t\t\t\t<p>en lice aux m\u00e9dias publics d\u2019information sans discrimination ou restriction aucune, l\u2019accessibilit\u00e9 des r\u00e9sultats mis \u00e0 disposition par l\u2019Organe de Gestion des \u00c9lections (OGE).<\/p><p>Il a \u00e9t\u00e9 question d\u2019un suivi attentif du \u00ab\u00a0<em>dialogue politique<\/em>\u00a0\u00bb initi\u00e9 par le Chef de l\u2019\u00c9tat apr\u00e8s les \u00e9lections l\u00e9gislatives non inclusives et particuli\u00e8rement mortif\u00e8res du 28 avril 2019. Un tel exercice pr\u00e9sente<br \/>un double int\u00e9r\u00eat dont le premier est d\u2019\u00e9valuer, \u00e0 travers le dialogue politique, la mise en \u0153uvre des recommandations tant<strong>\u00a0<\/strong><em>de la Commission Africaine des Droits de l\u2019Homme et des Peuples sur la situation des droits de l\u2019homme, en l\u2019occurrence, le droit \u00e0 la participation aux processus d\u00e9mocratiques \u00e0 travers les \u00e9lections en R\u00e9publique du B\u00e9nin et du Conseil de M\u00e9diation et de S\u00e9curit\u00e9 de la Communaut\u00e9 \u00c9conomique des \u00c9tats de l\u2019Afrique de l\u2019Ouest (CEDEAO)<\/em>\u00a0que<strong>\u00a0<\/strong>de<strong>\u00a0<\/strong><em>l\u2019exhortation du Forum des ONGs \u00e0 la poursuite du dialogue<\/em>\u00a0enclench\u00e9 le 10 octobre 2019 et son \u00e9largissement \u00e0 toute la classe politique sans exception.<strong>\u00a0<\/strong>Le second<br \/>int\u00e9r\u00eat vient de ce que ce \u00ab\u00a0<em>dialogue politique<\/em>\u00a0\u00bb se r\u00e9v\u00e8le \u00eatre la premi\u00e8re \u00e9tape de la p\u00e9riode pr\u00e9-\u00e9lectorale.<\/p>\t\t\t\t\t\t\t\t<\/div>\n\t\t\t\t<\/div>\n\t\t\t\t\t<\/div>\n\t\t<\/div>\n\t\t\t\t\t<\/div>\n\t\t<\/section>\n\t\t\t\t<section class=\"elementor-section elementor-inner-section elementor-element elementor-element-c34eeb9 elementor-section-boxed elementor-section-height-default elementor-section-height-default wpr-particle-no wpr-jarallax-no wpr-parallax-no wpr-sticky-section-no\" data-id=\"c34eeb9\" data-element_type=\"section\" data-settings=\"{&quot;_ha_eqh_enable&quot;:false}\">\n\t\t\t\t\t\t<div class=\"elementor-container elementor-column-gap-default\">\n\t\t\t\t\t<div class=\"elementor-column elementor-col-50 elementor-inner-column elementor-element elementor-element-16e31aab\" data-id=\"16e31aab\" data-element_type=\"column\">\n\t\t\t<div class=\"elementor-widget-wrap elementor-element-populated\">\n\t\t\t\t\t\t<div class=\"elementor-element elementor-element-3412a7d6 elementor-widget elementor-widget-spacer\" data-id=\"3412a7d6\" data-element_type=\"widget\" data-widget_type=\"spacer.default\">\n\t\t\t\t<div class=\"elementor-widget-container\">\n\t\t\t\t\t\t\t<div class=\"elementor-spacer\">\n\t\t\t<div class=\"elementor-spacer-inner\"><\/div>\n\t\t<\/div>\n\t\t\t\t\t\t<\/div>\n\t\t\t\t<\/div>\n\t\t\t\t<div class=\"elementor-element elementor-element-282c5d4f elementor-widget elementor-widget-heading\" data-id=\"282c5d4f\" data-element_type=\"widget\" data-widget_type=\"heading.default\">\n\t\t\t\t<div class=\"elementor-widget-container\">\n\t\t\t\t\t<h2 class=\"elementor-heading-title elementor-size-default\">Rendus du projet<\/h2>\t\t\t\t<\/div>\n\t\t\t\t<\/div>\n\t\t\t\t<div class=\"elementor-element elementor-element-7e44411f elementor-widget-divider--view-line elementor-widget elementor-widget-divider\" data-id=\"7e44411f\" data-element_type=\"widget\" data-widget_type=\"divider.default\">\n\t\t\t\t<div class=\"elementor-widget-container\">\n\t\t\t\t\t\t\t<div class=\"elementor-divider\">\n\t\t\t<span class=\"elementor-divider-separator\">\n\t\t\t\t\t\t<\/span>\n\t\t<\/div>\n\t\t\t\t\t\t<\/div>\n\t\t\t\t<\/div>\n\t\t\t\t\t<\/div>\n\t\t<\/div>\n\t\t\t\t<div class=\"elementor-column elementor-col-50 elementor-inner-column elementor-element elementor-element-2b43a942\" data-id=\"2b43a942\" data-element_type=\"column\">\n\t\t\t<div class=\"elementor-widget-wrap\">\n\t\t\t\t\t\t\t<\/div>\n\t\t<\/div>\n\t\t\t\t\t<\/div>\n\t\t<\/section>\n\t\t\t\t<section class=\"elementor-section elementor-inner-section elementor-element elementor-element-7a744eea elementor-section-boxed elementor-section-height-default elementor-section-height-default wpr-particle-no wpr-jarallax-no wpr-parallax-no wpr-sticky-section-no\" data-id=\"7a744eea\" data-element_type=\"section\" data-settings=\"{&quot;_ha_eqh_enable&quot;:false}\">\n\t\t\t\t\t\t<div class=\"elementor-container elementor-column-gap-default\">\n\t\t\t\t\t<div class=\"elementor-column elementor-col-100 elementor-inner-column elementor-element elementor-element-5590ad21\" data-id=\"5590ad21\" data-element_type=\"column\">\n\t\t\t<div class=\"elementor-widget-wrap elementor-element-populated\">\n\t\t\t\t\t\t<div class=\"elementor-element elementor-element-623732b elementor-grid-eael-col-4 elementor-grid-tablet-eael-col-2 elementor-grid-mobile-eael-col-1 elementor-widget elementor-widget-eael-post-grid\" data-id=\"623732b\" data-element_type=\"widget\" data-settings=\"{&quot;eael_post_grid_columns&quot;:&quot;eael-col-4&quot;,&quot;eael_post_grid_columns_tablet&quot;:&quot;eael-col-2&quot;,&quot;eael_post_grid_columns_mobile&quot;:&quot;eael-col-1&quot;}\" data-widget_type=\"eael-post-grid.default\">\n\t\t\t\t<div class=\"elementor-widget-container\">\n\t\t\t\t\t<div id=\"eael-post-grid-623732b\" class=\"eael-post-grid-container\">\n            <div class=\"eael-post-grid eael-post-appender eael-post-appender-623732b eael-post-grid-style-two\" data-layout-mode=\"masonry\"><p class=\"no-posts-found\">No posts found!<\/p><\/div>\n            <div class=\"clearfix\"><\/div>\n        <\/div>\t\t\t\t<\/div>\n\t\t\t\t<\/div>\n\t\t\t\t\t<\/div>\n\t\t<\/div>\n\t\t\t\t\t<\/div>\n\t\t<\/section>\n\t\t\t\t<section class=\"elementor-section elementor-inner-section elementor-element elementor-element-dddf598 elementor-section-boxed elementor-section-height-default elementor-section-height-default wpr-particle-no wpr-jarallax-no wpr-parallax-no wpr-sticky-section-no\" data-id=\"dddf598\" data-element_type=\"section\" data-settings=\"{&quot;_ha_eqh_enable&quot;:false}\">\n\t\t\t\t\t\t<div class=\"elementor-container elementor-column-gap-default\">\n\t\t\t\t\t<div class=\"elementor-column elementor-col-50 elementor-inner-column elementor-element elementor-element-3c7d9ccb\" data-id=\"3c7d9ccb\" data-element_type=\"column\">\n\t\t\t<div class=\"elementor-widget-wrap elementor-element-populated\">\n\t\t\t\t\t\t<div class=\"elementor-element elementor-element-ca3d051 elementor-widget elementor-widget-spacer\" data-id=\"ca3d051\" data-element_type=\"widget\" data-widget_type=\"spacer.default\">\n\t\t\t\t<div class=\"elementor-widget-container\">\n\t\t\t\t\t\t\t<div class=\"elementor-spacer\">\n\t\t\t<div class=\"elementor-spacer-inner\"><\/div>\n\t\t<\/div>\n\t\t\t\t\t\t<\/div>\n\t\t\t\t<\/div>\n\t\t\t\t<div class=\"elementor-element elementor-element-299d55d2 elementor-widget elementor-widget-heading\" data-id=\"299d55d2\" data-element_type=\"widget\" data-widget_type=\"heading.default\">\n\t\t\t\t<div class=\"elementor-widget-container\">\n\t\t\t\t\t<h2 class=\"elementor-heading-title elementor-size-default\">Galerie du projet<\/h2>\t\t\t\t<\/div>\n\t\t\t\t<\/div>\n\t\t\t\t<div class=\"elementor-element elementor-element-73b61d01 elementor-widget-divider--view-line elementor-widget elementor-widget-divider\" data-id=\"73b61d01\" data-element_type=\"widget\" data-widget_type=\"divider.default\">\n\t\t\t\t<div class=\"elementor-widget-container\">\n\t\t\t\t\t\t\t<div class=\"elementor-divider\">\n\t\t\t<span class=\"elementor-divider-separator\">\n\t\t\t\t\t\t<\/span>\n\t\t<\/div>\n\t\t\t\t\t\t<\/div>\n\t\t\t\t<\/div>\n\t\t\t\t\t<\/div>\n\t\t<\/div>\n\t\t\t\t<div class=\"elementor-column elementor-col-50 elementor-inner-column elementor-element elementor-element-7ee463bd\" data-id=\"7ee463bd\" data-element_type=\"column\">\n\t\t\t<div class=\"elementor-widget-wrap\">\n\t\t\t\t\t\t\t<\/div>\n\t\t<\/div>\n\t\t\t\t\t<\/div>\n\t\t<\/section>\n\t\t\t\t<section class=\"elementor-section elementor-inner-section elementor-element elementor-element-27b4dc64 elementor-section-boxed elementor-section-height-default elementor-section-height-default wpr-particle-no wpr-jarallax-no wpr-parallax-no wpr-sticky-section-no\" data-id=\"27b4dc64\" data-element_type=\"section\" data-settings=\"{&quot;_ha_eqh_enable&quot;:false}\">\n\t\t\t\t\t\t<div class=\"elementor-container elementor-column-gap-default\">\n\t\t\t\t\t<div class=\"elementor-column elementor-col-100 elementor-inner-column elementor-element elementor-element-3c579329\" data-id=\"3c579329\" data-element_type=\"column\">\n\t\t\t<div class=\"elementor-widget-wrap elementor-element-populated\">\n\t\t\t\t\t\t<div class=\"elementor-element elementor-element-117addc2 gallery-spacing-custom elementor-widget elementor-widget-image-gallery\" data-id=\"117addc2\" data-element_type=\"widget\" data-widget_type=\"image-gallery.default\">\n\t\t\t\t<div class=\"elementor-widget-container\">\n\t\t\t\t\t\t\t<div class=\"elementor-image-gallery\">\n\t\t\t<div id='gallery-1' class='gallery galleryid-1094 gallery-columns-3 gallery-size-true-news-medium'><figure class='gallery-item'>\n\t\t\t<div class='gallery-icon portrait'>\n\t\t\t\t<a data-elementor-open-lightbox=\"yes\" data-elementor-lightbox-slideshow=\"117addc2\" data-elementor-lightbox-title=\"Photo de couverture du rapport \u00e9lections communales et municipales 2020\" data-e-action-hash=\"#elementor-action%3Aaction%3Dlightbox%26settings%3DeyJpZCI6MTg2OSwidXJsIjoiaHR0cHM6XC9cL2NoYW5nZW1lbnRzb2NpYWxiZW5pbi5vcmdcL3dwLWNvbnRlbnRcL3VwbG9hZHNcLzIwMjJcLzExXC9QaG90by1kZS1jb3V2ZXJ0dXJlLWR1LXJhcHBvcnQtZWxlY3Rpb25zLWNvbW11bmFsZXMtZXQtbXVuaWNpcGFsZXMtMjAyMC5wbmciLCJzbGlkZXNob3ciOiIxMTdhZGRjMiJ9\" href='https:\/\/changementsocialbenin.org\/wp-content\/uploads\/2022\/11\/Photo-de-couverture-du-rapport-elections-communales-et-municipales-2020.png'><img decoding=\"async\" width=\"374\" height=\"298\" src=\"https:\/\/changementsocialbenin.org\/wp-content\/uploads\/2022\/11\/Photo-de-couverture-du-rapport-elections-communales-et-municipales-2020-374x298.png\" class=\"attachment-true-news-medium size-true-news-medium\" alt=\"\" \/><\/a>\n\t\t\t<\/div><\/figure>\n\t\t<\/div>\n\t\t<\/div>\n\t\t\t\t\t\t<\/div>\n\t\t\t\t<\/div>\n\t\t\t\t\t<\/div>\n\t\t<\/div>\n\t\t\t\t\t<\/div>\n\t\t<\/section>\n\t\t\t\t\t<\/div>\n\t\t<\/div>\n\t\t\t\t\t<\/div>\n\t\t<\/section>\n\t\t\t\t<\/div>\n\t\t","protected":false},"excerpt":{"rendered":"<p>L\u2019un des principes de la Charte Africaine des valeurs et des principes de la d\u00e9centralisation, de la gouvernance locale et du d\u00e9veloppement local, est que \u00ab\u00a0les gouvernements centraux adoptent des lois \u00e9lectorales qui encouragent des \u00e9lections r\u00e9guli\u00e8res, d\u00e9mocratiques, libres, justes et transparentes au niveau des gouvernements locaux\u00a0\u00bb. Le monitoring des \u00e9lections communales et municipales du 17 mai 2020 effectu\u00e9 par l\u2019ONG Changement Social B\u00e9nin, passe au scanner des instruments juridiques relatifs au management d\u00e9mocratique, les actes et faits relatifs \u00e0 la miseen \u0153uvre des droits civils et politiques, notamment, la libre expression de l\u2019opinion du peuple,\u00a0le droit d\u2019acc\u00e8s aux informations relatives aux projets des candidats, l\u2019\u00e9gal et \u00e9quitable acc\u00e8s des candidats de tout bord politique en lice aux m\u00e9dias publics d\u2019information sans discrimination ou restriction aucune, l\u2019accessibilit\u00e9 des r\u00e9sultats mis \u00e0 disposition par l\u2019Organe de Gestion des \u00c9lections (OGE). Il a \u00e9t\u00e9 question d\u2019un suivi attentif du \u00ab\u00a0dialogue politique\u00a0\u00bb initi\u00e9 par le Chef de l\u2019\u00c9tat apr\u00e8s les \u00e9lections l\u00e9gislatives non inclusives et particuli\u00e8rement mortif\u00e8res du 28 avril 2019. Un tel exercice pr\u00e9senteun double int\u00e9r\u00eat dont le premier est d\u2019\u00e9valuer, \u00e0 travers le dialogue politique, la mise en \u0153uvre des recommandations tant\u00a0de la Commission Africaine des Droits de l\u2019Homme et des Peuples sur la situation des droits de l\u2019homme, en l\u2019occurrence, le droit \u00e0 la participation aux processus d\u00e9mocratiques \u00e0 travers les \u00e9lections en R\u00e9publique du B\u00e9nin et du Conseil de M\u00e9diation et de S\u00e9curit\u00e9 de la Communaut\u00e9 \u00c9conomique des \u00c9tats de l\u2019Afrique de l\u2019Ouest (CEDEAO)\u00a0que\u00a0de\u00a0l\u2019exhortation du Forum des ONGs \u00e0 la poursuite du dialogue\u00a0enclench\u00e9 le 10 octobre 2019 et son \u00e9largissement \u00e0 toute la classe politique sans exception.\u00a0Le secondint\u00e9r\u00eat vient de ce que ce \u00ab\u00a0dialogue politique\u00a0\u00bb se r\u00e9v\u00e8le \u00eatre la premi\u00e8re \u00e9tape de la p\u00e9riode pr\u00e9-\u00e9lectorale. Rendus du projet \u00c9LECTIONS COMMUNALES ET MUNICIPALES DU 17 MAI 2020 ET INCIDENCES SUR LA D\u00c9MOCRATIE ET L\u2019\u00c9TAT DE DROIT AU B\u00c9NIN RAPPORT D\u2019OBSERVATION DES ELECTIONS COMMUNALES ET MUNICIPALES DU 17 MAI&#8230; Lire plus 25 novembre 2022 Galerie du projet<\/p>\n","protected":false},"author":1,"featured_media":0,"parent":0,"menu_order":0,"comment_status":"closed","ping_status":"closed","template":"elementor_header_footer","meta":{"footnotes":""},"class_list":["post-1094","page","type-page","status-publish","hentry"],"yoast_head":"<!-- This site is optimized with the Yoast SEO Premium plugin v22.8 (Yoast SEO v24.8.1) - https:\/\/yoast.com\/wordpress\/plugins\/seo\/ -->\n<title>Monitoring du processus \u00e9lectoral de 2020 \u00e0 l\u2019aune des droits humains au B\u00e9nin - Changement social Benin<\/title>\n<meta name=\"robots\" content=\"index, follow, max-snippet:-1, max-image-preview:large, max-video-preview:-1\" \/>\n<link rel=\"canonical\" href=\"https:\/\/changementsocialbenin.org\/index.php\/monitoring-du-processus-electoral-de-2020-a-laune-des-droits-humains-au-benin\/\" \/>\n<meta property=\"og:locale\" content=\"fr_FR\" \/>\n<meta property=\"og:type\" content=\"article\" \/>\n<meta property=\"og:title\" content=\"Monitoring du processus \u00e9lectoral de 2020 \u00e0 l\u2019aune des droits humains au B\u00e9nin\" \/>\n<meta property=\"og:description\" content=\"L\u2019un des principes de la Charte Africaine des valeurs et des principes de la d\u00e9centralisation, de la gouvernance locale et du d\u00e9veloppement local, est que \u00ab\u00a0les gouvernements centraux adoptent des lois \u00e9lectorales qui encouragent des \u00e9lections r\u00e9guli\u00e8res, d\u00e9mocratiques, libres, justes et transparentes au niveau des gouvernements locaux\u00a0\u00bb. Le monitoring des \u00e9lections communales et municipales du 17 mai 2020 effectu\u00e9 par l\u2019ONG Changement Social B\u00e9nin, passe au scanner des instruments juridiques relatifs au management d\u00e9mocratique, les actes et faits relatifs \u00e0 la miseen \u0153uvre des droits civils et politiques, notamment, la libre expression de l\u2019opinion du peuple,\u00a0le droit d\u2019acc\u00e8s aux informations relatives aux projets des candidats, l\u2019\u00e9gal et \u00e9quitable acc\u00e8s des candidats de tout bord politique en lice aux m\u00e9dias publics d\u2019information sans discrimination ou restriction aucune, l\u2019accessibilit\u00e9 des r\u00e9sultats mis \u00e0 disposition par l\u2019Organe de Gestion des \u00c9lections (OGE). Il a \u00e9t\u00e9 question d\u2019un suivi attentif du \u00ab\u00a0dialogue politique\u00a0\u00bb initi\u00e9 par le Chef de l\u2019\u00c9tat apr\u00e8s les \u00e9lections l\u00e9gislatives non inclusives et particuli\u00e8rement mortif\u00e8res du 28 avril 2019. Un tel exercice pr\u00e9senteun double int\u00e9r\u00eat dont le premier est d\u2019\u00e9valuer, \u00e0 travers le dialogue politique, la mise en \u0153uvre des recommandations tant\u00a0de la Commission Africaine des Droits de l\u2019Homme et des Peuples sur la situation des droits de l\u2019homme, en l\u2019occurrence, le droit \u00e0 la participation aux processus d\u00e9mocratiques \u00e0 travers les \u00e9lections en R\u00e9publique du B\u00e9nin et du Conseil de M\u00e9diation et de S\u00e9curit\u00e9 de la Communaut\u00e9 \u00c9conomique des \u00c9tats de l\u2019Afrique de l\u2019Ouest (CEDEAO)\u00a0que\u00a0de\u00a0l\u2019exhortation du Forum des ONGs \u00e0 la poursuite du dialogue\u00a0enclench\u00e9 le 10 octobre 2019 et son \u00e9largissement \u00e0 toute la classe politique sans exception.\u00a0Le secondint\u00e9r\u00eat vient de ce que ce \u00ab\u00a0dialogue politique\u00a0\u00bb se r\u00e9v\u00e8le \u00eatre la premi\u00e8re \u00e9tape de la p\u00e9riode pr\u00e9-\u00e9lectorale. Rendus du projet \u00c9LECTIONS COMMUNALES ET MUNICIPALES DU 17 MAI 2020 ET INCIDENCES SUR LA D\u00c9MOCRATIE ET L\u2019\u00c9TAT DE DROIT AU B\u00c9NIN RAPPORT D\u2019OBSERVATION DES ELECTIONS COMMUNALES ET MUNICIPALES DU 17 MAI&#8230; Lire plus 25 novembre 2022 Galerie du projet\" \/>\n<meta property=\"og:url\" content=\"https:\/\/changementsocialbenin.org\/index.php\/monitoring-du-processus-electoral-de-2020-a-laune-des-droits-humains-au-benin\/\" \/>\n<meta property=\"og:site_name\" content=\"Changement social Benin\" \/>\n<meta property=\"article:modified_time\" content=\"2022-12-19T07:43:20+00:00\" \/>\n<meta property=\"og:image\" content=\"https:\/\/changementsocialbenin.org\/wp-content\/uploads\/2022\/11\/Photo-de-couverture-du-rapport-elections-communales-et-municipales-2020.png\" \/>\n\t<meta property=\"og:image:width\" content=\"374\" \/>\n\t<meta property=\"og:image:height\" content=\"530\" \/>\n\t<meta property=\"og:image:type\" content=\"image\/png\" \/>\n<meta name=\"twitter:card\" content=\"summary_large_image\" \/>\n<meta name=\"twitter:label1\" content=\"Dur\u00e9e de lecture estim\u00e9e\" \/>\n\t<meta name=\"twitter:data1\" content=\"2 minutes\" \/>\n<script type=\"application\/ld+json\" class=\"yoast-schema-graph\">{\"@context\":\"https:\/\/schema.org\",\"@graph\":[{\"@type\":\"WebPage\",\"@id\":\"https:\/\/changementsocialbenin.org\/index.php\/monitoring-du-processus-electoral-de-2020-a-laune-des-droits-humains-au-benin\/\",\"url\":\"https:\/\/changementsocialbenin.org\/index.php\/monitoring-du-processus-electoral-de-2020-a-laune-des-droits-humains-au-benin\/\",\"name\":\"Monitoring du processus \u00e9lectoral de 2020 \u00e0 l\u2019aune des droits humains au B\u00e9nin - Changement social Benin\",\"isPartOf\":{\"@id\":\"https:\/\/changementsocialbenin.org\/#website\"},\"primaryImageOfPage\":{\"@id\":\"https:\/\/changementsocialbenin.org\/index.php\/monitoring-du-processus-electoral-de-2020-a-laune-des-droits-humains-au-benin\/#primaryimage\"},\"image\":{\"@id\":\"https:\/\/changementsocialbenin.org\/index.php\/monitoring-du-processus-electoral-de-2020-a-laune-des-droits-humains-au-benin\/#primaryimage\"},\"thumbnailUrl\":\"https:\/\/changementsocialbenin.org\/wp-content\/uploads\/2022\/11\/Photo-de-couverture-du-rapport-elections-communales-et-municipales-2020.png\",\"datePublished\":\"2022-07-09T17:23:13+00:00\",\"dateModified\":\"2022-12-19T07:43:20+00:00\",\"breadcrumb\":{\"@id\":\"https:\/\/changementsocialbenin.org\/index.php\/monitoring-du-processus-electoral-de-2020-a-laune-des-droits-humains-au-benin\/#breadcrumb\"},\"inLanguage\":\"fr-FR\",\"potentialAction\":[{\"@type\":\"ReadAction\",\"target\":[\"https:\/\/changementsocialbenin.org\/index.php\/monitoring-du-processus-electoral-de-2020-a-laune-des-droits-humains-au-benin\/\"]}]},{\"@type\":\"ImageObject\",\"inLanguage\":\"fr-FR\",\"@id\":\"https:\/\/changementsocialbenin.org\/index.php\/monitoring-du-processus-electoral-de-2020-a-laune-des-droits-humains-au-benin\/#primaryimage\",\"url\":\"https:\/\/changementsocialbenin.org\/wp-content\/uploads\/2022\/11\/Photo-de-couverture-du-rapport-elections-communales-et-municipales-2020.png\",\"contentUrl\":\"https:\/\/changementsocialbenin.org\/wp-content\/uploads\/2022\/11\/Photo-de-couverture-du-rapport-elections-communales-et-municipales-2020.png\"},{\"@type\":\"BreadcrumbList\",\"@id\":\"https:\/\/changementsocialbenin.org\/index.php\/monitoring-du-processus-electoral-de-2020-a-laune-des-droits-humains-au-benin\/#breadcrumb\",\"itemListElement\":[{\"@type\":\"ListItem\",\"position\":1,\"name\":\"Accueil\",\"item\":\"https:\/\/changementsocialbenin.org\/\"},{\"@type\":\"ListItem\",\"position\":2,\"name\":\"Monitoring du processus \u00e9lectoral de 2020 \u00e0 l\u2019aune des droits humains au B\u00e9nin\"}]},{\"@type\":\"WebSite\",\"@id\":\"https:\/\/changementsocialbenin.org\/#website\",\"url\":\"https:\/\/changementsocialbenin.org\/\",\"name\":\"Changement social Benin\",\"description\":\"\",\"potentialAction\":[{\"@type\":\"SearchAction\",\"target\":{\"@type\":\"EntryPoint\",\"urlTemplate\":\"https:\/\/changementsocialbenin.org\/?s={search_term_string}\"},\"query-input\":{\"@type\":\"PropertyValueSpecification\",\"valueRequired\":true,\"valueName\":\"search_term_string\"}}],\"inLanguage\":\"fr-FR\"}]}<\/script>\n<!-- \/ Yoast SEO Premium plugin. -->","yoast_head_json":{"title":"Monitoring du processus \u00e9lectoral de 2020 \u00e0 l\u2019aune des droits humains au B\u00e9nin - Changement social Benin","robots":{"index":"index","follow":"follow","max-snippet":"max-snippet:-1","max-image-preview":"max-image-preview:large","max-video-preview":"max-video-preview:-1"},"canonical":"https:\/\/changementsocialbenin.org\/index.php\/monitoring-du-processus-electoral-de-2020-a-laune-des-droits-humains-au-benin\/","og_locale":"fr_FR","og_type":"article","og_title":"Monitoring du processus \u00e9lectoral de 2020 \u00e0 l\u2019aune des droits humains au B\u00e9nin","og_description":"L\u2019un des principes de la Charte Africaine des valeurs et des principes de la d\u00e9centralisation, de la gouvernance locale et du d\u00e9veloppement local, est que \u00ab\u00a0les gouvernements centraux adoptent des lois \u00e9lectorales qui encouragent des \u00e9lections r\u00e9guli\u00e8res, d\u00e9mocratiques, libres, justes et transparentes au niveau des gouvernements locaux\u00a0\u00bb. Le monitoring des \u00e9lections communales et municipales du 17 mai 2020 effectu\u00e9 par l\u2019ONG Changement Social B\u00e9nin, passe au scanner des instruments juridiques relatifs au management d\u00e9mocratique, les actes et faits relatifs \u00e0 la miseen \u0153uvre des droits civils et politiques, notamment, la libre expression de l\u2019opinion du peuple,\u00a0le droit d\u2019acc\u00e8s aux informations relatives aux projets des candidats, l\u2019\u00e9gal et \u00e9quitable acc\u00e8s des candidats de tout bord politique en lice aux m\u00e9dias publics d\u2019information sans discrimination ou restriction aucune, l\u2019accessibilit\u00e9 des r\u00e9sultats mis \u00e0 disposition par l\u2019Organe de Gestion des \u00c9lections (OGE). Il a \u00e9t\u00e9 question d\u2019un suivi attentif du \u00ab\u00a0dialogue politique\u00a0\u00bb initi\u00e9 par le Chef de l\u2019\u00c9tat apr\u00e8s les \u00e9lections l\u00e9gislatives non inclusives et particuli\u00e8rement mortif\u00e8res du 28 avril 2019. Un tel exercice pr\u00e9senteun double int\u00e9r\u00eat dont le premier est d\u2019\u00e9valuer, \u00e0 travers le dialogue politique, la mise en \u0153uvre des recommandations tant\u00a0de la Commission Africaine des Droits de l\u2019Homme et des Peuples sur la situation des droits de l\u2019homme, en l\u2019occurrence, le droit \u00e0 la participation aux processus d\u00e9mocratiques \u00e0 travers les \u00e9lections en R\u00e9publique du B\u00e9nin et du Conseil de M\u00e9diation et de S\u00e9curit\u00e9 de la Communaut\u00e9 \u00c9conomique des \u00c9tats de l\u2019Afrique de l\u2019Ouest (CEDEAO)\u00a0que\u00a0de\u00a0l\u2019exhortation du Forum des ONGs \u00e0 la poursuite du dialogue\u00a0enclench\u00e9 le 10 octobre 2019 et son \u00e9largissement \u00e0 toute la classe politique sans exception.\u00a0Le secondint\u00e9r\u00eat vient de ce que ce \u00ab\u00a0dialogue politique\u00a0\u00bb se r\u00e9v\u00e8le \u00eatre la premi\u00e8re \u00e9tape de la p\u00e9riode pr\u00e9-\u00e9lectorale. Rendus du projet \u00c9LECTIONS COMMUNALES ET MUNICIPALES DU 17 MAI 2020 ET INCIDENCES SUR LA D\u00c9MOCRATIE ET L\u2019\u00c9TAT DE DROIT AU B\u00c9NIN RAPPORT D\u2019OBSERVATION DES ELECTIONS COMMUNALES ET MUNICIPALES DU 17 MAI&#8230; Lire plus 25 novembre 2022 Galerie du projet","og_url":"https:\/\/changementsocialbenin.org\/index.php\/monitoring-du-processus-electoral-de-2020-a-laune-des-droits-humains-au-benin\/","og_site_name":"Changement social Benin","article_modified_time":"2022-12-19T07:43:20+00:00","og_image":[{"width":374,"height":530,"url":"https:\/\/changementsocialbenin.org\/wp-content\/uploads\/2022\/11\/Photo-de-couverture-du-rapport-elections-communales-et-municipales-2020.png","type":"image\/png"}],"twitter_card":"summary_large_image","twitter_misc":{"Dur\u00e9e de lecture estim\u00e9e":"2 minutes"},"schema":{"@context":"https:\/\/schema.org","@graph":[{"@type":"WebPage","@id":"https:\/\/changementsocialbenin.org\/index.php\/monitoring-du-processus-electoral-de-2020-a-laune-des-droits-humains-au-benin\/","url":"https:\/\/changementsocialbenin.org\/index.php\/monitoring-du-processus-electoral-de-2020-a-laune-des-droits-humains-au-benin\/","name":"Monitoring du processus \u00e9lectoral de 2020 \u00e0 l\u2019aune des droits humains au B\u00e9nin - Changement social Benin","isPartOf":{"@id":"https:\/\/changementsocialbenin.org\/#website"},"primaryImageOfPage":{"@id":"https:\/\/changementsocialbenin.org\/index.php\/monitoring-du-processus-electoral-de-2020-a-laune-des-droits-humains-au-benin\/#primaryimage"},"image":{"@id":"https:\/\/changementsocialbenin.org\/index.php\/monitoring-du-processus-electoral-de-2020-a-laune-des-droits-humains-au-benin\/#primaryimage"},"thumbnailUrl":"https:\/\/changementsocialbenin.org\/wp-content\/uploads\/2022\/11\/Photo-de-couverture-du-rapport-elections-communales-et-municipales-2020.png","datePublished":"2022-07-09T17:23:13+00:00","dateModified":"2022-12-19T07:43:20+00:00","breadcrumb":{"@id":"https:\/\/changementsocialbenin.org\/index.php\/monitoring-du-processus-electoral-de-2020-a-laune-des-droits-humains-au-benin\/#breadcrumb"},"inLanguage":"fr-FR","potentialAction":[{"@type":"ReadAction","target":["https:\/\/changementsocialbenin.org\/index.php\/monitoring-du-processus-electoral-de-2020-a-laune-des-droits-humains-au-benin\/"]}]},{"@type":"ImageObject","inLanguage":"fr-FR","@id":"https:\/\/changementsocialbenin.org\/index.php\/monitoring-du-processus-electoral-de-2020-a-laune-des-droits-humains-au-benin\/#primaryimage","url":"https:\/\/changementsocialbenin.org\/wp-content\/uploads\/2022\/11\/Photo-de-couverture-du-rapport-elections-communales-et-municipales-2020.png","contentUrl":"https:\/\/changementsocialbenin.org\/wp-content\/uploads\/2022\/11\/Photo-de-couverture-du-rapport-elections-communales-et-municipales-2020.png"},{"@type":"BreadcrumbList","@id":"https:\/\/changementsocialbenin.org\/index.php\/monitoring-du-processus-electoral-de-2020-a-laune-des-droits-humains-au-benin\/#breadcrumb","itemListElement":[{"@type":"ListItem","position":1,"name":"Accueil","item":"https:\/\/changementsocialbenin.org\/"},{"@type":"ListItem","position":2,"name":"Monitoring du processus \u00e9lectoral de 2020 \u00e0 l\u2019aune des droits humains au B\u00e9nin"}]},{"@type":"WebSite","@id":"https:\/\/changementsocialbenin.org\/#website","url":"https:\/\/changementsocialbenin.org\/","name":"Changement social Benin","description":"","potentialAction":[{"@type":"SearchAction","target":{"@type":"EntryPoint","urlTemplate":"https:\/\/changementsocialbenin.org\/?s={search_term_string}"},"query-input":{"@type":"PropertyValueSpecification","valueRequired":true,"valueName":"search_term_string"}}],"inLanguage":"fr-FR"}]}},"post_mailing_queue_ids":[],"_links":{"self":[{"href":"https:\/\/changementsocialbenin.org\/index.php\/wp-json\/wp\/v2\/pages\/1094","targetHints":{"allow":["GET"]}}],"collection":[{"href":"https:\/\/changementsocialbenin.org\/index.php\/wp-json\/wp\/v2\/pages"}],"about":[{"href":"https:\/\/changementsocialbenin.org\/index.php\/wp-json\/wp\/v2\/types\/page"}],"author":[{"embeddable":true,"href":"https:\/\/changementsocialbenin.org\/index.php\/wp-json\/wp\/v2\/users\/1"}],"replies":[{"embeddable":true,"href":"https:\/\/changementsocialbenin.org\/index.php\/wp-json\/wp\/v2\/comments?post=1094"}],"version-history":[{"count":22,"href":"https:\/\/changementsocialbenin.org\/index.php\/wp-json\/wp\/v2\/pages\/1094\/revisions"}],"predecessor-version":[{"id":2625,"href":"https:\/\/changementsocialbenin.org\/index.php\/wp-json\/wp\/v2\/pages\/1094\/revisions\/2625"}],"wp:attachment":[{"href":"https:\/\/changementsocialbenin.org\/index.php\/wp-json\/wp\/v2\/media?parent=1094"}],"curies":[{"name":"wp","href":"https:\/\/api.w.org\/{rel}","templated":true}]}}